{"id":8361,"date":"2023-11-08T13:09:48","date_gmt":"2023-11-08T13:09:48","guid":{"rendered":"https:\/\/luisferdinand.com\/house\/mediterranean-retreat-con-licencia-de-alquiler-elegancia-en-lo-alto-de-la-ladera\/"},"modified":"2025-01-28T11:44:51","modified_gmt":"2025-01-28T11:44:51","slug":"mediterranean-elegance-with-rental-license-at-the-top-of-the-slope","status":"publish","type":"house","link":"https:\/\/luisferdinand.com\/en\/house-en\/mediterranean-elegance-with-rental-license-at-the-top-of-the-slope\/","title":{"rendered":"\u201cMediterranean Retreat\u201d con licencia de alquiler: elegancia en lo alto de la ladera"},"content":{"rendered":"","protected":false},"excerpt":{"rendered":"<p>La villa mediterr\u00e1nea y cl\u00e1sica, que se eleva en lo alto de la ladera de Son Vida en Mallorca, encarna una elegancia y belleza atemporales. Con su brillante fachada blanca y sus arcos color crema hechos de piedra arenisca finamente tallada, irradia un estilo mediterr\u00e1neo y se\u00f1orial. Su presencia en el cerro le confiere un aura majestuosa.<br \/>\nUna caracter\u00edstica notable de esta villa es su estrecha relaci\u00f3n con la naturaleza circundante. La zona de la piscina est\u00e1 rodeada de olivos y naranjos, creando un tel\u00f3n de fondo pintoresco. El susurro de las hojas y el aroma de las plantas mediterr\u00e1neas contribuyen a crear un ambiente relajado.<br \/>\nEn el interior encontrar\u00e1 un ambiente espacioso y luminoso. Los suelos de m\u00e1rmol dan a las habitaciones una sensaci\u00f3n de lujo y sofisticaci\u00f3n. Los acentos y detalles de acuarela crean sutiles toques art\u00edsticos y le dan al interior un toque de frescura y elegancia. El estilo de la villa encarna el maximalismo contempor\u00e1neo, enfatizando la mezcla de colores, texturas y patrones para crear un ambiente vibrante y lujoso.<br \/>\nLa licencia de alquiler vacacional ofrece la oportunidad de alquilar la villa y utilizarla como casa de vacaciones, dando a los propietarios la libertad de utilizar su propiedad como deseen.<br \/>\nEsta villa mediterr\u00e1nea en Son Vida es un lugar donde tradici\u00f3n y modernidad se unen de una manera encantadora. Ofrece una experiencia \u00fanica para quienes buscan un estilo de vida exclusivo en Mallorca, siendo al mismo tiempo un oasis de paz y belleza en medio de la naturaleza mediterr\u00e1nea.<\/p>\n","protected":false},"author":2,"featured_media":8278,"parent":0,"menu_order":0,"template":"elementor_header_footer","meta":{"_acf_changed":false,"footnotes":""},"salerent":[],"state":[],"class_list":["post-8361","house","type-house","status-publish","has-post-thumbnail","hentry"],"acf":[],"yoast_head":"<!-- This site is optimized with the Yoast SEO plugin v24.2 - https:\/\/yoast.com\/wordpress\/plugins\/seo\/ -->\n<title>\u201cMediterranean Retreat\u201d con licencia de alquiler: elegancia en lo alto de la ladera | Luis Ferdinand<\/title>\n<meta name=\"description\" content=\"| La villa mediterr\u00e1nea y cl\u00e1sica, que se eleva en lo alto de la ladera de Son Vida en Mallorca, encarna una elegancia y belleza atemporales. Con su brillante fachada blanca y sus arcos color crema hechos de piedra arenisca finamente tallada, irradia un estilo mediterr\u00e1neo y se\u00f1orial. Su presencia en el cerro le confiere un aura majestuosa. Una caracter\u00edstica notable de esta villa es su estrecha relaci\u00f3n con la naturaleza circundante. La zona de la piscina est\u00e1 rodeada de olivos y naranjos, creando un tel\u00f3n de fondo pintoresco. El susurro de las hojas y el aroma de las plantas mediterr\u00e1neas contribuyen a crear un ambiente relajado. En el interior encontrar\u00e1 un ambiente espacioso y luminoso. Los suelos de m\u00e1rmol dan a las habitaciones una sensaci\u00f3n de lujo y sofisticaci\u00f3n. Los acentos y detalles de acuarela crean sutiles toques art\u00edsticos y le dan al interior un toque de frescura y elegancia. El estilo de la villa encarna el maximalismo contempor\u00e1neo, enfatizando la mezcla de colores, texturas y patrones para crear un ambiente vibrante y lujoso. La licencia de alquiler vacacional ofrece la oportunidad de alquilar la villa y utilizarla como casa de vacaciones, dando a los propietarios la libertad de utilizar su propiedad como deseen. Esta villa mediterr\u00e1nea en Son Vida es un lugar donde tradici\u00f3n y modernidad se unen de una manera encantadora. Ofrece una experiencia \u00fanica para quienes buscan un estilo de vida exclusivo en Mallorca, siendo al mismo tiempo un oasis de paz y belleza en medio de la naturaleza mediterr\u00e1nea.\" \/>\n<meta name=\"robots\" content=\"index, follow, max-snippet:-1, max-image-preview:large, max-video-preview:-1\" \/>\n<link rel=\"canonical\" href=\"https:\/\/luisferdinand.com\/en\/house-en\/mediterranean-elegance-with-rental-license-at-the-top-of-the-slope\/\" \/>\n<meta property=\"og:locale\" content=\"en_US\" \/>\n<meta property=\"og:type\" content=\"article\" \/>\n<meta property=\"og:title\" content=\"\u201cMediterranean Retreat\u201d con licencia de alquiler: elegancia en lo alto de la ladera | Luis Ferdinand\" \/>\n<meta property=\"og:description\" content=\"| La villa mediterr\u00e1nea y cl\u00e1sica, que se eleva en lo alto de la ladera de Son Vida en Mallorca, encarna una elegancia y belleza atemporales. Con su brillante fachada blanca y sus arcos color crema hechos de piedra arenisca finamente tallada, irradia un estilo mediterr\u00e1neo y se\u00f1orial. Su presencia en el cerro le confiere un aura majestuosa. Una caracter\u00edstica notable de esta villa es su estrecha relaci\u00f3n con la naturaleza circundante. La zona de la piscina est\u00e1 rodeada de olivos y naranjos, creando un tel\u00f3n de fondo pintoresco. El susurro de las hojas y el aroma de las plantas mediterr\u00e1neas contribuyen a crear un ambiente relajado. En el interior encontrar\u00e1 un ambiente espacioso y luminoso. Los suelos de m\u00e1rmol dan a las habitaciones una sensaci\u00f3n de lujo y sofisticaci\u00f3n. Los acentos y detalles de acuarela crean sutiles toques art\u00edsticos y le dan al interior un toque de frescura y elegancia. El estilo de la villa encarna el maximalismo contempor\u00e1neo, enfatizando la mezcla de colores, texturas y patrones para crear un ambiente vibrante y lujoso. La licencia de alquiler vacacional ofrece la oportunidad de alquilar la villa y utilizarla como casa de vacaciones, dando a los propietarios la libertad de utilizar su propiedad como deseen. Esta villa mediterr\u00e1nea en Son Vida es un lugar donde tradici\u00f3n y modernidad se unen de una manera encantadora. Ofrece una experiencia \u00fanica para quienes buscan un estilo de vida exclusivo en Mallorca, siendo al mismo tiempo un oasis de paz y belleza en medio de la naturaleza mediterr\u00e1nea.\" \/>\n<meta property=\"og:url\" content=\"https:\/\/luisferdinand.com\/en\/house-en\/mediterranean-elegance-with-rental-license-at-the-top-of-the-slope\/\" \/>\n<meta property=\"og:site_name\" content=\"Luis Ferdinand\" \/>\n<meta property=\"article:modified_time\" content=\"2025-01-28T11:44:51+00:00\" \/>\n<meta property=\"og:image\" content=\"https:\/\/luisferdinand.com\/wp-content\/uploads\/2023\/11\/Luis-Ferdinand-RE1.jpg\" \/>\n\t<meta property=\"og:image:width\" content=\"1024\" \/>\n\t<meta property=\"og:image:height\" content=\"684\" \/>\n\t<meta property=\"og:image:type\" content=\"image\/jpeg\" \/>\n<meta name=\"twitter:card\" content=\"summary_large_image\" \/>\n<script type=\"application\/ld+json\" class=\"yoast-schema-graph\">{\"@context\":\"https:\/\/schema.org\",\"@graph\":[{\"@type\":\"WebPage\",\"@id\":\"https:\/\/luisferdinand.com\/en\/house-en\/mediterranean-elegance-with-rental-license-at-the-top-of-the-slope\/\",\"url\":\"https:\/\/luisferdinand.com\/en\/house-en\/mediterranean-elegance-with-rental-license-at-the-top-of-the-slope\/\",\"name\":\"\u201cMediterranean Retreat\u201d con licencia de alquiler: elegancia en lo alto de la ladera | Luis Ferdinand\",\"isPartOf\":{\"@id\":\"https:\/\/luisferdinand.com\/en\/#website\"},\"primaryImageOfPage\":{\"@id\":\"https:\/\/luisferdinand.com\/en\/house-en\/mediterranean-elegance-with-rental-license-at-the-top-of-the-slope\/#primaryimage\"},\"image\":{\"@id\":\"https:\/\/luisferdinand.com\/en\/house-en\/mediterranean-elegance-with-rental-license-at-the-top-of-the-slope\/#primaryimage\"},\"thumbnailUrl\":\"https:\/\/luisferdinand.com\/wp-content\/uploads\/2023\/11\/Luis-Ferdinand-RE1.jpg\",\"datePublished\":\"2023-11-08T13:09:48+00:00\",\"dateModified\":\"2025-01-28T11:44:51+00:00\",\"description\":\"| La villa mediterr\u00e1nea y cl\u00e1sica, que se eleva en lo alto de la ladera de Son Vida en Mallorca, encarna una elegancia y belleza atemporales. Con su brillante fachada blanca y sus arcos color crema hechos de piedra arenisca finamente tallada, irradia un estilo mediterr\u00e1neo y se\u00f1orial. Su presencia en el cerro le confiere un aura majestuosa. Una caracter\u00edstica notable de esta villa es su estrecha relaci\u00f3n con la naturaleza circundante. La zona de la piscina est\u00e1 rodeada de olivos y naranjos, creando un tel\u00f3n de fondo pintoresco. El susurro de las hojas y el aroma de las plantas mediterr\u00e1neas contribuyen a crear un ambiente relajado. En el interior encontrar\u00e1 un ambiente espacioso y luminoso. Los suelos de m\u00e1rmol dan a las habitaciones una sensaci\u00f3n de lujo y sofisticaci\u00f3n. Los acentos y detalles de acuarela crean sutiles toques art\u00edsticos y le dan al interior un toque de frescura y elegancia. El estilo de la villa encarna el maximalismo contempor\u00e1neo, enfatizando la mezcla de colores, texturas y patrones para crear un ambiente vibrante y lujoso. La licencia de alquiler vacacional ofrece la oportunidad de alquilar la villa y utilizarla como casa de vacaciones, dando a los propietarios la libertad de utilizar su propiedad como deseen. Esta villa mediterr\u00e1nea en Son Vida es un lugar donde tradici\u00f3n y modernidad se unen de una manera encantadora. Ofrece una experiencia \u00fanica para quienes buscan un estilo de vida exclusivo en Mallorca, siendo al mismo tiempo un oasis de paz y belleza en medio de la naturaleza mediterr\u00e1nea.\",\"breadcrumb\":{\"@id\":\"https:\/\/luisferdinand.com\/en\/house-en\/mediterranean-elegance-with-rental-license-at-the-top-of-the-slope\/#breadcrumb\"},\"inLanguage\":\"en-US\",\"potentialAction\":[{\"@type\":\"ReadAction\",\"target\":[\"https:\/\/luisferdinand.com\/en\/house-en\/mediterranean-elegance-with-rental-license-at-the-top-of-the-slope\/\"]}]},{\"@type\":\"ImageObject\",\"inLanguage\":\"en-US\",\"@id\":\"https:\/\/luisferdinand.com\/en\/house-en\/mediterranean-elegance-with-rental-license-at-the-top-of-the-slope\/#primaryimage\",\"url\":\"https:\/\/luisferdinand.com\/wp-content\/uploads\/2023\/11\/Luis-Ferdinand-RE1.jpg\",\"contentUrl\":\"https:\/\/luisferdinand.com\/wp-content\/uploads\/2023\/11\/Luis-Ferdinand-RE1.jpg\",\"width\":1024,\"height\":684},{\"@type\":\"BreadcrumbList\",\"@id\":\"https:\/\/luisferdinand.com\/en\/house-en\/mediterranean-elegance-with-rental-license-at-the-top-of-the-slope\/#breadcrumb\",\"itemListElement\":[{\"@type\":\"ListItem\",\"position\":1,\"name\":\"Portada\",\"item\":\"https:\/\/luisferdinand.com\/en\/\"},{\"@type\":\"ListItem\",\"position\":2,\"name\":\"House\",\"item\":\"https:\/\/luisferdinand.com\/en\/house-en\/\"},{\"@type\":\"ListItem\",\"position\":3,\"name\":\"\u201cMediterranean Retreat\u201d con licencia de alquiler: elegancia en lo alto de la ladera\"}]},{\"@type\":\"WebSite\",\"@id\":\"https:\/\/luisferdinand.com\/en\/#website\",\"url\":\"https:\/\/luisferdinand.com\/en\/\",\"name\":\"Luis Ferdinand\",\"description\":\"Real estate in Mallorca\",\"publisher\":{\"@id\":\"https:\/\/luisferdinand.com\/en\/#organization\"},\"potentialAction\":[{\"@type\":\"SearchAction\",\"target\":{\"@type\":\"EntryPoint\",\"urlTemplate\":\"https:\/\/luisferdinand.com\/en\/?s={search_term_string}\"},\"query-input\":{\"@type\":\"PropertyValueSpecification\",\"valueRequired\":true,\"valueName\":\"search_term_string\"}}],\"inLanguage\":\"en-US\"},{\"@type\":\"Organization\",\"@id\":\"https:\/\/luisferdinand.com\/en\/#organization\",\"name\":\"Luis Ferdinand\",\"url\":\"https:\/\/luisferdinand.com\/en\/\",\"logo\":{\"@type\":\"ImageObject\",\"inLanguage\":\"en-US\",\"@id\":\"https:\/\/luisferdinand.com\/en\/#\/schema\/logo\/image\/\",\"url\":\"https:\/\/luisferdinand.com\/wp-content\/uploads\/2023\/03\/cropped-favicon-1.png\",\"contentUrl\":\"https:\/\/luisferdinand.com\/wp-content\/uploads\/2023\/03\/cropped-favicon-1.png\",\"width\":512,\"height\":512,\"caption\":\"Luis Ferdinand\"},\"image\":{\"@id\":\"https:\/\/luisferdinand.com\/en\/#\/schema\/logo\/image\/\"},\"sameAs\":[\"https:\/\/www.youtube.com\/@luisferdinandbock9962\"]}]}<\/script>\n<!-- \/ Yoast SEO plugin. -->","yoast_head_json":{"title":"\u201cMediterranean Retreat\u201d con licencia de alquiler: elegancia en lo alto de la ladera | Luis Ferdinand","description":"| La villa mediterr\u00e1nea y cl\u00e1sica, que se eleva en lo alto de la ladera de Son Vida en Mallorca, encarna una elegancia y belleza atemporales. Con su brillante fachada blanca y sus arcos color crema hechos de piedra arenisca finamente tallada, irradia un estilo mediterr\u00e1neo y se\u00f1orial. Su presencia en el cerro le confiere un aura majestuosa. Una caracter\u00edstica notable de esta villa es su estrecha relaci\u00f3n con la naturaleza circundante. La zona de la piscina est\u00e1 rodeada de olivos y naranjos, creando un tel\u00f3n de fondo pintoresco. El susurro de las hojas y el aroma de las plantas mediterr\u00e1neas contribuyen a crear un ambiente relajado. En el interior encontrar\u00e1 un ambiente espacioso y luminoso. Los suelos de m\u00e1rmol dan a las habitaciones una sensaci\u00f3n de lujo y sofisticaci\u00f3n. Los acentos y detalles de acuarela crean sutiles toques art\u00edsticos y le dan al interior un toque de frescura y elegancia. El estilo de la villa encarna el maximalismo contempor\u00e1neo, enfatizando la mezcla de colores, texturas y patrones para crear un ambiente vibrante y lujoso. La licencia de alquiler vacacional ofrece la oportunidad de alquilar la villa y utilizarla como casa de vacaciones, dando a los propietarios la libertad de utilizar su propiedad como deseen. Esta villa mediterr\u00e1nea en Son Vida es un lugar donde tradici\u00f3n y modernidad se unen de una manera encantadora. Ofrece una experiencia \u00fanica para quienes buscan un estilo de vida exclusivo en Mallorca, siendo al mismo tiempo un oasis de paz y belleza en medio de la naturaleza mediterr\u00e1nea.","robots":{"index":"index","follow":"follow","max-snippet":"max-snippet:-1","max-image-preview":"max-image-preview:large","max-video-preview":"max-video-preview:-1"},"canonical":"https:\/\/luisferdinand.com\/en\/house-en\/mediterranean-elegance-with-rental-license-at-the-top-of-the-slope\/","og_locale":"en_US","og_type":"article","og_title":"\u201cMediterranean Retreat\u201d con licencia de alquiler: elegancia en lo alto de la ladera | Luis Ferdinand","og_description":"| La villa mediterr\u00e1nea y cl\u00e1sica, que se eleva en lo alto de la ladera de Son Vida en Mallorca, encarna una elegancia y belleza atemporales. Con su brillante fachada blanca y sus arcos color crema hechos de piedra arenisca finamente tallada, irradia un estilo mediterr\u00e1neo y se\u00f1orial. Su presencia en el cerro le confiere un aura majestuosa. Una caracter\u00edstica notable de esta villa es su estrecha relaci\u00f3n con la naturaleza circundante. La zona de la piscina est\u00e1 rodeada de olivos y naranjos, creando un tel\u00f3n de fondo pintoresco. El susurro de las hojas y el aroma de las plantas mediterr\u00e1neas contribuyen a crear un ambiente relajado. En el interior encontrar\u00e1 un ambiente espacioso y luminoso. Los suelos de m\u00e1rmol dan a las habitaciones una sensaci\u00f3n de lujo y sofisticaci\u00f3n. Los acentos y detalles de acuarela crean sutiles toques art\u00edsticos y le dan al interior un toque de frescura y elegancia. El estilo de la villa encarna el maximalismo contempor\u00e1neo, enfatizando la mezcla de colores, texturas y patrones para crear un ambiente vibrante y lujoso. La licencia de alquiler vacacional ofrece la oportunidad de alquilar la villa y utilizarla como casa de vacaciones, dando a los propietarios la libertad de utilizar su propiedad como deseen. Esta villa mediterr\u00e1nea en Son Vida es un lugar donde tradici\u00f3n y modernidad se unen de una manera encantadora. Ofrece una experiencia \u00fanica para quienes buscan un estilo de vida exclusivo en Mallorca, siendo al mismo tiempo un oasis de paz y belleza en medio de la naturaleza mediterr\u00e1nea.","og_url":"https:\/\/luisferdinand.com\/en\/house-en\/mediterranean-elegance-with-rental-license-at-the-top-of-the-slope\/","og_site_name":"Luis Ferdinand","article_modified_time":"2025-01-28T11:44:51+00:00","og_image":[{"width":1024,"height":684,"url":"https:\/\/luisferdinand.com\/wp-content\/uploads\/2023\/11\/Luis-Ferdinand-RE1.jpg","type":"image\/jpeg"}],"twitter_card":"summary_large_image","schema":{"@context":"https:\/\/schema.org","@graph":[{"@type":"WebPage","@id":"https:\/\/luisferdinand.com\/en\/house-en\/mediterranean-elegance-with-rental-license-at-the-top-of-the-slope\/","url":"https:\/\/luisferdinand.com\/en\/house-en\/mediterranean-elegance-with-rental-license-at-the-top-of-the-slope\/","name":"\u201cMediterranean Retreat\u201d con licencia de alquiler: elegancia en lo alto de la ladera | Luis Ferdinand","isPartOf":{"@id":"https:\/\/luisferdinand.com\/en\/#website"},"primaryImageOfPage":{"@id":"https:\/\/luisferdinand.com\/en\/house-en\/mediterranean-elegance-with-rental-license-at-the-top-of-the-slope\/#primaryimage"},"image":{"@id":"https:\/\/luisferdinand.com\/en\/house-en\/mediterranean-elegance-with-rental-license-at-the-top-of-the-slope\/#primaryimage"},"thumbnailUrl":"https:\/\/luisferdinand.com\/wp-content\/uploads\/2023\/11\/Luis-Ferdinand-RE1.jpg","datePublished":"2023-11-08T13:09:48+00:00","dateModified":"2025-01-28T11:44:51+00:00","description":"| La villa mediterr\u00e1nea y cl\u00e1sica, que se eleva en lo alto de la ladera de Son Vida en Mallorca, encarna una elegancia y belleza atemporales. Con su brillante fachada blanca y sus arcos color crema hechos de piedra arenisca finamente tallada, irradia un estilo mediterr\u00e1neo y se\u00f1orial. Su presencia en el cerro le confiere un aura majestuosa. Una caracter\u00edstica notable de esta villa es su estrecha relaci\u00f3n con la naturaleza circundante. La zona de la piscina est\u00e1 rodeada de olivos y naranjos, creando un tel\u00f3n de fondo pintoresco. El susurro de las hojas y el aroma de las plantas mediterr\u00e1neas contribuyen a crear un ambiente relajado. En el interior encontrar\u00e1 un ambiente espacioso y luminoso. Los suelos de m\u00e1rmol dan a las habitaciones una sensaci\u00f3n de lujo y sofisticaci\u00f3n. Los acentos y detalles de acuarela crean sutiles toques art\u00edsticos y le dan al interior un toque de frescura y elegancia. El estilo de la villa encarna el maximalismo contempor\u00e1neo, enfatizando la mezcla de colores, texturas y patrones para crear un ambiente vibrante y lujoso. La licencia de alquiler vacacional ofrece la oportunidad de alquilar la villa y utilizarla como casa de vacaciones, dando a los propietarios la libertad de utilizar su propiedad como deseen. Esta villa mediterr\u00e1nea en Son Vida es un lugar donde tradici\u00f3n y modernidad se unen de una manera encantadora. Ofrece una experiencia \u00fanica para quienes buscan un estilo de vida exclusivo en Mallorca, siendo al mismo tiempo un oasis de paz y belleza en medio de la naturaleza mediterr\u00e1nea.","breadcrumb":{"@id":"https:\/\/luisferdinand.com\/en\/house-en\/mediterranean-elegance-with-rental-license-at-the-top-of-the-slope\/#breadcrumb"},"inLanguage":"en-US","potentialAction":[{"@type":"ReadAction","target":["https:\/\/luisferdinand.com\/en\/house-en\/mediterranean-elegance-with-rental-license-at-the-top-of-the-slope\/"]}]},{"@type":"ImageObject","inLanguage":"en-US","@id":"https:\/\/luisferdinand.com\/en\/house-en\/mediterranean-elegance-with-rental-license-at-the-top-of-the-slope\/#primaryimage","url":"https:\/\/luisferdinand.com\/wp-content\/uploads\/2023\/11\/Luis-Ferdinand-RE1.jpg","contentUrl":"https:\/\/luisferdinand.com\/wp-content\/uploads\/2023\/11\/Luis-Ferdinand-RE1.jpg","width":1024,"height":684},{"@type":"BreadcrumbList","@id":"https:\/\/luisferdinand.com\/en\/house-en\/mediterranean-elegance-with-rental-license-at-the-top-of-the-slope\/#breadcrumb","itemListElement":[{"@type":"ListItem","position":1,"name":"Portada","item":"https:\/\/luisferdinand.com\/en\/"},{"@type":"ListItem","position":2,"name":"House","item":"https:\/\/luisferdinand.com\/en\/house-en\/"},{"@type":"ListItem","position":3,"name":"\u201cMediterranean Retreat\u201d con licencia de alquiler: elegancia en lo alto de la ladera"}]},{"@type":"WebSite","@id":"https:\/\/luisferdinand.com\/en\/#website","url":"https:\/\/luisferdinand.com\/en\/","name":"Luis Ferdinand","description":"Real estate in Mallorca","publisher":{"@id":"https:\/\/luisferdinand.com\/en\/#organization"},"potentialAction":[{"@type":"SearchAction","target":{"@type":"EntryPoint","urlTemplate":"https:\/\/luisferdinand.com\/en\/?s={search_term_string}"},"query-input":{"@type":"PropertyValueSpecification","valueRequired":true,"valueName":"search_term_string"}}],"inLanguage":"en-US"},{"@type":"Organization","@id":"https:\/\/luisferdinand.com\/en\/#organization","name":"Luis Ferdinand","url":"https:\/\/luisferdinand.com\/en\/","logo":{"@type":"ImageObject","inLanguage":"en-US","@id":"https:\/\/luisferdinand.com\/en\/#\/schema\/logo\/image\/","url":"https:\/\/luisferdinand.com\/wp-content\/uploads\/2023\/03\/cropped-favicon-1.png","contentUrl":"https:\/\/luisferdinand.com\/wp-content\/uploads\/2023\/03\/cropped-favicon-1.png","width":512,"height":512,"caption":"Luis Ferdinand"},"image":{"@id":"https:\/\/luisferdinand.com\/en\/#\/schema\/logo\/image\/"},"sameAs":["https:\/\/www.youtube.com\/@luisferdinandbock9962"]}]}},"_links":{"self":[{"href":"https:\/\/luisferdinand.com\/en\/wp-json\/wp\/v2\/house\/8361","targetHints":{"allow":["GET"]}}],"collection":[{"href":"https:\/\/luisferdinand.com\/en\/wp-json\/wp\/v2\/house"}],"about":[{"href":"https:\/\/luisferdinand.com\/en\/wp-json\/wp\/v2\/types\/house"}],"author":[{"embeddable":true,"href":"https:\/\/luisferdinand.com\/en\/wp-json\/wp\/v2\/users\/2"}],"version-history":[{"count":3,"href":"https:\/\/luisferdinand.com\/en\/wp-json\/wp\/v2\/house\/8361\/revisions"}],"predecessor-version":[{"id":11044,"href":"https:\/\/luisferdinand.com\/en\/wp-json\/wp\/v2\/house\/8361\/revisions\/11044"}],"wp:featuredmedia":[{"embeddable":true,"href":"https:\/\/luisferdinand.com\/en\/wp-json\/wp\/v2\/media\/8278"}],"wp:attachment":[{"href":"https:\/\/luisferdinand.com\/en\/wp-json\/wp\/v2\/media?parent=8361"}],"wp:term":[{"taxonomy":"salerent","embeddable":true,"href":"https:\/\/luisferdinand.com\/en\/wp-json\/wp\/v2\/salerent?post=8361"},{"taxonomy":"state","embeddable":true,"href":"https:\/\/luisferdinand.com\/en\/wp-json\/wp\/v2\/state?post=8361"}],"curies":[{"name":"wp","href":"https:\/\/api.w.org\/{rel}","templated":true}]}}