{"id":8359,"date":"2023-11-08T13:09:48","date_gmt":"2023-11-08T13:09:48","guid":{"rendered":"https:\/\/luisferdinand.com\/house\/mediterranean-retreat-con-licencia-de-alquiler-elegancia-en-lo-alto-de-la-ladera\/"},"modified":"2023-11-08T17:45:24","modified_gmt":"2023-11-08T17:45:24","slug":"mediterrane-eleganz-mit-vermietlizenz-am-gipfel-des-hanges","status":"publish","type":"house","link":"https:\/\/luisferdinand.com\/de\/house-de\/mediterrane-eleganz-mit-vermietlizenz-am-gipfel-des-hanges\/","title":{"rendered":"Mediterrane Eleganz mit Vermietlizenz am Gipfel des Hanges"},"content":{"rendered":"","protected":false},"excerpt":{"rendered":"<p>Die mediterrane und klassische Villa, die sich am oberen Ende des Hanges von Son Vida auf Mallorca erhebt, verk\u00f6rpert eine zeitlose Eleganz und Sch\u00f6nheit. Mit ihrer strahlend wei\u00dfen Fassade und cremefarbenen B\u00f6gen aus fein behauenem Sandstein, strahlt sie einen mediterranen und herrschaftlichen Stil aus. Ihre Pr\u00e4senz auf dem H\u00fcgel verleiht ihr eine majest\u00e4tische Ausstrahlung.<br \/>\nEin bemerkenswertes Merkmal dieser Villa ist ihre enge Beziehung zur umgebenden Natur. Der Poolbereich ist von Olivenb\u00e4umen und Orangenb\u00e4umen ges\u00e4umt, die eine malerische Kulisse schaffen. Das Rauschen der Bl\u00e4tter und der Duft der mediterranen Pflanzen tragen zur entspannten Atmosph\u00e4re bei.<br \/>\nIm Inneren erwartet Sie eine gro\u00dfz\u00fcgige und lichtdurchflutete Umgebung. Die Marmorb\u00f6den verleihen den R\u00e4umen ein Gef\u00fchl von Luxus und Raffinesse. Aquarellfarbene Akzente und Details setzen subtile, k\u00fcnstlerische Highlights und verleihen dem Interieur einen Hauch von Frische und Eleganz. Der Stil der Villa verk\u00f6rpert den zeitgen\u00f6ssischen Maximalismus, der auf die Mischung von Farben, Texturen und Mustern setzt, um ein lebhaftes und luxuri\u00f6ses Ambiente zu schaffen.<br \/>\nDie Ferienvermietungslizenz bietet die M\u00f6glichkeit, die Villa zu vermieten und sie als Urlaubsdomizil zu nutzen, was den Besitzern die Freiheit gibt, ihr Anwesen nach ihren W\u00fcnschen zu nutzen.<br \/>\nDiese mediterrane Villa in Son Vida ist ein Ort, an dem Tradition und Moderne auf bezaubernde Weise zusammenkommen. Sie bietet ein einzigartiges Erlebnis f\u00fcr all jene, die nach einem gehobenen Lebensstil auf Mallorca suchen, und ist gleichzeitig eine Oase der Ruhe und Sch\u00f6nheit inmitten der mediterranen Natur.<\/p>\n","protected":false},"author":2,"featured_media":8279,"parent":0,"menu_order":0,"template":"","meta":{"_acf_changed":false,"footnotes":""},"salerent":[],"state":[],"class_list":["post-8359","house","type-house","status-publish","has-post-thumbnail","hentry"],"acf":[],"yoast_head":"<!-- This site is optimized with the Yoast SEO plugin v24.2 - https:\/\/yoast.com\/wordpress\/plugins\/seo\/ -->\n<title>Mediterrane Eleganz mit Vermietlizenz am Gipfel des Hanges | Luis Ferdinand<\/title>\n<meta name=\"description\" content=\"| Die mediterrane und klassische Villa, die sich am oberen Ende des Hanges von Son Vida auf Mallorca erhebt, verk\u00f6rpert eine zeitlose Eleganz und Sch\u00f6nheit. Mit ihrer strahlend wei\u00dfen Fassade und cremefarbenen B\u00f6gen aus fein behauenem Sandstein, strahlt sie einen mediterranen und herrschaftlichen Stil aus. Ihre Pr\u00e4senz auf dem H\u00fcgel verleiht ihr eine majest\u00e4tische Ausstrahlung. Ein bemerkenswertes Merkmal dieser Villa ist ihre enge Beziehung zur umgebenden Natur. Der Poolbereich ist von Olivenb\u00e4umen und Orangenb\u00e4umen ges\u00e4umt, die eine malerische Kulisse schaffen. Das Rauschen der Bl\u00e4tter und der Duft der mediterranen Pflanzen tragen zur entspannten Atmosph\u00e4re bei. Im Inneren erwartet Sie eine gro\u00dfz\u00fcgige und lichtdurchflutete Umgebung. Die Marmorb\u00f6den verleihen den R\u00e4umen ein Gef\u00fchl von Luxus und Raffinesse. Aquarellfarbene Akzente und Details setzen subtile, k\u00fcnstlerische Highlights und verleihen dem Interieur einen Hauch von Frische und Eleganz. Der Stil der Villa verk\u00f6rpert den zeitgen\u00f6ssischen Maximalismus, der auf die Mischung von Farben, Texturen und Mustern setzt, um ein lebhaftes und luxuri\u00f6ses Ambiente zu schaffen. Die Ferienvermietungslizenz bietet die M\u00f6glichkeit, die Villa zu vermieten und sie als Urlaubsdomizil zu nutzen, was den Besitzern die Freiheit gibt, ihr Anwesen nach ihren W\u00fcnschen zu nutzen. Diese mediterrane Villa in Son Vida ist ein Ort, an dem Tradition und Moderne auf bezaubernde Weise zusammenkommen. Sie bietet ein einzigartiges Erlebnis f\u00fcr all jene, die nach einem gehobenen Lebensstil auf Mallorca suchen, und ist gleichzeitig eine Oase der Ruhe und Sch\u00f6nheit inmitten der mediterranen Natur.\" \/>\n<meta name=\"robots\" content=\"index, follow, max-snippet:-1, max-image-preview:large, max-video-preview:-1\" \/>\n<link rel=\"canonical\" href=\"https:\/\/luisferdinand.com\/de\/house-de\/mediterrane-eleganz-mit-vermietlizenz-am-gipfel-des-hanges\/\" \/>\n<meta property=\"og:locale\" content=\"de_DE\" \/>\n<meta property=\"og:type\" content=\"article\" \/>\n<meta property=\"og:title\" content=\"Mediterrane Eleganz mit Vermietlizenz am Gipfel des Hanges | Luis Ferdinand\" \/>\n<meta property=\"og:description\" content=\"| Die mediterrane und klassische Villa, die sich am oberen Ende des Hanges von Son Vida auf Mallorca erhebt, verk\u00f6rpert eine zeitlose Eleganz und Sch\u00f6nheit. Mit ihrer strahlend wei\u00dfen Fassade und cremefarbenen B\u00f6gen aus fein behauenem Sandstein, strahlt sie einen mediterranen und herrschaftlichen Stil aus. Ihre Pr\u00e4senz auf dem H\u00fcgel verleiht ihr eine majest\u00e4tische Ausstrahlung. Ein bemerkenswertes Merkmal dieser Villa ist ihre enge Beziehung zur umgebenden Natur. Der Poolbereich ist von Olivenb\u00e4umen und Orangenb\u00e4umen ges\u00e4umt, die eine malerische Kulisse schaffen. Das Rauschen der Bl\u00e4tter und der Duft der mediterranen Pflanzen tragen zur entspannten Atmosph\u00e4re bei. Im Inneren erwartet Sie eine gro\u00dfz\u00fcgige und lichtdurchflutete Umgebung. Die Marmorb\u00f6den verleihen den R\u00e4umen ein Gef\u00fchl von Luxus und Raffinesse. Aquarellfarbene Akzente und Details setzen subtile, k\u00fcnstlerische Highlights und verleihen dem Interieur einen Hauch von Frische und Eleganz. Der Stil der Villa verk\u00f6rpert den zeitgen\u00f6ssischen Maximalismus, der auf die Mischung von Farben, Texturen und Mustern setzt, um ein lebhaftes und luxuri\u00f6ses Ambiente zu schaffen. Die Ferienvermietungslizenz bietet die M\u00f6glichkeit, die Villa zu vermieten und sie als Urlaubsdomizil zu nutzen, was den Besitzern die Freiheit gibt, ihr Anwesen nach ihren W\u00fcnschen zu nutzen. Diese mediterrane Villa in Son Vida ist ein Ort, an dem Tradition und Moderne auf bezaubernde Weise zusammenkommen. Sie bietet ein einzigartiges Erlebnis f\u00fcr all jene, die nach einem gehobenen Lebensstil auf Mallorca suchen, und ist gleichzeitig eine Oase der Ruhe und Sch\u00f6nheit inmitten der mediterranen Natur.\" \/>\n<meta property=\"og:url\" content=\"https:\/\/luisferdinand.com\/de\/house-de\/mediterrane-eleganz-mit-vermietlizenz-am-gipfel-des-hanges\/\" \/>\n<meta property=\"og:site_name\" content=\"Luis Ferdinand\" \/>\n<meta property=\"article:modified_time\" content=\"2023-11-08T17:45:24+00:00\" \/>\n<meta property=\"og:image\" content=\"https:\/\/luisferdinand.com\/wp-content\/uploads\/2023\/11\/Luis-Ferdinand-RE1.jpg\" \/>\n\t<meta property=\"og:image:width\" content=\"1024\" \/>\n\t<meta property=\"og:image:height\" content=\"684\" \/>\n\t<meta property=\"og:image:type\" content=\"image\/jpeg\" \/>\n<meta name=\"twitter:card\" content=\"summary_large_image\" \/>\n<script type=\"application\/ld+json\" class=\"yoast-schema-graph\">{\"@context\":\"https:\/\/schema.org\",\"@graph\":[{\"@type\":\"WebPage\",\"@id\":\"https:\/\/luisferdinand.com\/de\/house-de\/mediterrane-eleganz-mit-vermietlizenz-am-gipfel-des-hanges\/\",\"url\":\"https:\/\/luisferdinand.com\/de\/house-de\/mediterrane-eleganz-mit-vermietlizenz-am-gipfel-des-hanges\/\",\"name\":\"Mediterrane Eleganz mit Vermietlizenz am Gipfel des Hanges | Luis Ferdinand\",\"isPartOf\":{\"@id\":\"https:\/\/luisferdinand.com\/de\/#website\"},\"primaryImageOfPage\":{\"@id\":\"https:\/\/luisferdinand.com\/de\/house-de\/mediterrane-eleganz-mit-vermietlizenz-am-gipfel-des-hanges\/#primaryimage\"},\"image\":{\"@id\":\"https:\/\/luisferdinand.com\/de\/house-de\/mediterrane-eleganz-mit-vermietlizenz-am-gipfel-des-hanges\/#primaryimage\"},\"thumbnailUrl\":\"https:\/\/luisferdinand.com\/wp-content\/uploads\/2023\/11\/Luis-Ferdinand-RE1.jpg\",\"datePublished\":\"2023-11-08T13:09:48+00:00\",\"dateModified\":\"2023-11-08T17:45:24+00:00\",\"description\":\"| Die mediterrane und klassische Villa, die sich am oberen Ende des Hanges von Son Vida auf Mallorca erhebt, verk\u00f6rpert eine zeitlose Eleganz und Sch\u00f6nheit. Mit ihrer strahlend wei\u00dfen Fassade und cremefarbenen B\u00f6gen aus fein behauenem Sandstein, strahlt sie einen mediterranen und herrschaftlichen Stil aus. Ihre Pr\u00e4senz auf dem H\u00fcgel verleiht ihr eine majest\u00e4tische Ausstrahlung. Ein bemerkenswertes Merkmal dieser Villa ist ihre enge Beziehung zur umgebenden Natur. Der Poolbereich ist von Olivenb\u00e4umen und Orangenb\u00e4umen ges\u00e4umt, die eine malerische Kulisse schaffen. Das Rauschen der Bl\u00e4tter und der Duft der mediterranen Pflanzen tragen zur entspannten Atmosph\u00e4re bei. Im Inneren erwartet Sie eine gro\u00dfz\u00fcgige und lichtdurchflutete Umgebung. Die Marmorb\u00f6den verleihen den R\u00e4umen ein Gef\u00fchl von Luxus und Raffinesse. Aquarellfarbene Akzente und Details setzen subtile, k\u00fcnstlerische Highlights und verleihen dem Interieur einen Hauch von Frische und Eleganz. Der Stil der Villa verk\u00f6rpert den zeitgen\u00f6ssischen Maximalismus, der auf die Mischung von Farben, Texturen und Mustern setzt, um ein lebhaftes und luxuri\u00f6ses Ambiente zu schaffen. Die Ferienvermietungslizenz bietet die M\u00f6glichkeit, die Villa zu vermieten und sie als Urlaubsdomizil zu nutzen, was den Besitzern die Freiheit gibt, ihr Anwesen nach ihren W\u00fcnschen zu nutzen. Diese mediterrane Villa in Son Vida ist ein Ort, an dem Tradition und Moderne auf bezaubernde Weise zusammenkommen. Sie bietet ein einzigartiges Erlebnis f\u00fcr all jene, die nach einem gehobenen Lebensstil auf Mallorca suchen, und ist gleichzeitig eine Oase der Ruhe und Sch\u00f6nheit inmitten der mediterranen Natur.\",\"breadcrumb\":{\"@id\":\"https:\/\/luisferdinand.com\/de\/house-de\/mediterrane-eleganz-mit-vermietlizenz-am-gipfel-des-hanges\/#breadcrumb\"},\"inLanguage\":\"de\",\"potentialAction\":[{\"@type\":\"ReadAction\",\"target\":[\"https:\/\/luisferdinand.com\/de\/house-de\/mediterrane-eleganz-mit-vermietlizenz-am-gipfel-des-hanges\/\"]}]},{\"@type\":\"ImageObject\",\"inLanguage\":\"de\",\"@id\":\"https:\/\/luisferdinand.com\/de\/house-de\/mediterrane-eleganz-mit-vermietlizenz-am-gipfel-des-hanges\/#primaryimage\",\"url\":\"https:\/\/luisferdinand.com\/wp-content\/uploads\/2023\/11\/Luis-Ferdinand-RE1.jpg\",\"contentUrl\":\"https:\/\/luisferdinand.com\/wp-content\/uploads\/2023\/11\/Luis-Ferdinand-RE1.jpg\",\"width\":1024,\"height\":684},{\"@type\":\"BreadcrumbList\",\"@id\":\"https:\/\/luisferdinand.com\/de\/house-de\/mediterrane-eleganz-mit-vermietlizenz-am-gipfel-des-hanges\/#breadcrumb\",\"itemListElement\":[{\"@type\":\"ListItem\",\"position\":1,\"name\":\"Portada\",\"item\":\"https:\/\/luisferdinand.com\/de\/\"},{\"@type\":\"ListItem\",\"position\":2,\"name\":\"House\",\"item\":\"https:\/\/luisferdinand.com\/de\/house-de\/\"},{\"@type\":\"ListItem\",\"position\":3,\"name\":\"Mediterrane Eleganz mit Vermietlizenz am Gipfel des Hanges\"}]},{\"@type\":\"WebSite\",\"@id\":\"https:\/\/luisferdinand.com\/de\/#website\",\"url\":\"https:\/\/luisferdinand.com\/de\/\",\"name\":\"Luis Ferdinand\",\"description\":\"Real estate in Mallorca\",\"publisher\":{\"@id\":\"https:\/\/luisferdinand.com\/de\/#organization\"},\"potentialAction\":[{\"@type\":\"SearchAction\",\"target\":{\"@type\":\"EntryPoint\",\"urlTemplate\":\"https:\/\/luisferdinand.com\/de\/?s={search_term_string}\"},\"query-input\":{\"@type\":\"PropertyValueSpecification\",\"valueRequired\":true,\"valueName\":\"search_term_string\"}}],\"inLanguage\":\"de\"},{\"@type\":\"Organization\",\"@id\":\"https:\/\/luisferdinand.com\/de\/#organization\",\"name\":\"Luis Ferdinand\",\"url\":\"https:\/\/luisferdinand.com\/de\/\",\"logo\":{\"@type\":\"ImageObject\",\"inLanguage\":\"de\",\"@id\":\"https:\/\/luisferdinand.com\/de\/#\/schema\/logo\/image\/\",\"url\":\"https:\/\/luisferdinand.com\/wp-content\/uploads\/2023\/03\/cropped-favicon-1.png\",\"contentUrl\":\"https:\/\/luisferdinand.com\/wp-content\/uploads\/2023\/03\/cropped-favicon-1.png\",\"width\":512,\"height\":512,\"caption\":\"Luis Ferdinand\"},\"image\":{\"@id\":\"https:\/\/luisferdinand.com\/de\/#\/schema\/logo\/image\/\"},\"sameAs\":[\"https:\/\/www.youtube.com\/@luisferdinandbock9962\"]}]}<\/script>\n<!-- \/ Yoast SEO plugin. -->","yoast_head_json":{"title":"Mediterrane Eleganz mit Vermietlizenz am Gipfel des Hanges | Luis Ferdinand","description":"| Die mediterrane und klassische Villa, die sich am oberen Ende des Hanges von Son Vida auf Mallorca erhebt, verk\u00f6rpert eine zeitlose Eleganz und Sch\u00f6nheit. Mit ihrer strahlend wei\u00dfen Fassade und cremefarbenen B\u00f6gen aus fein behauenem Sandstein, strahlt sie einen mediterranen und herrschaftlichen Stil aus. Ihre Pr\u00e4senz auf dem H\u00fcgel verleiht ihr eine majest\u00e4tische Ausstrahlung. Ein bemerkenswertes Merkmal dieser Villa ist ihre enge Beziehung zur umgebenden Natur. Der Poolbereich ist von Olivenb\u00e4umen und Orangenb\u00e4umen ges\u00e4umt, die eine malerische Kulisse schaffen. Das Rauschen der Bl\u00e4tter und der Duft der mediterranen Pflanzen tragen zur entspannten Atmosph\u00e4re bei. Im Inneren erwartet Sie eine gro\u00dfz\u00fcgige und lichtdurchflutete Umgebung. Die Marmorb\u00f6den verleihen den R\u00e4umen ein Gef\u00fchl von Luxus und Raffinesse. Aquarellfarbene Akzente und Details setzen subtile, k\u00fcnstlerische Highlights und verleihen dem Interieur einen Hauch von Frische und Eleganz. Der Stil der Villa verk\u00f6rpert den zeitgen\u00f6ssischen Maximalismus, der auf die Mischung von Farben, Texturen und Mustern setzt, um ein lebhaftes und luxuri\u00f6ses Ambiente zu schaffen. Die Ferienvermietungslizenz bietet die M\u00f6glichkeit, die Villa zu vermieten und sie als Urlaubsdomizil zu nutzen, was den Besitzern die Freiheit gibt, ihr Anwesen nach ihren W\u00fcnschen zu nutzen. Diese mediterrane Villa in Son Vida ist ein Ort, an dem Tradition und Moderne auf bezaubernde Weise zusammenkommen. Sie bietet ein einzigartiges Erlebnis f\u00fcr all jene, die nach einem gehobenen Lebensstil auf Mallorca suchen, und ist gleichzeitig eine Oase der Ruhe und Sch\u00f6nheit inmitten der mediterranen Natur.","robots":{"index":"index","follow":"follow","max-snippet":"max-snippet:-1","max-image-preview":"max-image-preview:large","max-video-preview":"max-video-preview:-1"},"canonical":"https:\/\/luisferdinand.com\/de\/house-de\/mediterrane-eleganz-mit-vermietlizenz-am-gipfel-des-hanges\/","og_locale":"de_DE","og_type":"article","og_title":"Mediterrane Eleganz mit Vermietlizenz am Gipfel des Hanges | Luis Ferdinand","og_description":"| Die mediterrane und klassische Villa, die sich am oberen Ende des Hanges von Son Vida auf Mallorca erhebt, verk\u00f6rpert eine zeitlose Eleganz und Sch\u00f6nheit. Mit ihrer strahlend wei\u00dfen Fassade und cremefarbenen B\u00f6gen aus fein behauenem Sandstein, strahlt sie einen mediterranen und herrschaftlichen Stil aus. Ihre Pr\u00e4senz auf dem H\u00fcgel verleiht ihr eine majest\u00e4tische Ausstrahlung. Ein bemerkenswertes Merkmal dieser Villa ist ihre enge Beziehung zur umgebenden Natur. Der Poolbereich ist von Olivenb\u00e4umen und Orangenb\u00e4umen ges\u00e4umt, die eine malerische Kulisse schaffen. Das Rauschen der Bl\u00e4tter und der Duft der mediterranen Pflanzen tragen zur entspannten Atmosph\u00e4re bei. Im Inneren erwartet Sie eine gro\u00dfz\u00fcgige und lichtdurchflutete Umgebung. Die Marmorb\u00f6den verleihen den R\u00e4umen ein Gef\u00fchl von Luxus und Raffinesse. Aquarellfarbene Akzente und Details setzen subtile, k\u00fcnstlerische Highlights und verleihen dem Interieur einen Hauch von Frische und Eleganz. Der Stil der Villa verk\u00f6rpert den zeitgen\u00f6ssischen Maximalismus, der auf die Mischung von Farben, Texturen und Mustern setzt, um ein lebhaftes und luxuri\u00f6ses Ambiente zu schaffen. Die Ferienvermietungslizenz bietet die M\u00f6glichkeit, die Villa zu vermieten und sie als Urlaubsdomizil zu nutzen, was den Besitzern die Freiheit gibt, ihr Anwesen nach ihren W\u00fcnschen zu nutzen. Diese mediterrane Villa in Son Vida ist ein Ort, an dem Tradition und Moderne auf bezaubernde Weise zusammenkommen. Sie bietet ein einzigartiges Erlebnis f\u00fcr all jene, die nach einem gehobenen Lebensstil auf Mallorca suchen, und ist gleichzeitig eine Oase der Ruhe und Sch\u00f6nheit inmitten der mediterranen Natur.","og_url":"https:\/\/luisferdinand.com\/de\/house-de\/mediterrane-eleganz-mit-vermietlizenz-am-gipfel-des-hanges\/","og_site_name":"Luis Ferdinand","article_modified_time":"2023-11-08T17:45:24+00:00","og_image":[{"width":1024,"height":684,"url":"https:\/\/luisferdinand.com\/wp-content\/uploads\/2023\/11\/Luis-Ferdinand-RE1.jpg","type":"image\/jpeg"}],"twitter_card":"summary_large_image","schema":{"@context":"https:\/\/schema.org","@graph":[{"@type":"WebPage","@id":"https:\/\/luisferdinand.com\/de\/house-de\/mediterrane-eleganz-mit-vermietlizenz-am-gipfel-des-hanges\/","url":"https:\/\/luisferdinand.com\/de\/house-de\/mediterrane-eleganz-mit-vermietlizenz-am-gipfel-des-hanges\/","name":"Mediterrane Eleganz mit Vermietlizenz am Gipfel des Hanges | Luis Ferdinand","isPartOf":{"@id":"https:\/\/luisferdinand.com\/de\/#website"},"primaryImageOfPage":{"@id":"https:\/\/luisferdinand.com\/de\/house-de\/mediterrane-eleganz-mit-vermietlizenz-am-gipfel-des-hanges\/#primaryimage"},"image":{"@id":"https:\/\/luisferdinand.com\/de\/house-de\/mediterrane-eleganz-mit-vermietlizenz-am-gipfel-des-hanges\/#primaryimage"},"thumbnailUrl":"https:\/\/luisferdinand.com\/wp-content\/uploads\/2023\/11\/Luis-Ferdinand-RE1.jpg","datePublished":"2023-11-08T13:09:48+00:00","dateModified":"2023-11-08T17:45:24+00:00","description":"| Die mediterrane und klassische Villa, die sich am oberen Ende des Hanges von Son Vida auf Mallorca erhebt, verk\u00f6rpert eine zeitlose Eleganz und Sch\u00f6nheit. Mit ihrer strahlend wei\u00dfen Fassade und cremefarbenen B\u00f6gen aus fein behauenem Sandstein, strahlt sie einen mediterranen und herrschaftlichen Stil aus. Ihre Pr\u00e4senz auf dem H\u00fcgel verleiht ihr eine majest\u00e4tische Ausstrahlung. Ein bemerkenswertes Merkmal dieser Villa ist ihre enge Beziehung zur umgebenden Natur. Der Poolbereich ist von Olivenb\u00e4umen und Orangenb\u00e4umen ges\u00e4umt, die eine malerische Kulisse schaffen. Das Rauschen der Bl\u00e4tter und der Duft der mediterranen Pflanzen tragen zur entspannten Atmosph\u00e4re bei. Im Inneren erwartet Sie eine gro\u00dfz\u00fcgige und lichtdurchflutete Umgebung. Die Marmorb\u00f6den verleihen den R\u00e4umen ein Gef\u00fchl von Luxus und Raffinesse. Aquarellfarbene Akzente und Details setzen subtile, k\u00fcnstlerische Highlights und verleihen dem Interieur einen Hauch von Frische und Eleganz. Der Stil der Villa verk\u00f6rpert den zeitgen\u00f6ssischen Maximalismus, der auf die Mischung von Farben, Texturen und Mustern setzt, um ein lebhaftes und luxuri\u00f6ses Ambiente zu schaffen. Die Ferienvermietungslizenz bietet die M\u00f6glichkeit, die Villa zu vermieten und sie als Urlaubsdomizil zu nutzen, was den Besitzern die Freiheit gibt, ihr Anwesen nach ihren W\u00fcnschen zu nutzen. Diese mediterrane Villa in Son Vida ist ein Ort, an dem Tradition und Moderne auf bezaubernde Weise zusammenkommen. Sie bietet ein einzigartiges Erlebnis f\u00fcr all jene, die nach einem gehobenen Lebensstil auf Mallorca suchen, und ist gleichzeitig eine Oase der Ruhe und Sch\u00f6nheit inmitten der mediterranen Natur.","breadcrumb":{"@id":"https:\/\/luisferdinand.com\/de\/house-de\/mediterrane-eleganz-mit-vermietlizenz-am-gipfel-des-hanges\/#breadcrumb"},"inLanguage":"de","potentialAction":[{"@type":"ReadAction","target":["https:\/\/luisferdinand.com\/de\/house-de\/mediterrane-eleganz-mit-vermietlizenz-am-gipfel-des-hanges\/"]}]},{"@type":"ImageObject","inLanguage":"de","@id":"https:\/\/luisferdinand.com\/de\/house-de\/mediterrane-eleganz-mit-vermietlizenz-am-gipfel-des-hanges\/#primaryimage","url":"https:\/\/luisferdinand.com\/wp-content\/uploads\/2023\/11\/Luis-Ferdinand-RE1.jpg","contentUrl":"https:\/\/luisferdinand.com\/wp-content\/uploads\/2023\/11\/Luis-Ferdinand-RE1.jpg","width":1024,"height":684},{"@type":"BreadcrumbList","@id":"https:\/\/luisferdinand.com\/de\/house-de\/mediterrane-eleganz-mit-vermietlizenz-am-gipfel-des-hanges\/#breadcrumb","itemListElement":[{"@type":"ListItem","position":1,"name":"Portada","item":"https:\/\/luisferdinand.com\/de\/"},{"@type":"ListItem","position":2,"name":"House","item":"https:\/\/luisferdinand.com\/de\/house-de\/"},{"@type":"ListItem","position":3,"name":"Mediterrane Eleganz mit Vermietlizenz am Gipfel des Hanges"}]},{"@type":"WebSite","@id":"https:\/\/luisferdinand.com\/de\/#website","url":"https:\/\/luisferdinand.com\/de\/","name":"Luis Ferdinand","description":"Real estate in Mallorca","publisher":{"@id":"https:\/\/luisferdinand.com\/de\/#organization"},"potentialAction":[{"@type":"SearchAction","target":{"@type":"EntryPoint","urlTemplate":"https:\/\/luisferdinand.com\/de\/?s={search_term_string}"},"query-input":{"@type":"PropertyValueSpecification","valueRequired":true,"valueName":"search_term_string"}}],"inLanguage":"de"},{"@type":"Organization","@id":"https:\/\/luisferdinand.com\/de\/#organization","name":"Luis Ferdinand","url":"https:\/\/luisferdinand.com\/de\/","logo":{"@type":"ImageObject","inLanguage":"de","@id":"https:\/\/luisferdinand.com\/de\/#\/schema\/logo\/image\/","url":"https:\/\/luisferdinand.com\/wp-content\/uploads\/2023\/03\/cropped-favicon-1.png","contentUrl":"https:\/\/luisferdinand.com\/wp-content\/uploads\/2023\/03\/cropped-favicon-1.png","width":512,"height":512,"caption":"Luis Ferdinand"},"image":{"@id":"https:\/\/luisferdinand.com\/de\/#\/schema\/logo\/image\/"},"sameAs":["https:\/\/www.youtube.com\/@luisferdinandbock9962"]}]}},"_links":{"self":[{"href":"https:\/\/luisferdinand.com\/de\/wp-json\/wp\/v2\/house\/8359","targetHints":{"allow":["GET"]}}],"collection":[{"href":"https:\/\/luisferdinand.com\/de\/wp-json\/wp\/v2\/house"}],"about":[{"href":"https:\/\/luisferdinand.com\/de\/wp-json\/wp\/v2\/types\/house"}],"author":[{"embeddable":true,"href":"https:\/\/luisferdinand.com\/de\/wp-json\/wp\/v2\/users\/2"}],"version-history":[{"count":2,"href":"https:\/\/luisferdinand.com\/de\/wp-json\/wp\/v2\/house\/8359\/revisions"}],"predecessor-version":[{"id":8364,"href":"https:\/\/luisferdinand.com\/de\/wp-json\/wp\/v2\/house\/8359\/revisions\/8364"}],"wp:featuredmedia":[{"embeddable":true,"href":"https:\/\/luisferdinand.com\/de\/wp-json\/wp\/v2\/media\/8279"}],"wp:attachment":[{"href":"https:\/\/luisferdinand.com\/de\/wp-json\/wp\/v2\/media?parent=8359"}],"wp:term":[{"taxonomy":"salerent","embeddable":true,"href":"https:\/\/luisferdinand.com\/de\/wp-json\/wp\/v2\/salerent?post=8359"},{"taxonomy":"state","embeddable":true,"href":"https:\/\/luisferdinand.com\/de\/wp-json\/wp\/v2\/state?post=8359"}],"curies":[{"name":"wp","href":"https:\/\/api.w.org\/{rel}","templated":true}]}}