{"id":8269,"date":"2023-11-07T10:49:06","date_gmt":"2023-11-07T10:49:06","guid":{"rendered":"https:\/\/luisferdinand.com\/house\/paradisiaca-villa-mediterranea-con-licencia-de-alquiler-una-obra-maestra-de-vistas-al-mar-y-elegancia\/"},"modified":"2023-11-07T10:57:07","modified_gmt":"2023-11-07T10:57:07","slug":"himmlische-mediterrane-villa-mit-vermietlizenz-ein-meisterwerk-des-meerblicks-und-der-eleganz","status":"publish","type":"house","link":"https:\/\/luisferdinand.com\/de\/house-de\/himmlische-mediterrane-villa-mit-vermietlizenz-ein-meisterwerk-des-meerblicks-und-der-eleganz\/","title":{"rendered":"Himmlische mediterrane Villa mit Vermietlizenz: Ein Meisterwerk des Meerblicks und der Eleganz"},"content":{"rendered":"","protected":false},"excerpt":{"rendered":"<p>Diese mediterrane Villa in Son Vida auf Mallorca bietet eine unvergleichliche Mischung aus atemberaubender Architektur und spektakul\u00e4rer Lage. Mit einem atemberaubenden Blick auf das Meer und die Stadt Palma, zieht diese Immobilie zweifellos die Aufmerksamkeit auf sich.<br \/>\nDie Villa zeichnet sich durch ihre authentische mediterrane Architektur aus, die von der umgebenden nat\u00fcrlichen Sch\u00f6nheit inspiriert ist. Die hochwertige Bauweise und die geschmackvolle Gestaltung harmonieren perfekt mit der malerischen Umgebung. Das Anwesen verf\u00fcgt \u00fcber hohe Decken, die f\u00fcr ein luftiges und lichtdurchflutetes Ambiente sorgen, was den Raum noch einladender macht.<br \/>\nDie Aussicht auf das Meer und die Stadt ist das Herzst\u00fcck dieses Anwesens. Gro\u00dfe Fenster und Terrassen bieten unvergleichliche Panoramablicke, die Tag und Nacht verzaubern. Sie k\u00f6nnen die spektakul\u00e4ren Sonnenunterg\u00e4nge \u00fcber dem Meer genie\u00dfen und die funkelnde Skyline von Palma bewundern.<br \/>\nIm Inneren der Villa erwarten Sie luxuri\u00f6se R\u00e4umlichkeiten mit einer Kombination aus modernem Design und mediterranem Flair. Jeder Raum ist geschmackvoll eingerichtet und bietet den Bewohnern ein H\u00f6chstma\u00df an Komfort und Stil.<br \/>\nDiese mediterrane Villa in Son Vida auf Mallorca ist ein wahres Juwel, das den anspruchsvollsten Anspr\u00fcchen gerecht wird. Sie verbindet die nat\u00fcrliche Sch\u00f6nheit der Insel mit einem erhabenen Lebensstil und ist der perfekte R\u00fcckzugsort, um den mediterranen Lebensstil in vollen Z\u00fcgen zu genie\u00dfen.<\/p>\n","protected":false},"author":2,"featured_media":8177,"parent":0,"menu_order":0,"template":"elementor_header_footer","meta":{"_acf_changed":false,"footnotes":""},"salerent":[],"state":[],"class_list":["post-8269","house","type-house","status-publish","has-post-thumbnail","hentry"],"acf":[],"yoast_head":"<!-- This site is optimized with the Yoast SEO plugin v24.2 - https:\/\/yoast.com\/wordpress\/plugins\/seo\/ -->\n<title>Himmlische mediterrane Villa mit Vermietlizenz: Ein Meisterwerk des Meerblicks und der Eleganz | Luis Ferdinand<\/title>\n<meta name=\"description\" content=\"| Diese mediterrane Villa in Son Vida auf Mallorca bietet eine unvergleichliche Mischung aus atemberaubender Architektur und spektakul\u00e4rer Lage. Mit einem atemberaubenden Blick auf das Meer und die Stadt Palma, zieht diese Immobilie zweifellos die Aufmerksamkeit auf sich. Die Villa zeichnet sich durch ihre authentische mediterrane Architektur aus, die von der umgebenden nat\u00fcrlichen Sch\u00f6nheit inspiriert ist. Die hochwertige Bauweise und die geschmackvolle Gestaltung harmonieren perfekt mit der malerischen Umgebung. Das Anwesen verf\u00fcgt \u00fcber hohe Decken, die f\u00fcr ein luftiges und lichtdurchflutetes Ambiente sorgen, was den Raum noch einladender macht. Die Aussicht auf das Meer und die Stadt ist das Herzst\u00fcck dieses Anwesens. Gro\u00dfe Fenster und Terrassen bieten unvergleichliche Panoramablicke, die Tag und Nacht verzaubern. Sie k\u00f6nnen die spektakul\u00e4ren Sonnenunterg\u00e4nge \u00fcber dem Meer genie\u00dfen und die funkelnde Skyline von Palma bewundern. Im Inneren der Villa erwarten Sie luxuri\u00f6se R\u00e4umlichkeiten mit einer Kombination aus modernem Design und mediterranem Flair. Jeder Raum ist geschmackvoll eingerichtet und bietet den Bewohnern ein H\u00f6chstma\u00df an Komfort und Stil. Diese mediterrane Villa in Son Vida auf Mallorca ist ein wahres Juwel, das den anspruchsvollsten Anspr\u00fcchen gerecht wird. Sie verbindet die nat\u00fcrliche Sch\u00f6nheit der Insel mit einem erhabenen Lebensstil und ist der perfekte R\u00fcckzugsort, um den mediterranen Lebensstil in vollen Z\u00fcgen zu genie\u00dfen.\" \/>\n<meta name=\"robots\" content=\"index, follow, max-snippet:-1, max-image-preview:large, max-video-preview:-1\" \/>\n<link rel=\"canonical\" href=\"https:\/\/luisferdinand.com\/de\/house-de\/himmlische-mediterrane-villa-mit-vermietlizenz-ein-meisterwerk-des-meerblicks-und-der-eleganz\/\" \/>\n<meta property=\"og:locale\" content=\"de_DE\" \/>\n<meta property=\"og:type\" content=\"article\" \/>\n<meta property=\"og:title\" content=\"Himmlische mediterrane Villa mit Vermietlizenz: Ein Meisterwerk des Meerblicks und der Eleganz | Luis Ferdinand\" \/>\n<meta property=\"og:description\" content=\"| Diese mediterrane Villa in Son Vida auf Mallorca bietet eine unvergleichliche Mischung aus atemberaubender Architektur und spektakul\u00e4rer Lage. Mit einem atemberaubenden Blick auf das Meer und die Stadt Palma, zieht diese Immobilie zweifellos die Aufmerksamkeit auf sich. Die Villa zeichnet sich durch ihre authentische mediterrane Architektur aus, die von der umgebenden nat\u00fcrlichen Sch\u00f6nheit inspiriert ist. Die hochwertige Bauweise und die geschmackvolle Gestaltung harmonieren perfekt mit der malerischen Umgebung. Das Anwesen verf\u00fcgt \u00fcber hohe Decken, die f\u00fcr ein luftiges und lichtdurchflutetes Ambiente sorgen, was den Raum noch einladender macht. Die Aussicht auf das Meer und die Stadt ist das Herzst\u00fcck dieses Anwesens. Gro\u00dfe Fenster und Terrassen bieten unvergleichliche Panoramablicke, die Tag und Nacht verzaubern. Sie k\u00f6nnen die spektakul\u00e4ren Sonnenunterg\u00e4nge \u00fcber dem Meer genie\u00dfen und die funkelnde Skyline von Palma bewundern. Im Inneren der Villa erwarten Sie luxuri\u00f6se R\u00e4umlichkeiten mit einer Kombination aus modernem Design und mediterranem Flair. Jeder Raum ist geschmackvoll eingerichtet und bietet den Bewohnern ein H\u00f6chstma\u00df an Komfort und Stil. Diese mediterrane Villa in Son Vida auf Mallorca ist ein wahres Juwel, das den anspruchsvollsten Anspr\u00fcchen gerecht wird. Sie verbindet die nat\u00fcrliche Sch\u00f6nheit der Insel mit einem erhabenen Lebensstil und ist der perfekte R\u00fcckzugsort, um den mediterranen Lebensstil in vollen Z\u00fcgen zu genie\u00dfen.\" \/>\n<meta property=\"og:url\" content=\"https:\/\/luisferdinand.com\/de\/house-de\/himmlische-mediterrane-villa-mit-vermietlizenz-ein-meisterwerk-des-meerblicks-und-der-eleganz\/\" \/>\n<meta property=\"og:site_name\" content=\"Luis Ferdinand\" \/>\n<meta property=\"article:modified_time\" content=\"2023-11-07T10:57:07+00:00\" \/>\n<meta property=\"og:image\" content=\"https:\/\/luisferdinand.com\/wp-content\/uploads\/2023\/11\/Luis-Ferdinand-RE2-8.jpg\" \/>\n\t<meta property=\"og:image:width\" content=\"1030\" \/>\n\t<meta property=\"og:image:height\" content=\"773\" \/>\n\t<meta property=\"og:image:type\" content=\"image\/jpeg\" \/>\n<meta name=\"twitter:card\" content=\"summary_large_image\" \/>\n<script type=\"application\/ld+json\" class=\"yoast-schema-graph\">{\"@context\":\"https:\/\/schema.org\",\"@graph\":[{\"@type\":\"WebPage\",\"@id\":\"https:\/\/luisferdinand.com\/de\/house-de\/himmlische-mediterrane-villa-mit-vermietlizenz-ein-meisterwerk-des-meerblicks-und-der-eleganz\/\",\"url\":\"https:\/\/luisferdinand.com\/de\/house-de\/himmlische-mediterrane-villa-mit-vermietlizenz-ein-meisterwerk-des-meerblicks-und-der-eleganz\/\",\"name\":\"Himmlische mediterrane Villa mit Vermietlizenz: Ein Meisterwerk des Meerblicks und der Eleganz | Luis Ferdinand\",\"isPartOf\":{\"@id\":\"https:\/\/luisferdinand.com\/de\/#website\"},\"primaryImageOfPage\":{\"@id\":\"https:\/\/luisferdinand.com\/de\/house-de\/himmlische-mediterrane-villa-mit-vermietlizenz-ein-meisterwerk-des-meerblicks-und-der-eleganz\/#primaryimage\"},\"image\":{\"@id\":\"https:\/\/luisferdinand.com\/de\/house-de\/himmlische-mediterrane-villa-mit-vermietlizenz-ein-meisterwerk-des-meerblicks-und-der-eleganz\/#primaryimage\"},\"thumbnailUrl\":\"https:\/\/luisferdinand.com\/wp-content\/uploads\/2023\/11\/Luis-Ferdinand-RE2-8.jpg\",\"datePublished\":\"2023-11-07T10:49:06+00:00\",\"dateModified\":\"2023-11-07T10:57:07+00:00\",\"description\":\"| Diese mediterrane Villa in Son Vida auf Mallorca bietet eine unvergleichliche Mischung aus atemberaubender Architektur und spektakul\u00e4rer Lage. Mit einem atemberaubenden Blick auf das Meer und die Stadt Palma, zieht diese Immobilie zweifellos die Aufmerksamkeit auf sich. Die Villa zeichnet sich durch ihre authentische mediterrane Architektur aus, die von der umgebenden nat\u00fcrlichen Sch\u00f6nheit inspiriert ist. Die hochwertige Bauweise und die geschmackvolle Gestaltung harmonieren perfekt mit der malerischen Umgebung. Das Anwesen verf\u00fcgt \u00fcber hohe Decken, die f\u00fcr ein luftiges und lichtdurchflutetes Ambiente sorgen, was den Raum noch einladender macht. Die Aussicht auf das Meer und die Stadt ist das Herzst\u00fcck dieses Anwesens. Gro\u00dfe Fenster und Terrassen bieten unvergleichliche Panoramablicke, die Tag und Nacht verzaubern. Sie k\u00f6nnen die spektakul\u00e4ren Sonnenunterg\u00e4nge \u00fcber dem Meer genie\u00dfen und die funkelnde Skyline von Palma bewundern. Im Inneren der Villa erwarten Sie luxuri\u00f6se R\u00e4umlichkeiten mit einer Kombination aus modernem Design und mediterranem Flair. Jeder Raum ist geschmackvoll eingerichtet und bietet den Bewohnern ein H\u00f6chstma\u00df an Komfort und Stil. Diese mediterrane Villa in Son Vida auf Mallorca ist ein wahres Juwel, das den anspruchsvollsten Anspr\u00fcchen gerecht wird. Sie verbindet die nat\u00fcrliche Sch\u00f6nheit der Insel mit einem erhabenen Lebensstil und ist der perfekte R\u00fcckzugsort, um den mediterranen Lebensstil in vollen Z\u00fcgen zu genie\u00dfen.\",\"breadcrumb\":{\"@id\":\"https:\/\/luisferdinand.com\/de\/house-de\/himmlische-mediterrane-villa-mit-vermietlizenz-ein-meisterwerk-des-meerblicks-und-der-eleganz\/#breadcrumb\"},\"inLanguage\":\"de\",\"potentialAction\":[{\"@type\":\"ReadAction\",\"target\":[\"https:\/\/luisferdinand.com\/de\/house-de\/himmlische-mediterrane-villa-mit-vermietlizenz-ein-meisterwerk-des-meerblicks-und-der-eleganz\/\"]}]},{\"@type\":\"ImageObject\",\"inLanguage\":\"de\",\"@id\":\"https:\/\/luisferdinand.com\/de\/house-de\/himmlische-mediterrane-villa-mit-vermietlizenz-ein-meisterwerk-des-meerblicks-und-der-eleganz\/#primaryimage\",\"url\":\"https:\/\/luisferdinand.com\/wp-content\/uploads\/2023\/11\/Luis-Ferdinand-RE2-8.jpg\",\"contentUrl\":\"https:\/\/luisferdinand.com\/wp-content\/uploads\/2023\/11\/Luis-Ferdinand-RE2-8.jpg\",\"width\":1030,\"height\":773},{\"@type\":\"BreadcrumbList\",\"@id\":\"https:\/\/luisferdinand.com\/de\/house-de\/himmlische-mediterrane-villa-mit-vermietlizenz-ein-meisterwerk-des-meerblicks-und-der-eleganz\/#breadcrumb\",\"itemListElement\":[{\"@type\":\"ListItem\",\"position\":1,\"name\":\"Portada\",\"item\":\"https:\/\/luisferdinand.com\/de\/\"},{\"@type\":\"ListItem\",\"position\":2,\"name\":\"House\",\"item\":\"https:\/\/luisferdinand.com\/de\/house-de\/\"},{\"@type\":\"ListItem\",\"position\":3,\"name\":\"Himmlische mediterrane Villa mit Vermietlizenz: Ein Meisterwerk des Meerblicks und der Eleganz\"}]},{\"@type\":\"WebSite\",\"@id\":\"https:\/\/luisferdinand.com\/de\/#website\",\"url\":\"https:\/\/luisferdinand.com\/de\/\",\"name\":\"Luis Ferdinand\",\"description\":\"Real estate in Mallorca\",\"publisher\":{\"@id\":\"https:\/\/luisferdinand.com\/de\/#organization\"},\"potentialAction\":[{\"@type\":\"SearchAction\",\"target\":{\"@type\":\"EntryPoint\",\"urlTemplate\":\"https:\/\/luisferdinand.com\/de\/?s={search_term_string}\"},\"query-input\":{\"@type\":\"PropertyValueSpecification\",\"valueRequired\":true,\"valueName\":\"search_term_string\"}}],\"inLanguage\":\"de\"},{\"@type\":\"Organization\",\"@id\":\"https:\/\/luisferdinand.com\/de\/#organization\",\"name\":\"Luis Ferdinand\",\"url\":\"https:\/\/luisferdinand.com\/de\/\",\"logo\":{\"@type\":\"ImageObject\",\"inLanguage\":\"de\",\"@id\":\"https:\/\/luisferdinand.com\/de\/#\/schema\/logo\/image\/\",\"url\":\"https:\/\/luisferdinand.com\/wp-content\/uploads\/2023\/03\/cropped-favicon-1.png\",\"contentUrl\":\"https:\/\/luisferdinand.com\/wp-content\/uploads\/2023\/03\/cropped-favicon-1.png\",\"width\":512,\"height\":512,\"caption\":\"Luis Ferdinand\"},\"image\":{\"@id\":\"https:\/\/luisferdinand.com\/de\/#\/schema\/logo\/image\/\"},\"sameAs\":[\"https:\/\/www.youtube.com\/@luisferdinandbock9962\"]}]}<\/script>\n<!-- \/ Yoast SEO plugin. -->","yoast_head_json":{"title":"Himmlische mediterrane Villa mit Vermietlizenz: Ein Meisterwerk des Meerblicks und der Eleganz | Luis Ferdinand","description":"| Diese mediterrane Villa in Son Vida auf Mallorca bietet eine unvergleichliche Mischung aus atemberaubender Architektur und spektakul\u00e4rer Lage. Mit einem atemberaubenden Blick auf das Meer und die Stadt Palma, zieht diese Immobilie zweifellos die Aufmerksamkeit auf sich. Die Villa zeichnet sich durch ihre authentische mediterrane Architektur aus, die von der umgebenden nat\u00fcrlichen Sch\u00f6nheit inspiriert ist. Die hochwertige Bauweise und die geschmackvolle Gestaltung harmonieren perfekt mit der malerischen Umgebung. Das Anwesen verf\u00fcgt \u00fcber hohe Decken, die f\u00fcr ein luftiges und lichtdurchflutetes Ambiente sorgen, was den Raum noch einladender macht. Die Aussicht auf das Meer und die Stadt ist das Herzst\u00fcck dieses Anwesens. Gro\u00dfe Fenster und Terrassen bieten unvergleichliche Panoramablicke, die Tag und Nacht verzaubern. Sie k\u00f6nnen die spektakul\u00e4ren Sonnenunterg\u00e4nge \u00fcber dem Meer genie\u00dfen und die funkelnde Skyline von Palma bewundern. Im Inneren der Villa erwarten Sie luxuri\u00f6se R\u00e4umlichkeiten mit einer Kombination aus modernem Design und mediterranem Flair. Jeder Raum ist geschmackvoll eingerichtet und bietet den Bewohnern ein H\u00f6chstma\u00df an Komfort und Stil. Diese mediterrane Villa in Son Vida auf Mallorca ist ein wahres Juwel, das den anspruchsvollsten Anspr\u00fcchen gerecht wird. Sie verbindet die nat\u00fcrliche Sch\u00f6nheit der Insel mit einem erhabenen Lebensstil und ist der perfekte R\u00fcckzugsort, um den mediterranen Lebensstil in vollen Z\u00fcgen zu genie\u00dfen.","robots":{"index":"index","follow":"follow","max-snippet":"max-snippet:-1","max-image-preview":"max-image-preview:large","max-video-preview":"max-video-preview:-1"},"canonical":"https:\/\/luisferdinand.com\/de\/house-de\/himmlische-mediterrane-villa-mit-vermietlizenz-ein-meisterwerk-des-meerblicks-und-der-eleganz\/","og_locale":"de_DE","og_type":"article","og_title":"Himmlische mediterrane Villa mit Vermietlizenz: Ein Meisterwerk des Meerblicks und der Eleganz | Luis Ferdinand","og_description":"| Diese mediterrane Villa in Son Vida auf Mallorca bietet eine unvergleichliche Mischung aus atemberaubender Architektur und spektakul\u00e4rer Lage. Mit einem atemberaubenden Blick auf das Meer und die Stadt Palma, zieht diese Immobilie zweifellos die Aufmerksamkeit auf sich. Die Villa zeichnet sich durch ihre authentische mediterrane Architektur aus, die von der umgebenden nat\u00fcrlichen Sch\u00f6nheit inspiriert ist. Die hochwertige Bauweise und die geschmackvolle Gestaltung harmonieren perfekt mit der malerischen Umgebung. Das Anwesen verf\u00fcgt \u00fcber hohe Decken, die f\u00fcr ein luftiges und lichtdurchflutetes Ambiente sorgen, was den Raum noch einladender macht. Die Aussicht auf das Meer und die Stadt ist das Herzst\u00fcck dieses Anwesens. Gro\u00dfe Fenster und Terrassen bieten unvergleichliche Panoramablicke, die Tag und Nacht verzaubern. Sie k\u00f6nnen die spektakul\u00e4ren Sonnenunterg\u00e4nge \u00fcber dem Meer genie\u00dfen und die funkelnde Skyline von Palma bewundern. Im Inneren der Villa erwarten Sie luxuri\u00f6se R\u00e4umlichkeiten mit einer Kombination aus modernem Design und mediterranem Flair. Jeder Raum ist geschmackvoll eingerichtet und bietet den Bewohnern ein H\u00f6chstma\u00df an Komfort und Stil. Diese mediterrane Villa in Son Vida auf Mallorca ist ein wahres Juwel, das den anspruchsvollsten Anspr\u00fcchen gerecht wird. Sie verbindet die nat\u00fcrliche Sch\u00f6nheit der Insel mit einem erhabenen Lebensstil und ist der perfekte R\u00fcckzugsort, um den mediterranen Lebensstil in vollen Z\u00fcgen zu genie\u00dfen.","og_url":"https:\/\/luisferdinand.com\/de\/house-de\/himmlische-mediterrane-villa-mit-vermietlizenz-ein-meisterwerk-des-meerblicks-und-der-eleganz\/","og_site_name":"Luis Ferdinand","article_modified_time":"2023-11-07T10:57:07+00:00","og_image":[{"width":1030,"height":773,"url":"https:\/\/luisferdinand.com\/wp-content\/uploads\/2023\/11\/Luis-Ferdinand-RE2-8.jpg","type":"image\/jpeg"}],"twitter_card":"summary_large_image","schema":{"@context":"https:\/\/schema.org","@graph":[{"@type":"WebPage","@id":"https:\/\/luisferdinand.com\/de\/house-de\/himmlische-mediterrane-villa-mit-vermietlizenz-ein-meisterwerk-des-meerblicks-und-der-eleganz\/","url":"https:\/\/luisferdinand.com\/de\/house-de\/himmlische-mediterrane-villa-mit-vermietlizenz-ein-meisterwerk-des-meerblicks-und-der-eleganz\/","name":"Himmlische mediterrane Villa mit Vermietlizenz: Ein Meisterwerk des Meerblicks und der Eleganz | Luis Ferdinand","isPartOf":{"@id":"https:\/\/luisferdinand.com\/de\/#website"},"primaryImageOfPage":{"@id":"https:\/\/luisferdinand.com\/de\/house-de\/himmlische-mediterrane-villa-mit-vermietlizenz-ein-meisterwerk-des-meerblicks-und-der-eleganz\/#primaryimage"},"image":{"@id":"https:\/\/luisferdinand.com\/de\/house-de\/himmlische-mediterrane-villa-mit-vermietlizenz-ein-meisterwerk-des-meerblicks-und-der-eleganz\/#primaryimage"},"thumbnailUrl":"https:\/\/luisferdinand.com\/wp-content\/uploads\/2023\/11\/Luis-Ferdinand-RE2-8.jpg","datePublished":"2023-11-07T10:49:06+00:00","dateModified":"2023-11-07T10:57:07+00:00","description":"| Diese mediterrane Villa in Son Vida auf Mallorca bietet eine unvergleichliche Mischung aus atemberaubender Architektur und spektakul\u00e4rer Lage. Mit einem atemberaubenden Blick auf das Meer und die Stadt Palma, zieht diese Immobilie zweifellos die Aufmerksamkeit auf sich. Die Villa zeichnet sich durch ihre authentische mediterrane Architektur aus, die von der umgebenden nat\u00fcrlichen Sch\u00f6nheit inspiriert ist. Die hochwertige Bauweise und die geschmackvolle Gestaltung harmonieren perfekt mit der malerischen Umgebung. Das Anwesen verf\u00fcgt \u00fcber hohe Decken, die f\u00fcr ein luftiges und lichtdurchflutetes Ambiente sorgen, was den Raum noch einladender macht. Die Aussicht auf das Meer und die Stadt ist das Herzst\u00fcck dieses Anwesens. Gro\u00dfe Fenster und Terrassen bieten unvergleichliche Panoramablicke, die Tag und Nacht verzaubern. Sie k\u00f6nnen die spektakul\u00e4ren Sonnenunterg\u00e4nge \u00fcber dem Meer genie\u00dfen und die funkelnde Skyline von Palma bewundern. Im Inneren der Villa erwarten Sie luxuri\u00f6se R\u00e4umlichkeiten mit einer Kombination aus modernem Design und mediterranem Flair. Jeder Raum ist geschmackvoll eingerichtet und bietet den Bewohnern ein H\u00f6chstma\u00df an Komfort und Stil. Diese mediterrane Villa in Son Vida auf Mallorca ist ein wahres Juwel, das den anspruchsvollsten Anspr\u00fcchen gerecht wird. Sie verbindet die nat\u00fcrliche Sch\u00f6nheit der Insel mit einem erhabenen Lebensstil und ist der perfekte R\u00fcckzugsort, um den mediterranen Lebensstil in vollen Z\u00fcgen zu genie\u00dfen.","breadcrumb":{"@id":"https:\/\/luisferdinand.com\/de\/house-de\/himmlische-mediterrane-villa-mit-vermietlizenz-ein-meisterwerk-des-meerblicks-und-der-eleganz\/#breadcrumb"},"inLanguage":"de","potentialAction":[{"@type":"ReadAction","target":["https:\/\/luisferdinand.com\/de\/house-de\/himmlische-mediterrane-villa-mit-vermietlizenz-ein-meisterwerk-des-meerblicks-und-der-eleganz\/"]}]},{"@type":"ImageObject","inLanguage":"de","@id":"https:\/\/luisferdinand.com\/de\/house-de\/himmlische-mediterrane-villa-mit-vermietlizenz-ein-meisterwerk-des-meerblicks-und-der-eleganz\/#primaryimage","url":"https:\/\/luisferdinand.com\/wp-content\/uploads\/2023\/11\/Luis-Ferdinand-RE2-8.jpg","contentUrl":"https:\/\/luisferdinand.com\/wp-content\/uploads\/2023\/11\/Luis-Ferdinand-RE2-8.jpg","width":1030,"height":773},{"@type":"BreadcrumbList","@id":"https:\/\/luisferdinand.com\/de\/house-de\/himmlische-mediterrane-villa-mit-vermietlizenz-ein-meisterwerk-des-meerblicks-und-der-eleganz\/#breadcrumb","itemListElement":[{"@type":"ListItem","position":1,"name":"Portada","item":"https:\/\/luisferdinand.com\/de\/"},{"@type":"ListItem","position":2,"name":"House","item":"https:\/\/luisferdinand.com\/de\/house-de\/"},{"@type":"ListItem","position":3,"name":"Himmlische mediterrane Villa mit Vermietlizenz: Ein Meisterwerk des Meerblicks und der Eleganz"}]},{"@type":"WebSite","@id":"https:\/\/luisferdinand.com\/de\/#website","url":"https:\/\/luisferdinand.com\/de\/","name":"Luis Ferdinand","description":"Real estate in Mallorca","publisher":{"@id":"https:\/\/luisferdinand.com\/de\/#organization"},"potentialAction":[{"@type":"SearchAction","target":{"@type":"EntryPoint","urlTemplate":"https:\/\/luisferdinand.com\/de\/?s={search_term_string}"},"query-input":{"@type":"PropertyValueSpecification","valueRequired":true,"valueName":"search_term_string"}}],"inLanguage":"de"},{"@type":"Organization","@id":"https:\/\/luisferdinand.com\/de\/#organization","name":"Luis Ferdinand","url":"https:\/\/luisferdinand.com\/de\/","logo":{"@type":"ImageObject","inLanguage":"de","@id":"https:\/\/luisferdinand.com\/de\/#\/schema\/logo\/image\/","url":"https:\/\/luisferdinand.com\/wp-content\/uploads\/2023\/03\/cropped-favicon-1.png","contentUrl":"https:\/\/luisferdinand.com\/wp-content\/uploads\/2023\/03\/cropped-favicon-1.png","width":512,"height":512,"caption":"Luis Ferdinand"},"image":{"@id":"https:\/\/luisferdinand.com\/de\/#\/schema\/logo\/image\/"},"sameAs":["https:\/\/www.youtube.com\/@luisferdinandbock9962"]}]}},"_links":{"self":[{"href":"https:\/\/luisferdinand.com\/de\/wp-json\/wp\/v2\/house\/8269","targetHints":{"allow":["GET"]}}],"collection":[{"href":"https:\/\/luisferdinand.com\/de\/wp-json\/wp\/v2\/house"}],"about":[{"href":"https:\/\/luisferdinand.com\/de\/wp-json\/wp\/v2\/types\/house"}],"author":[{"embeddable":true,"href":"https:\/\/luisferdinand.com\/de\/wp-json\/wp\/v2\/users\/2"}],"version-history":[{"count":2,"href":"https:\/\/luisferdinand.com\/de\/wp-json\/wp\/v2\/house\/8269\/revisions"}],"predecessor-version":[{"id":8274,"href":"https:\/\/luisferdinand.com\/de\/wp-json\/wp\/v2\/house\/8269\/revisions\/8274"}],"wp:featuredmedia":[{"embeddable":true,"href":"https:\/\/luisferdinand.com\/de\/wp-json\/wp\/v2\/media\/8177"}],"wp:attachment":[{"href":"https:\/\/luisferdinand.com\/de\/wp-json\/wp\/v2\/media?parent=8269"}],"wp:term":[{"taxonomy":"salerent","embeddable":true,"href":"https:\/\/luisferdinand.com\/de\/wp-json\/wp\/v2\/salerent?post=8269"},{"taxonomy":"state","embeddable":true,"href":"https:\/\/luisferdinand.com\/de\/wp-json\/wp\/v2\/state?post=8269"}],"curies":[{"name":"wp","href":"https:\/\/api.w.org\/{rel}","templated":true}]}}