{"id":6263,"date":"2023-04-25T19:52:47","date_gmt":"2023-04-25T19:52:47","guid":{"rendered":"https:\/\/luisferdinand.com\/house\/oasis-en-medio-del-pueblo-de-alaro-con-casa-de-invitados-y-garaje\/"},"modified":"2023-04-25T19:57:28","modified_gmt":"2023-04-25T19:57:28","slug":"wohlfuhl-oase-mit-gastehaus-und-garage-in-mitten-des-dorfes-alaro","status":"publish","type":"house","link":"https:\/\/luisferdinand.com\/de\/house-de\/wohlfuhl-oase-mit-gastehaus-und-garage-in-mitten-des-dorfes-alaro\/","title":{"rendered":"Wohlf\u00fchl Oase mit G\u00e4stehaus und Garage, in Mitten des Dorfes Alar\u00f3"},"content":{"rendered":"","protected":false},"excerpt":{"rendered":"<p>Das von vor \u00fcber hunderten von Jahren, damalige Haus der Aristokraten wurde komplett Kern saniert und ausgebaut, basierend auf anspruchsvollster Qualit\u00e4t und feinster Technik.<\/p>\n<p>Kleinste Teile der Fassade und vom Innenausbau wurden sorgf\u00e4ltig ausgetauscht und ber\u00fccksichtigt, so dass Teil der Geschichte auf hohen Anspr\u00fcchen weitergelebt werden kann. <\/p>\n<p>Gewaltig hohe Decken mit Holzbalken in den Schlafr\u00e4umen, ein Atrium, das f\u00fcr die Innenr\u00e4ume Licht erstellt und mehrere Kamine verteilt in den verschiedenen R\u00e4umen sorgen f\u00fcr eine sinnliche und warme Umgebung. <\/p>\n<p>Jedoch, mag das Highlight nicht nur im Innenbereich sein, sondern die Outdoor Area mit langen Terrassen und dem getarnten, t\u00fcrkisen Pool mit Springbrunnen, ist ein harmonischer R\u00fcckzugsort f\u00fcr Ruhe und Frieden.<\/p>\n<p>Am Ende des Grundst\u00fccks ist ein Geb\u00e4ude, das wiederum als Garage im Erdgeschoss dient und im ersten Stock ein altes Atelier, das als G\u00e4steschlafzimmer umfunktionalisiert wurde. <\/p>\n","protected":false},"author":2,"featured_media":6261,"parent":0,"menu_order":0,"template":"","meta":{"_acf_changed":false,"footnotes":""},"salerent":[],"state":[24],"class_list":["post-6263","house","type-house","status-publish","has-post-thumbnail","hentry","state-favorites"],"acf":[],"yoast_head":"<!-- This site is optimized with the Yoast SEO plugin v24.2 - https:\/\/yoast.com\/wordpress\/plugins\/seo\/ -->\n<title>Wohlf\u00fchl Oase mit G\u00e4stehaus und Garage, in Mitten des Dorfes Alar\u00f3 | Luis Ferdinand<\/title>\n<meta name=\"description\" content=\"| Das von vor \u00fcber hunderten von Jahren, damalige Haus der Aristokraten wurde komplett Kern saniert und ausgebaut, basierend auf anspruchsvollster Qualit\u00e4t und feinster Technik. Kleinste Teile der Fassade und vom Innenausbau wurden sorgf\u00e4ltig ausgetauscht und ber\u00fccksichtigt, so dass Teil der Geschichte auf hohen Anspr\u00fcchen weitergelebt werden kann.  Gewaltig hohe Decken mit Holzbalken in den Schlafr\u00e4umen, ein Atrium, das f\u00fcr die Innenr\u00e4ume Licht erstellt und mehrere Kamine verteilt in den verschiedenen R\u00e4umen sorgen f\u00fcr eine sinnliche und warme Umgebung.  Jedoch, mag das Highlight nicht nur im Innenbereich sein, sondern die Outdoor Area mit langen Terrassen und dem getarnten, t\u00fcrkisen Pool mit Springbrunnen, ist ein harmonischer R\u00fcckzugsort f\u00fcr Ruhe und Frieden. Am Ende des Grundst\u00fccks ist ein Geb\u00e4ude, das wiederum als Garage im Erdgeschoss dient und im ersten Stock ein altes Atelier, das als G\u00e4steschlafzimmer umfunktionalisiert wurde.\" \/>\n<meta name=\"robots\" content=\"index, follow, max-snippet:-1, max-image-preview:large, max-video-preview:-1\" \/>\n<link rel=\"canonical\" href=\"https:\/\/luisferdinand.com\/de\/house-de\/wohlfuhl-oase-mit-gastehaus-und-garage-in-mitten-des-dorfes-alaro\/\" \/>\n<meta property=\"og:locale\" content=\"de_DE\" \/>\n<meta property=\"og:type\" content=\"article\" \/>\n<meta property=\"og:title\" content=\"Wohlf\u00fchl Oase mit G\u00e4stehaus und Garage, in Mitten des Dorfes Alar\u00f3 | Luis Ferdinand\" \/>\n<meta property=\"og:description\" content=\"| Das von vor \u00fcber hunderten von Jahren, damalige Haus der Aristokraten wurde komplett Kern saniert und ausgebaut, basierend auf anspruchsvollster Qualit\u00e4t und feinster Technik. Kleinste Teile der Fassade und vom Innenausbau wurden sorgf\u00e4ltig ausgetauscht und ber\u00fccksichtigt, so dass Teil der Geschichte auf hohen Anspr\u00fcchen weitergelebt werden kann.  Gewaltig hohe Decken mit Holzbalken in den Schlafr\u00e4umen, ein Atrium, das f\u00fcr die Innenr\u00e4ume Licht erstellt und mehrere Kamine verteilt in den verschiedenen R\u00e4umen sorgen f\u00fcr eine sinnliche und warme Umgebung.  Jedoch, mag das Highlight nicht nur im Innenbereich sein, sondern die Outdoor Area mit langen Terrassen und dem getarnten, t\u00fcrkisen Pool mit Springbrunnen, ist ein harmonischer R\u00fcckzugsort f\u00fcr Ruhe und Frieden. Am Ende des Grundst\u00fccks ist ein Geb\u00e4ude, das wiederum als Garage im Erdgeschoss dient und im ersten Stock ein altes Atelier, das als G\u00e4steschlafzimmer umfunktionalisiert wurde.\" \/>\n<meta property=\"og:url\" content=\"https:\/\/luisferdinand.com\/de\/house-de\/wohlfuhl-oase-mit-gastehaus-und-garage-in-mitten-des-dorfes-alaro\/\" \/>\n<meta property=\"og:site_name\" content=\"Luis Ferdinand\" \/>\n<meta property=\"article:modified_time\" content=\"2023-04-25T19:57:28+00:00\" \/>\n<meta property=\"og:image\" content=\"https:\/\/luisferdinand.com\/wp-content\/uploads\/2023\/04\/Luis-Ferdinand-RE15.jpeg\" \/>\n\t<meta property=\"og:image:width\" content=\"1585\" \/>\n\t<meta property=\"og:image:height\" content=\"1106\" \/>\n\t<meta property=\"og:image:type\" content=\"image\/jpeg\" \/>\n<meta name=\"twitter:card\" content=\"summary_large_image\" \/>\n<script type=\"application\/ld+json\" class=\"yoast-schema-graph\">{\"@context\":\"https:\/\/schema.org\",\"@graph\":[{\"@type\":\"WebPage\",\"@id\":\"https:\/\/luisferdinand.com\/de\/house-de\/wohlfuhl-oase-mit-gastehaus-und-garage-in-mitten-des-dorfes-alaro\/\",\"url\":\"https:\/\/luisferdinand.com\/de\/house-de\/wohlfuhl-oase-mit-gastehaus-und-garage-in-mitten-des-dorfes-alaro\/\",\"name\":\"Wohlf\u00fchl Oase mit G\u00e4stehaus und Garage, in Mitten des Dorfes Alar\u00f3 | Luis Ferdinand\",\"isPartOf\":{\"@id\":\"https:\/\/luisferdinand.com\/de\/#website\"},\"primaryImageOfPage\":{\"@id\":\"https:\/\/luisferdinand.com\/de\/house-de\/wohlfuhl-oase-mit-gastehaus-und-garage-in-mitten-des-dorfes-alaro\/#primaryimage\"},\"image\":{\"@id\":\"https:\/\/luisferdinand.com\/de\/house-de\/wohlfuhl-oase-mit-gastehaus-und-garage-in-mitten-des-dorfes-alaro\/#primaryimage\"},\"thumbnailUrl\":\"https:\/\/luisferdinand.com\/wp-content\/uploads\/2023\/04\/Luis-Ferdinand-RE15.jpeg\",\"datePublished\":\"2023-04-25T19:52:47+00:00\",\"dateModified\":\"2023-04-25T19:57:28+00:00\",\"description\":\"| Das von vor \u00fcber hunderten von Jahren, damalige Haus der Aristokraten wurde komplett Kern saniert und ausgebaut, basierend auf anspruchsvollster Qualit\u00e4t und feinster Technik. Kleinste Teile der Fassade und vom Innenausbau wurden sorgf\u00e4ltig ausgetauscht und ber\u00fccksichtigt, so dass Teil der Geschichte auf hohen Anspr\u00fcchen weitergelebt werden kann. Gewaltig hohe Decken mit Holzbalken in den Schlafr\u00e4umen, ein Atrium, das f\u00fcr die Innenr\u00e4ume Licht erstellt und mehrere Kamine verteilt in den verschiedenen R\u00e4umen sorgen f\u00fcr eine sinnliche und warme Umgebung. Jedoch, mag das Highlight nicht nur im Innenbereich sein, sondern die Outdoor Area mit langen Terrassen und dem getarnten, t\u00fcrkisen Pool mit Springbrunnen, ist ein harmonischer R\u00fcckzugsort f\u00fcr Ruhe und Frieden. Am Ende des Grundst\u00fccks ist ein Geb\u00e4ude, das wiederum als Garage im Erdgeschoss dient und im ersten Stock ein altes Atelier, das als G\u00e4steschlafzimmer umfunktionalisiert wurde.\",\"breadcrumb\":{\"@id\":\"https:\/\/luisferdinand.com\/de\/house-de\/wohlfuhl-oase-mit-gastehaus-und-garage-in-mitten-des-dorfes-alaro\/#breadcrumb\"},\"inLanguage\":\"de\",\"potentialAction\":[{\"@type\":\"ReadAction\",\"target\":[\"https:\/\/luisferdinand.com\/de\/house-de\/wohlfuhl-oase-mit-gastehaus-und-garage-in-mitten-des-dorfes-alaro\/\"]}]},{\"@type\":\"ImageObject\",\"inLanguage\":\"de\",\"@id\":\"https:\/\/luisferdinand.com\/de\/house-de\/wohlfuhl-oase-mit-gastehaus-und-garage-in-mitten-des-dorfes-alaro\/#primaryimage\",\"url\":\"https:\/\/luisferdinand.com\/wp-content\/uploads\/2023\/04\/Luis-Ferdinand-RE15.jpeg\",\"contentUrl\":\"https:\/\/luisferdinand.com\/wp-content\/uploads\/2023\/04\/Luis-Ferdinand-RE15.jpeg\",\"width\":1585,\"height\":1106},{\"@type\":\"BreadcrumbList\",\"@id\":\"https:\/\/luisferdinand.com\/de\/house-de\/wohlfuhl-oase-mit-gastehaus-und-garage-in-mitten-des-dorfes-alaro\/#breadcrumb\",\"itemListElement\":[{\"@type\":\"ListItem\",\"position\":1,\"name\":\"Portada\",\"item\":\"https:\/\/luisferdinand.com\/de\/\"},{\"@type\":\"ListItem\",\"position\":2,\"name\":\"House\",\"item\":\"https:\/\/luisferdinand.com\/de\/house-de\/\"},{\"@type\":\"ListItem\",\"position\":3,\"name\":\"Wohlf\u00fchl Oase mit G\u00e4stehaus und Garage, in Mitten des Dorfes Alar\u00f3\"}]},{\"@type\":\"WebSite\",\"@id\":\"https:\/\/luisferdinand.com\/de\/#website\",\"url\":\"https:\/\/luisferdinand.com\/de\/\",\"name\":\"Luis Ferdinand\",\"description\":\"Real estate in Mallorca\",\"publisher\":{\"@id\":\"https:\/\/luisferdinand.com\/de\/#organization\"},\"potentialAction\":[{\"@type\":\"SearchAction\",\"target\":{\"@type\":\"EntryPoint\",\"urlTemplate\":\"https:\/\/luisferdinand.com\/de\/?s={search_term_string}\"},\"query-input\":{\"@type\":\"PropertyValueSpecification\",\"valueRequired\":true,\"valueName\":\"search_term_string\"}}],\"inLanguage\":\"de\"},{\"@type\":\"Organization\",\"@id\":\"https:\/\/luisferdinand.com\/de\/#organization\",\"name\":\"Luis Ferdinand\",\"url\":\"https:\/\/luisferdinand.com\/de\/\",\"logo\":{\"@type\":\"ImageObject\",\"inLanguage\":\"de\",\"@id\":\"https:\/\/luisferdinand.com\/de\/#\/schema\/logo\/image\/\",\"url\":\"https:\/\/luisferdinand.com\/wp-content\/uploads\/2023\/03\/cropped-favicon-1.png\",\"contentUrl\":\"https:\/\/luisferdinand.com\/wp-content\/uploads\/2023\/03\/cropped-favicon-1.png\",\"width\":512,\"height\":512,\"caption\":\"Luis Ferdinand\"},\"image\":{\"@id\":\"https:\/\/luisferdinand.com\/de\/#\/schema\/logo\/image\/\"},\"sameAs\":[\"https:\/\/www.youtube.com\/@luisferdinandbock9962\"]}]}<\/script>\n<!-- \/ Yoast SEO plugin. -->","yoast_head_json":{"title":"Wohlf\u00fchl Oase mit G\u00e4stehaus und Garage, in Mitten des Dorfes Alar\u00f3 | Luis Ferdinand","description":"| Das von vor \u00fcber hunderten von Jahren, damalige Haus der Aristokraten wurde komplett Kern saniert und ausgebaut, basierend auf anspruchsvollster Qualit\u00e4t und feinster Technik. Kleinste Teile der Fassade und vom Innenausbau wurden sorgf\u00e4ltig ausgetauscht und ber\u00fccksichtigt, so dass Teil der Geschichte auf hohen Anspr\u00fcchen weitergelebt werden kann.  Gewaltig hohe Decken mit Holzbalken in den Schlafr\u00e4umen, ein Atrium, das f\u00fcr die Innenr\u00e4ume Licht erstellt und mehrere Kamine verteilt in den verschiedenen R\u00e4umen sorgen f\u00fcr eine sinnliche und warme Umgebung.  Jedoch, mag das Highlight nicht nur im Innenbereich sein, sondern die Outdoor Area mit langen Terrassen und dem getarnten, t\u00fcrkisen Pool mit Springbrunnen, ist ein harmonischer R\u00fcckzugsort f\u00fcr Ruhe und Frieden. Am Ende des Grundst\u00fccks ist ein Geb\u00e4ude, das wiederum als Garage im Erdgeschoss dient und im ersten Stock ein altes Atelier, das als G\u00e4steschlafzimmer umfunktionalisiert wurde.","robots":{"index":"index","follow":"follow","max-snippet":"max-snippet:-1","max-image-preview":"max-image-preview:large","max-video-preview":"max-video-preview:-1"},"canonical":"https:\/\/luisferdinand.com\/de\/house-de\/wohlfuhl-oase-mit-gastehaus-und-garage-in-mitten-des-dorfes-alaro\/","og_locale":"de_DE","og_type":"article","og_title":"Wohlf\u00fchl Oase mit G\u00e4stehaus und Garage, in Mitten des Dorfes Alar\u00f3 | Luis Ferdinand","og_description":"| Das von vor \u00fcber hunderten von Jahren, damalige Haus der Aristokraten wurde komplett Kern saniert und ausgebaut, basierend auf anspruchsvollster Qualit\u00e4t und feinster Technik. Kleinste Teile der Fassade und vom Innenausbau wurden sorgf\u00e4ltig ausgetauscht und ber\u00fccksichtigt, so dass Teil der Geschichte auf hohen Anspr\u00fcchen weitergelebt werden kann.  Gewaltig hohe Decken mit Holzbalken in den Schlafr\u00e4umen, ein Atrium, das f\u00fcr die Innenr\u00e4ume Licht erstellt und mehrere Kamine verteilt in den verschiedenen R\u00e4umen sorgen f\u00fcr eine sinnliche und warme Umgebung.  Jedoch, mag das Highlight nicht nur im Innenbereich sein, sondern die Outdoor Area mit langen Terrassen und dem getarnten, t\u00fcrkisen Pool mit Springbrunnen, ist ein harmonischer R\u00fcckzugsort f\u00fcr Ruhe und Frieden. Am Ende des Grundst\u00fccks ist ein Geb\u00e4ude, das wiederum als Garage im Erdgeschoss dient und im ersten Stock ein altes Atelier, das als G\u00e4steschlafzimmer umfunktionalisiert wurde.","og_url":"https:\/\/luisferdinand.com\/de\/house-de\/wohlfuhl-oase-mit-gastehaus-und-garage-in-mitten-des-dorfes-alaro\/","og_site_name":"Luis Ferdinand","article_modified_time":"2023-04-25T19:57:28+00:00","og_image":[{"width":1585,"height":1106,"url":"https:\/\/luisferdinand.com\/wp-content\/uploads\/2023\/04\/Luis-Ferdinand-RE15.jpeg","type":"image\/jpeg"}],"twitter_card":"summary_large_image","schema":{"@context":"https:\/\/schema.org","@graph":[{"@type":"WebPage","@id":"https:\/\/luisferdinand.com\/de\/house-de\/wohlfuhl-oase-mit-gastehaus-und-garage-in-mitten-des-dorfes-alaro\/","url":"https:\/\/luisferdinand.com\/de\/house-de\/wohlfuhl-oase-mit-gastehaus-und-garage-in-mitten-des-dorfes-alaro\/","name":"Wohlf\u00fchl Oase mit G\u00e4stehaus und Garage, in Mitten des Dorfes Alar\u00f3 | Luis Ferdinand","isPartOf":{"@id":"https:\/\/luisferdinand.com\/de\/#website"},"primaryImageOfPage":{"@id":"https:\/\/luisferdinand.com\/de\/house-de\/wohlfuhl-oase-mit-gastehaus-und-garage-in-mitten-des-dorfes-alaro\/#primaryimage"},"image":{"@id":"https:\/\/luisferdinand.com\/de\/house-de\/wohlfuhl-oase-mit-gastehaus-und-garage-in-mitten-des-dorfes-alaro\/#primaryimage"},"thumbnailUrl":"https:\/\/luisferdinand.com\/wp-content\/uploads\/2023\/04\/Luis-Ferdinand-RE15.jpeg","datePublished":"2023-04-25T19:52:47+00:00","dateModified":"2023-04-25T19:57:28+00:00","description":"| Das von vor \u00fcber hunderten von Jahren, damalige Haus der Aristokraten wurde komplett Kern saniert und ausgebaut, basierend auf anspruchsvollster Qualit\u00e4t und feinster Technik. Kleinste Teile der Fassade und vom Innenausbau wurden sorgf\u00e4ltig ausgetauscht und ber\u00fccksichtigt, so dass Teil der Geschichte auf hohen Anspr\u00fcchen weitergelebt werden kann. Gewaltig hohe Decken mit Holzbalken in den Schlafr\u00e4umen, ein Atrium, das f\u00fcr die Innenr\u00e4ume Licht erstellt und mehrere Kamine verteilt in den verschiedenen R\u00e4umen sorgen f\u00fcr eine sinnliche und warme Umgebung. Jedoch, mag das Highlight nicht nur im Innenbereich sein, sondern die Outdoor Area mit langen Terrassen und dem getarnten, t\u00fcrkisen Pool mit Springbrunnen, ist ein harmonischer R\u00fcckzugsort f\u00fcr Ruhe und Frieden. Am Ende des Grundst\u00fccks ist ein Geb\u00e4ude, das wiederum als Garage im Erdgeschoss dient und im ersten Stock ein altes Atelier, das als G\u00e4steschlafzimmer umfunktionalisiert wurde.","breadcrumb":{"@id":"https:\/\/luisferdinand.com\/de\/house-de\/wohlfuhl-oase-mit-gastehaus-und-garage-in-mitten-des-dorfes-alaro\/#breadcrumb"},"inLanguage":"de","potentialAction":[{"@type":"ReadAction","target":["https:\/\/luisferdinand.com\/de\/house-de\/wohlfuhl-oase-mit-gastehaus-und-garage-in-mitten-des-dorfes-alaro\/"]}]},{"@type":"ImageObject","inLanguage":"de","@id":"https:\/\/luisferdinand.com\/de\/house-de\/wohlfuhl-oase-mit-gastehaus-und-garage-in-mitten-des-dorfes-alaro\/#primaryimage","url":"https:\/\/luisferdinand.com\/wp-content\/uploads\/2023\/04\/Luis-Ferdinand-RE15.jpeg","contentUrl":"https:\/\/luisferdinand.com\/wp-content\/uploads\/2023\/04\/Luis-Ferdinand-RE15.jpeg","width":1585,"height":1106},{"@type":"BreadcrumbList","@id":"https:\/\/luisferdinand.com\/de\/house-de\/wohlfuhl-oase-mit-gastehaus-und-garage-in-mitten-des-dorfes-alaro\/#breadcrumb","itemListElement":[{"@type":"ListItem","position":1,"name":"Portada","item":"https:\/\/luisferdinand.com\/de\/"},{"@type":"ListItem","position":2,"name":"House","item":"https:\/\/luisferdinand.com\/de\/house-de\/"},{"@type":"ListItem","position":3,"name":"Wohlf\u00fchl Oase mit G\u00e4stehaus und Garage, in Mitten des Dorfes Alar\u00f3"}]},{"@type":"WebSite","@id":"https:\/\/luisferdinand.com\/de\/#website","url":"https:\/\/luisferdinand.com\/de\/","name":"Luis Ferdinand","description":"Real estate in Mallorca","publisher":{"@id":"https:\/\/luisferdinand.com\/de\/#organization"},"potentialAction":[{"@type":"SearchAction","target":{"@type":"EntryPoint","urlTemplate":"https:\/\/luisferdinand.com\/de\/?s={search_term_string}"},"query-input":{"@type":"PropertyValueSpecification","valueRequired":true,"valueName":"search_term_string"}}],"inLanguage":"de"},{"@type":"Organization","@id":"https:\/\/luisferdinand.com\/de\/#organization","name":"Luis Ferdinand","url":"https:\/\/luisferdinand.com\/de\/","logo":{"@type":"ImageObject","inLanguage":"de","@id":"https:\/\/luisferdinand.com\/de\/#\/schema\/logo\/image\/","url":"https:\/\/luisferdinand.com\/wp-content\/uploads\/2023\/03\/cropped-favicon-1.png","contentUrl":"https:\/\/luisferdinand.com\/wp-content\/uploads\/2023\/03\/cropped-favicon-1.png","width":512,"height":512,"caption":"Luis Ferdinand"},"image":{"@id":"https:\/\/luisferdinand.com\/de\/#\/schema\/logo\/image\/"},"sameAs":["https:\/\/www.youtube.com\/@luisferdinandbock9962"]}]}},"_links":{"self":[{"href":"https:\/\/luisferdinand.com\/de\/wp-json\/wp\/v2\/house\/6263","targetHints":{"allow":["GET"]}}],"collection":[{"href":"https:\/\/luisferdinand.com\/de\/wp-json\/wp\/v2\/house"}],"about":[{"href":"https:\/\/luisferdinand.com\/de\/wp-json\/wp\/v2\/types\/house"}],"author":[{"embeddable":true,"href":"https:\/\/luisferdinand.com\/de\/wp-json\/wp\/v2\/users\/2"}],"version-history":[{"count":2,"href":"https:\/\/luisferdinand.com\/de\/wp-json\/wp\/v2\/house\/6263\/revisions"}],"predecessor-version":[{"id":6268,"href":"https:\/\/luisferdinand.com\/de\/wp-json\/wp\/v2\/house\/6263\/revisions\/6268"}],"wp:featuredmedia":[{"embeddable":true,"href":"https:\/\/luisferdinand.com\/de\/wp-json\/wp\/v2\/media\/6261"}],"wp:attachment":[{"href":"https:\/\/luisferdinand.com\/de\/wp-json\/wp\/v2\/media?parent=6263"}],"wp:term":[{"taxonomy":"salerent","embeddable":true,"href":"https:\/\/luisferdinand.com\/de\/wp-json\/wp\/v2\/salerent?post=6263"},{"taxonomy":"state","embeddable":true,"href":"https:\/\/luisferdinand.com\/de\/wp-json\/wp\/v2\/state?post=6263"}],"curies":[{"name":"wp","href":"https:\/\/api.w.org\/{rel}","templated":true}]}}