{"id":4991,"date":"2023-04-08T20:07:06","date_gmt":"2023-04-08T20:07:06","guid":{"rendered":"https:\/\/luisferdinand.com\/house\/villa-estilo-rustico-mallorquin-en-alcudia-mallorca\/"},"modified":"2023-04-08T20:21:30","modified_gmt":"2023-04-08T20:21:30","slug":"rustikale-villa-im-mallorquinischen-stil-in-alcudia-mallorca","status":"publish","type":"house","link":"https:\/\/luisferdinand.com\/de\/house-de\/rustikale-villa-im-mallorquinischen-stil-in-alcudia-mallorca\/","title":{"rendered":"Rustikale Villa im mallorquinischen Stil in Alcudia, Mallorca."},"content":{"rendered":"","protected":false},"excerpt":{"rendered":"<p>Es hat eine bebaute Fl\u00e4che von 370 Quadratmetern auf 7.380 Metern Grundst\u00fcck. Diese gro\u00dfz\u00fcgige Villa bietet f\u00fcnf Schlafzimmer, eines davon en suite sowie vier Doppelzimmer mit Einbauschr\u00e4nken und Ankleideraum im Hauptschlafzimmer sowie zwei Badezimmer und zwei Toiletten mit K\u00fcche, Esszimmer und Waschk\u00fcche. Es hat mehrere Terrassen mit gro\u00dfen Steinb\u00f6gen, Schwimmbad und Garten. <\/p>\n<p>Inklusive Heizung, Kamin, Holzbalken und Doppelverglasung. Von der Terrasse aus hat die Villa einen Fernblick auf die Berge und das Meer. Genie\u00dfen Sie die Ruhe inmitten der Natur und die herrliche Aussicht in dieser privilegierten Lage.<br \/>\nEs liegt nur 5 Minuten von Alcudia, einem der sch\u00f6nsten D\u00f6rfer Spaniens, entfernt.<\/p>\n","protected":false},"author":1,"featured_media":4935,"parent":0,"menu_order":0,"template":"","meta":{"_acf_changed":false,"footnotes":""},"salerent":[],"state":[],"class_list":["post-4991","house","type-house","status-publish","has-post-thumbnail","hentry"],"acf":[],"yoast_head":"<!-- This site is optimized with the Yoast SEO plugin v24.2 - https:\/\/yoast.com\/wordpress\/plugins\/seo\/ -->\n<title>Rustikale Villa im mallorquinischen Stil in Alcudia, Mallorca. | Luis Ferdinand<\/title>\n<meta name=\"description\" content=\"| Es hat eine bebaute Fl\u00e4che von 370 Quadratmetern auf 7.380 Metern Grundst\u00fcck. Diese gro\u00dfz\u00fcgige Villa bietet f\u00fcnf Schlafzimmer, eines davon en suite sowie vier Doppelzimmer mit Einbauschr\u00e4nken und Ankleideraum im Hauptschlafzimmer sowie zwei Badezimmer und zwei Toiletten mit K\u00fcche, Esszimmer und Waschk\u00fcche. Es hat mehrere Terrassen mit gro\u00dfen Steinb\u00f6gen, Schwimmbad und Garten.   Inklusive Heizung, Kamin, Holzbalken und Doppelverglasung. Von der Terrasse aus hat die Villa einen Fernblick auf die Berge und das Meer. Genie\u00dfen Sie die Ruhe inmitten der Natur und die herrliche Aussicht in dieser privilegierten Lage. Es liegt nur 5 Minuten von Alcudia, einem der sch\u00f6nsten D\u00f6rfer Spaniens, entfernt.\" \/>\n<meta name=\"robots\" content=\"index, follow, max-snippet:-1, max-image-preview:large, max-video-preview:-1\" \/>\n<link rel=\"canonical\" href=\"https:\/\/luisferdinand.com\/de\/house-de\/rustikale-villa-im-mallorquinischen-stil-in-alcudia-mallorca\/\" \/>\n<meta property=\"og:locale\" content=\"de_DE\" \/>\n<meta property=\"og:type\" content=\"article\" \/>\n<meta property=\"og:title\" content=\"Rustikale Villa im mallorquinischen Stil in Alcudia, Mallorca. | Luis Ferdinand\" \/>\n<meta property=\"og:description\" content=\"| Es hat eine bebaute Fl\u00e4che von 370 Quadratmetern auf 7.380 Metern Grundst\u00fcck. Diese gro\u00dfz\u00fcgige Villa bietet f\u00fcnf Schlafzimmer, eines davon en suite sowie vier Doppelzimmer mit Einbauschr\u00e4nken und Ankleideraum im Hauptschlafzimmer sowie zwei Badezimmer und zwei Toiletten mit K\u00fcche, Esszimmer und Waschk\u00fcche. Es hat mehrere Terrassen mit gro\u00dfen Steinb\u00f6gen, Schwimmbad und Garten.   Inklusive Heizung, Kamin, Holzbalken und Doppelverglasung. Von der Terrasse aus hat die Villa einen Fernblick auf die Berge und das Meer. Genie\u00dfen Sie die Ruhe inmitten der Natur und die herrliche Aussicht in dieser privilegierten Lage. Es liegt nur 5 Minuten von Alcudia, einem der sch\u00f6nsten D\u00f6rfer Spaniens, entfernt.\" \/>\n<meta property=\"og:url\" content=\"https:\/\/luisferdinand.com\/de\/house-de\/rustikale-villa-im-mallorquinischen-stil-in-alcudia-mallorca\/\" \/>\n<meta property=\"og:site_name\" content=\"Luis Ferdinand\" \/>\n<meta property=\"article:modified_time\" content=\"2023-04-08T20:21:30+00:00\" \/>\n<meta property=\"og:image\" content=\"https:\/\/luisferdinand.com\/wp-content\/uploads\/2023\/04\/destacado.jpg\" \/>\n\t<meta property=\"og:image:width\" content=\"1920\" \/>\n\t<meta property=\"og:image:height\" content=\"1080\" \/>\n\t<meta property=\"og:image:type\" content=\"image\/jpeg\" \/>\n<meta name=\"twitter:card\" content=\"summary_large_image\" \/>\n<script type=\"application\/ld+json\" class=\"yoast-schema-graph\">{\"@context\":\"https:\/\/schema.org\",\"@graph\":[{\"@type\":\"WebPage\",\"@id\":\"https:\/\/luisferdinand.com\/de\/house-de\/rustikale-villa-im-mallorquinischen-stil-in-alcudia-mallorca\/\",\"url\":\"https:\/\/luisferdinand.com\/de\/house-de\/rustikale-villa-im-mallorquinischen-stil-in-alcudia-mallorca\/\",\"name\":\"Rustikale Villa im mallorquinischen Stil in Alcudia, Mallorca. | Luis Ferdinand\",\"isPartOf\":{\"@id\":\"https:\/\/luisferdinand.com\/de\/#website\"},\"primaryImageOfPage\":{\"@id\":\"https:\/\/luisferdinand.com\/de\/house-de\/rustikale-villa-im-mallorquinischen-stil-in-alcudia-mallorca\/#primaryimage\"},\"image\":{\"@id\":\"https:\/\/luisferdinand.com\/de\/house-de\/rustikale-villa-im-mallorquinischen-stil-in-alcudia-mallorca\/#primaryimage\"},\"thumbnailUrl\":\"https:\/\/luisferdinand.com\/wp-content\/uploads\/2023\/04\/destacado.jpg\",\"datePublished\":\"2023-04-08T20:07:06+00:00\",\"dateModified\":\"2023-04-08T20:21:30+00:00\",\"description\":\"| Es hat eine bebaute Fl\u00e4che von 370 Quadratmetern auf 7.380 Metern Grundst\u00fcck. Diese gro\u00dfz\u00fcgige Villa bietet f\u00fcnf Schlafzimmer, eines davon en suite sowie vier Doppelzimmer mit Einbauschr\u00e4nken und Ankleideraum im Hauptschlafzimmer sowie zwei Badezimmer und zwei Toiletten mit K\u00fcche, Esszimmer und Waschk\u00fcche. Es hat mehrere Terrassen mit gro\u00dfen Steinb\u00f6gen, Schwimmbad und Garten. Inklusive Heizung, Kamin, Holzbalken und Doppelverglasung. Von der Terrasse aus hat die Villa einen Fernblick auf die Berge und das Meer. Genie\u00dfen Sie die Ruhe inmitten der Natur und die herrliche Aussicht in dieser privilegierten Lage. Es liegt nur 5 Minuten von Alcudia, einem der sch\u00f6nsten D\u00f6rfer Spaniens, entfernt.\",\"breadcrumb\":{\"@id\":\"https:\/\/luisferdinand.com\/de\/house-de\/rustikale-villa-im-mallorquinischen-stil-in-alcudia-mallorca\/#breadcrumb\"},\"inLanguage\":\"de\",\"potentialAction\":[{\"@type\":\"ReadAction\",\"target\":[\"https:\/\/luisferdinand.com\/de\/house-de\/rustikale-villa-im-mallorquinischen-stil-in-alcudia-mallorca\/\"]}]},{\"@type\":\"ImageObject\",\"inLanguage\":\"de\",\"@id\":\"https:\/\/luisferdinand.com\/de\/house-de\/rustikale-villa-im-mallorquinischen-stil-in-alcudia-mallorca\/#primaryimage\",\"url\":\"https:\/\/luisferdinand.com\/wp-content\/uploads\/2023\/04\/destacado.jpg\",\"contentUrl\":\"https:\/\/luisferdinand.com\/wp-content\/uploads\/2023\/04\/destacado.jpg\",\"width\":1920,\"height\":1080},{\"@type\":\"BreadcrumbList\",\"@id\":\"https:\/\/luisferdinand.com\/de\/house-de\/rustikale-villa-im-mallorquinischen-stil-in-alcudia-mallorca\/#breadcrumb\",\"itemListElement\":[{\"@type\":\"ListItem\",\"position\":1,\"name\":\"Portada\",\"item\":\"https:\/\/luisferdinand.com\/de\/\"},{\"@type\":\"ListItem\",\"position\":2,\"name\":\"House\",\"item\":\"https:\/\/luisferdinand.com\/de\/house-de\/\"},{\"@type\":\"ListItem\",\"position\":3,\"name\":\"Rustikale Villa im mallorquinischen Stil in Alcudia, Mallorca.\"}]},{\"@type\":\"WebSite\",\"@id\":\"https:\/\/luisferdinand.com\/de\/#website\",\"url\":\"https:\/\/luisferdinand.com\/de\/\",\"name\":\"Luis Ferdinand\",\"description\":\"Real estate in Mallorca\",\"publisher\":{\"@id\":\"https:\/\/luisferdinand.com\/de\/#organization\"},\"potentialAction\":[{\"@type\":\"SearchAction\",\"target\":{\"@type\":\"EntryPoint\",\"urlTemplate\":\"https:\/\/luisferdinand.com\/de\/?s={search_term_string}\"},\"query-input\":{\"@type\":\"PropertyValueSpecification\",\"valueRequired\":true,\"valueName\":\"search_term_string\"}}],\"inLanguage\":\"de\"},{\"@type\":\"Organization\",\"@id\":\"https:\/\/luisferdinand.com\/de\/#organization\",\"name\":\"Luis Ferdinand\",\"url\":\"https:\/\/luisferdinand.com\/de\/\",\"logo\":{\"@type\":\"ImageObject\",\"inLanguage\":\"de\",\"@id\":\"https:\/\/luisferdinand.com\/de\/#\/schema\/logo\/image\/\",\"url\":\"https:\/\/luisferdinand.com\/wp-content\/uploads\/2023\/03\/cropped-favicon-1.png\",\"contentUrl\":\"https:\/\/luisferdinand.com\/wp-content\/uploads\/2023\/03\/cropped-favicon-1.png\",\"width\":512,\"height\":512,\"caption\":\"Luis Ferdinand\"},\"image\":{\"@id\":\"https:\/\/luisferdinand.com\/de\/#\/schema\/logo\/image\/\"},\"sameAs\":[\"https:\/\/www.youtube.com\/@luisferdinandbock9962\"]}]}<\/script>\n<!-- \/ Yoast SEO plugin. -->","yoast_head_json":{"title":"Rustikale Villa im mallorquinischen Stil in Alcudia, Mallorca. | Luis Ferdinand","description":"| Es hat eine bebaute Fl\u00e4che von 370 Quadratmetern auf 7.380 Metern Grundst\u00fcck. Diese gro\u00dfz\u00fcgige Villa bietet f\u00fcnf Schlafzimmer, eines davon en suite sowie vier Doppelzimmer mit Einbauschr\u00e4nken und Ankleideraum im Hauptschlafzimmer sowie zwei Badezimmer und zwei Toiletten mit K\u00fcche, Esszimmer und Waschk\u00fcche. Es hat mehrere Terrassen mit gro\u00dfen Steinb\u00f6gen, Schwimmbad und Garten.   Inklusive Heizung, Kamin, Holzbalken und Doppelverglasung. Von der Terrasse aus hat die Villa einen Fernblick auf die Berge und das Meer. Genie\u00dfen Sie die Ruhe inmitten der Natur und die herrliche Aussicht in dieser privilegierten Lage. Es liegt nur 5 Minuten von Alcudia, einem der sch\u00f6nsten D\u00f6rfer Spaniens, entfernt.","robots":{"index":"index","follow":"follow","max-snippet":"max-snippet:-1","max-image-preview":"max-image-preview:large","max-video-preview":"max-video-preview:-1"},"canonical":"https:\/\/luisferdinand.com\/de\/house-de\/rustikale-villa-im-mallorquinischen-stil-in-alcudia-mallorca\/","og_locale":"de_DE","og_type":"article","og_title":"Rustikale Villa im mallorquinischen Stil in Alcudia, Mallorca. | Luis Ferdinand","og_description":"| Es hat eine bebaute Fl\u00e4che von 370 Quadratmetern auf 7.380 Metern Grundst\u00fcck. Diese gro\u00dfz\u00fcgige Villa bietet f\u00fcnf Schlafzimmer, eines davon en suite sowie vier Doppelzimmer mit Einbauschr\u00e4nken und Ankleideraum im Hauptschlafzimmer sowie zwei Badezimmer und zwei Toiletten mit K\u00fcche, Esszimmer und Waschk\u00fcche. Es hat mehrere Terrassen mit gro\u00dfen Steinb\u00f6gen, Schwimmbad und Garten.   Inklusive Heizung, Kamin, Holzbalken und Doppelverglasung. Von der Terrasse aus hat die Villa einen Fernblick auf die Berge und das Meer. Genie\u00dfen Sie die Ruhe inmitten der Natur und die herrliche Aussicht in dieser privilegierten Lage. Es liegt nur 5 Minuten von Alcudia, einem der sch\u00f6nsten D\u00f6rfer Spaniens, entfernt.","og_url":"https:\/\/luisferdinand.com\/de\/house-de\/rustikale-villa-im-mallorquinischen-stil-in-alcudia-mallorca\/","og_site_name":"Luis Ferdinand","article_modified_time":"2023-04-08T20:21:30+00:00","og_image":[{"width":1920,"height":1080,"url":"https:\/\/luisferdinand.com\/wp-content\/uploads\/2023\/04\/destacado.jpg","type":"image\/jpeg"}],"twitter_card":"summary_large_image","schema":{"@context":"https:\/\/schema.org","@graph":[{"@type":"WebPage","@id":"https:\/\/luisferdinand.com\/de\/house-de\/rustikale-villa-im-mallorquinischen-stil-in-alcudia-mallorca\/","url":"https:\/\/luisferdinand.com\/de\/house-de\/rustikale-villa-im-mallorquinischen-stil-in-alcudia-mallorca\/","name":"Rustikale Villa im mallorquinischen Stil in Alcudia, Mallorca. | Luis Ferdinand","isPartOf":{"@id":"https:\/\/luisferdinand.com\/de\/#website"},"primaryImageOfPage":{"@id":"https:\/\/luisferdinand.com\/de\/house-de\/rustikale-villa-im-mallorquinischen-stil-in-alcudia-mallorca\/#primaryimage"},"image":{"@id":"https:\/\/luisferdinand.com\/de\/house-de\/rustikale-villa-im-mallorquinischen-stil-in-alcudia-mallorca\/#primaryimage"},"thumbnailUrl":"https:\/\/luisferdinand.com\/wp-content\/uploads\/2023\/04\/destacado.jpg","datePublished":"2023-04-08T20:07:06+00:00","dateModified":"2023-04-08T20:21:30+00:00","description":"| Es hat eine bebaute Fl\u00e4che von 370 Quadratmetern auf 7.380 Metern Grundst\u00fcck. Diese gro\u00dfz\u00fcgige Villa bietet f\u00fcnf Schlafzimmer, eines davon en suite sowie vier Doppelzimmer mit Einbauschr\u00e4nken und Ankleideraum im Hauptschlafzimmer sowie zwei Badezimmer und zwei Toiletten mit K\u00fcche, Esszimmer und Waschk\u00fcche. Es hat mehrere Terrassen mit gro\u00dfen Steinb\u00f6gen, Schwimmbad und Garten. Inklusive Heizung, Kamin, Holzbalken und Doppelverglasung. Von der Terrasse aus hat die Villa einen Fernblick auf die Berge und das Meer. Genie\u00dfen Sie die Ruhe inmitten der Natur und die herrliche Aussicht in dieser privilegierten Lage. Es liegt nur 5 Minuten von Alcudia, einem der sch\u00f6nsten D\u00f6rfer Spaniens, entfernt.","breadcrumb":{"@id":"https:\/\/luisferdinand.com\/de\/house-de\/rustikale-villa-im-mallorquinischen-stil-in-alcudia-mallorca\/#breadcrumb"},"inLanguage":"de","potentialAction":[{"@type":"ReadAction","target":["https:\/\/luisferdinand.com\/de\/house-de\/rustikale-villa-im-mallorquinischen-stil-in-alcudia-mallorca\/"]}]},{"@type":"ImageObject","inLanguage":"de","@id":"https:\/\/luisferdinand.com\/de\/house-de\/rustikale-villa-im-mallorquinischen-stil-in-alcudia-mallorca\/#primaryimage","url":"https:\/\/luisferdinand.com\/wp-content\/uploads\/2023\/04\/destacado.jpg","contentUrl":"https:\/\/luisferdinand.com\/wp-content\/uploads\/2023\/04\/destacado.jpg","width":1920,"height":1080},{"@type":"BreadcrumbList","@id":"https:\/\/luisferdinand.com\/de\/house-de\/rustikale-villa-im-mallorquinischen-stil-in-alcudia-mallorca\/#breadcrumb","itemListElement":[{"@type":"ListItem","position":1,"name":"Portada","item":"https:\/\/luisferdinand.com\/de\/"},{"@type":"ListItem","position":2,"name":"House","item":"https:\/\/luisferdinand.com\/de\/house-de\/"},{"@type":"ListItem","position":3,"name":"Rustikale Villa im mallorquinischen Stil in Alcudia, Mallorca."}]},{"@type":"WebSite","@id":"https:\/\/luisferdinand.com\/de\/#website","url":"https:\/\/luisferdinand.com\/de\/","name":"Luis Ferdinand","description":"Real estate in Mallorca","publisher":{"@id":"https:\/\/luisferdinand.com\/de\/#organization"},"potentialAction":[{"@type":"SearchAction","target":{"@type":"EntryPoint","urlTemplate":"https:\/\/luisferdinand.com\/de\/?s={search_term_string}"},"query-input":{"@type":"PropertyValueSpecification","valueRequired":true,"valueName":"search_term_string"}}],"inLanguage":"de"},{"@type":"Organization","@id":"https:\/\/luisferdinand.com\/de\/#organization","name":"Luis Ferdinand","url":"https:\/\/luisferdinand.com\/de\/","logo":{"@type":"ImageObject","inLanguage":"de","@id":"https:\/\/luisferdinand.com\/de\/#\/schema\/logo\/image\/","url":"https:\/\/luisferdinand.com\/wp-content\/uploads\/2023\/03\/cropped-favicon-1.png","contentUrl":"https:\/\/luisferdinand.com\/wp-content\/uploads\/2023\/03\/cropped-favicon-1.png","width":512,"height":512,"caption":"Luis Ferdinand"},"image":{"@id":"https:\/\/luisferdinand.com\/de\/#\/schema\/logo\/image\/"},"sameAs":["https:\/\/www.youtube.com\/@luisferdinandbock9962"]}]}},"_links":{"self":[{"href":"https:\/\/luisferdinand.com\/de\/wp-json\/wp\/v2\/house\/4991","targetHints":{"allow":["GET"]}}],"collection":[{"href":"https:\/\/luisferdinand.com\/de\/wp-json\/wp\/v2\/house"}],"about":[{"href":"https:\/\/luisferdinand.com\/de\/wp-json\/wp\/v2\/types\/house"}],"author":[{"embeddable":true,"href":"https:\/\/luisferdinand.com\/de\/wp-json\/wp\/v2\/users\/1"}],"version-history":[{"count":2,"href":"https:\/\/luisferdinand.com\/de\/wp-json\/wp\/v2\/house\/4991\/revisions"}],"predecessor-version":[{"id":4996,"href":"https:\/\/luisferdinand.com\/de\/wp-json\/wp\/v2\/house\/4991\/revisions\/4996"}],"wp:featuredmedia":[{"embeddable":true,"href":"https:\/\/luisferdinand.com\/de\/wp-json\/wp\/v2\/media\/4935"}],"wp:attachment":[{"href":"https:\/\/luisferdinand.com\/de\/wp-json\/wp\/v2\/media?parent=4991"}],"wp:term":[{"taxonomy":"salerent","embeddable":true,"href":"https:\/\/luisferdinand.com\/de\/wp-json\/wp\/v2\/salerent?post=4991"},{"taxonomy":"state","embeddable":true,"href":"https:\/\/luisferdinand.com\/de\/wp-json\/wp\/v2\/state?post=4991"}],"curies":[{"name":"wp","href":"https:\/\/api.w.org\/{rel}","templated":true}]}}