{"id":4487,"date":"2023-03-22T11:16:55","date_gmt":"2023-03-22T11:16:55","guid":{"rendered":"https:\/\/luisferdinand.com\/house\/finca-en-la-ladera-con-casa-de-huespedes-opcional-y-a-poca-distancia-del-pueblo\/"},"modified":"2023-04-25T19:33:42","modified_gmt":"2023-04-25T19:33:42","slug":"im-hang-liegendes-weingut-mit-optionalen-gastehaus-und-fusslaufig-ins-dorf","status":"publish","type":"house","link":"https:\/\/luisferdinand.com\/de\/house-de\/im-hang-liegendes-weingut-mit-optionalen-gastehaus-und-fusslaufig-ins-dorf\/","title":{"rendered":"<strong>Im Hang liegendes Weingut mit optionalen G\u00e4stehaus und fussl\u00e4ufig ins Dorf<\/strong>"},"content":{"rendered":"","protected":false},"excerpt":{"rendered":"<p>Diese einzigartig gelegene Finca, verschlungen im Weinanbau-Hang mit herabschauendem Blick auf das Dorf, ist eine mediterrane Oase.<\/p>\n<p>Nur wenige fu\u00dfl\u00e4ufige Meter von dem Marktplatz Alar\u00f3 entfernt, kann das magische Landgut erreicht werden. Gleich bei der Auffahrt der Finca kommt ein wohlf\u00fchlendes Gef\u00fchl auf. Dadurch, dass der Anfahrtsweg bis zum Haus sich zwischen Zypressen, einen angelegten Hang von Wein und \u00fcber einem B\u00e4chlein hoch schl\u00e4ngelt, kommt man sich vor wie in einem M\u00e4rchen. So viel Liebe zum Detail, ist beim angelegten Garten zu sp\u00fcren. <\/p>\n<p>Kurz vor dem Imposanten Haus, mit naturstein verkleidet, kommt ein kleines T\u00f6rchen zwischen zwei hohe Kolumnen, dass zugleich das Begr\u00fc\u00dfungssignal der Weingutes bedeutet. \u201cWillkommen Zuhause\u201d.<\/p>\n<p>Optional, im hinteren Teil des Grundst\u00fccks besteht die M\u00f6glichkeit ein zweites Agrar-H\u00e4uschen von ca. 150 Quadratmetern zu bauen. Ob es als G\u00e4stehaus oder als Traktoren Garage genutzt werden k\u00f6nnte, bleibt nat\u00fcrlich jedem offen. <\/p>\n<p>Im Interior-Design des Haupthauses wird ein puristisch &#8211; mediterraner &#8211; moderner Lifestyle eingeatmet. Kamine in fast jedem Zimmer, die den majest\u00e4tischen Charakter hervorheben, dennoch mit Creme\/Natur farbigen T\u00f6nen wieder auf ein mediterranes Ambiente zur\u00fcckweisen. <\/p>\n<p>Der grosse Raum der K\u00fcche und dem Esszimmer ist ein Platz f\u00fcr Geselligkeit. So sch\u00f6n hell, mit Blick auf den bl\u00fchenden Garten, l\u00e4sst einen inneren Frieden aufkommen. <\/p>\n","protected":false},"author":2,"featured_media":3893,"parent":0,"menu_order":0,"template":"","meta":{"_acf_changed":false,"footnotes":""},"salerent":[],"state":[24],"class_list":["post-4487","house","type-house","status-publish","has-post-thumbnail","hentry","state-favorites"],"acf":[],"yoast_head":"<!-- This site is optimized with the Yoast SEO plugin v24.2 - https:\/\/yoast.com\/wordpress\/plugins\/seo\/ -->\n<title>Im Hang liegendes Weingut mit optionalen G\u00e4stehaus und fussl\u00e4ufig ins Dorf | Luis Ferdinand<\/title>\n<meta name=\"description\" content=\"| Diese einzigartig gelegene Finca, verschlungen im Weinanbau-Hang mit herabschauendem Blick auf das Dorf, ist eine mediterrane Oase. Nur wenige fu\u00dfl\u00e4ufige Meter von dem Marktplatz Alar\u00f3 entfernt, kann das magische Landgut erreicht werden. Gleich bei der Auffahrt der Finca kommt ein wohlf\u00fchlendes Gef\u00fchl auf. Dadurch, dass der Anfahrtsweg bis zum Haus sich zwischen Zypressen, einen angelegten Hang von Wein und \u00fcber einem B\u00e4chlein hoch schl\u00e4ngelt, kommt man sich vor wie in einem M\u00e4rchen. So viel Liebe zum Detail, ist beim angelegten Garten zu sp\u00fcren.  Kurz vor dem Imposanten Haus, mit naturstein verkleidet, kommt ein kleines T\u00f6rchen zwischen zwei hohe Kolumnen, dass zugleich das Begr\u00fc\u00dfungssignal der Weingutes bedeutet. \u201cWillkommen Zuhause\u201d. Optional, im hinteren Teil des Grundst\u00fccks besteht die M\u00f6glichkeit ein zweites Agrar-H\u00e4uschen von ca. 150 Quadratmetern zu bauen. Ob es als G\u00e4stehaus oder als Traktoren Garage genutzt werden k\u00f6nnte, bleibt nat\u00fcrlich jedem offen.  Im Interior-Design des Haupthauses wird ein puristisch - mediterraner - moderner Lifestyle eingeatmet. Kamine in fast jedem Zimmer, die den majest\u00e4tischen Charakter hervorheben, dennoch mit Creme\/Natur farbigen T\u00f6nen wieder auf ein mediterranes Ambiente zur\u00fcckweisen.  Der grosse Raum der K\u00fcche und dem Esszimmer ist ein Platz f\u00fcr Geselligkeit. So sch\u00f6n hell, mit Blick auf den bl\u00fchenden Garten, l\u00e4sst einen inneren Frieden aufkommen.\" \/>\n<meta name=\"robots\" content=\"index, follow, max-snippet:-1, max-image-preview:large, max-video-preview:-1\" \/>\n<link rel=\"canonical\" href=\"https:\/\/luisferdinand.com\/de\/house-de\/im-hang-liegendes-weingut-mit-optionalen-gastehaus-und-fusslaufig-ins-dorf\/\" \/>\n<meta property=\"og:locale\" content=\"de_DE\" \/>\n<meta property=\"og:type\" content=\"article\" \/>\n<meta property=\"og:title\" content=\"Im Hang liegendes Weingut mit optionalen G\u00e4stehaus und fussl\u00e4ufig ins Dorf | Luis Ferdinand\" \/>\n<meta property=\"og:description\" content=\"| Diese einzigartig gelegene Finca, verschlungen im Weinanbau-Hang mit herabschauendem Blick auf das Dorf, ist eine mediterrane Oase. Nur wenige fu\u00dfl\u00e4ufige Meter von dem Marktplatz Alar\u00f3 entfernt, kann das magische Landgut erreicht werden. Gleich bei der Auffahrt der Finca kommt ein wohlf\u00fchlendes Gef\u00fchl auf. Dadurch, dass der Anfahrtsweg bis zum Haus sich zwischen Zypressen, einen angelegten Hang von Wein und \u00fcber einem B\u00e4chlein hoch schl\u00e4ngelt, kommt man sich vor wie in einem M\u00e4rchen. So viel Liebe zum Detail, ist beim angelegten Garten zu sp\u00fcren.  Kurz vor dem Imposanten Haus, mit naturstein verkleidet, kommt ein kleines T\u00f6rchen zwischen zwei hohe Kolumnen, dass zugleich das Begr\u00fc\u00dfungssignal der Weingutes bedeutet. \u201cWillkommen Zuhause\u201d. Optional, im hinteren Teil des Grundst\u00fccks besteht die M\u00f6glichkeit ein zweites Agrar-H\u00e4uschen von ca. 150 Quadratmetern zu bauen. Ob es als G\u00e4stehaus oder als Traktoren Garage genutzt werden k\u00f6nnte, bleibt nat\u00fcrlich jedem offen.  Im Interior-Design des Haupthauses wird ein puristisch - mediterraner - moderner Lifestyle eingeatmet. Kamine in fast jedem Zimmer, die den majest\u00e4tischen Charakter hervorheben, dennoch mit Creme\/Natur farbigen T\u00f6nen wieder auf ein mediterranes Ambiente zur\u00fcckweisen.  Der grosse Raum der K\u00fcche und dem Esszimmer ist ein Platz f\u00fcr Geselligkeit. So sch\u00f6n hell, mit Blick auf den bl\u00fchenden Garten, l\u00e4sst einen inneren Frieden aufkommen.\" \/>\n<meta property=\"og:url\" content=\"https:\/\/luisferdinand.com\/de\/house-de\/im-hang-liegendes-weingut-mit-optionalen-gastehaus-und-fusslaufig-ins-dorf\/\" \/>\n<meta property=\"og:site_name\" content=\"Luis Ferdinand\" \/>\n<meta property=\"article:modified_time\" content=\"2023-04-25T19:33:42+00:00\" \/>\n<meta property=\"og:image\" content=\"https:\/\/luisferdinand.com\/wp-content\/uploads\/2023\/03\/Luis-Ferdinand-RE1-5.jpg\" \/>\n\t<meta property=\"og:image:width\" content=\"1764\" \/>\n\t<meta property=\"og:image:height\" content=\"910\" \/>\n\t<meta property=\"og:image:type\" content=\"image\/jpeg\" \/>\n<meta name=\"twitter:card\" content=\"summary_large_image\" \/>\n<script type=\"application\/ld+json\" class=\"yoast-schema-graph\">{\"@context\":\"https:\/\/schema.org\",\"@graph\":[{\"@type\":\"WebPage\",\"@id\":\"https:\/\/luisferdinand.com\/de\/house-de\/im-hang-liegendes-weingut-mit-optionalen-gastehaus-und-fusslaufig-ins-dorf\/\",\"url\":\"https:\/\/luisferdinand.com\/de\/house-de\/im-hang-liegendes-weingut-mit-optionalen-gastehaus-und-fusslaufig-ins-dorf\/\",\"name\":\"Im Hang liegendes Weingut mit optionalen G\u00e4stehaus und fussl\u00e4ufig ins Dorf | Luis Ferdinand\",\"isPartOf\":{\"@id\":\"https:\/\/luisferdinand.com\/de\/#website\"},\"primaryImageOfPage\":{\"@id\":\"https:\/\/luisferdinand.com\/de\/house-de\/im-hang-liegendes-weingut-mit-optionalen-gastehaus-und-fusslaufig-ins-dorf\/#primaryimage\"},\"image\":{\"@id\":\"https:\/\/luisferdinand.com\/de\/house-de\/im-hang-liegendes-weingut-mit-optionalen-gastehaus-und-fusslaufig-ins-dorf\/#primaryimage\"},\"thumbnailUrl\":\"https:\/\/luisferdinand.com\/wp-content\/uploads\/2023\/03\/Luis-Ferdinand-RE1-5.jpg\",\"datePublished\":\"2023-03-22T11:16:55+00:00\",\"dateModified\":\"2023-04-25T19:33:42+00:00\",\"description\":\"| Diese einzigartig gelegene Finca, verschlungen im Weinanbau-Hang mit herabschauendem Blick auf das Dorf, ist eine mediterrane Oase. Nur wenige fu\u00dfl\u00e4ufige Meter von dem Marktplatz Alar\u00f3 entfernt, kann das magische Landgut erreicht werden. Gleich bei der Auffahrt der Finca kommt ein wohlf\u00fchlendes Gef\u00fchl auf. Dadurch, dass der Anfahrtsweg bis zum Haus sich zwischen Zypressen, einen angelegten Hang von Wein und \u00fcber einem B\u00e4chlein hoch schl\u00e4ngelt, kommt man sich vor wie in einem M\u00e4rchen. So viel Liebe zum Detail, ist beim angelegten Garten zu sp\u00fcren. Kurz vor dem Imposanten Haus, mit naturstein verkleidet, kommt ein kleines T\u00f6rchen zwischen zwei hohe Kolumnen, dass zugleich das Begr\u00fc\u00dfungssignal der Weingutes bedeutet. \u201cWillkommen Zuhause\u201d. Optional, im hinteren Teil des Grundst\u00fccks besteht die M\u00f6glichkeit ein zweites Agrar-H\u00e4uschen von ca. 150 Quadratmetern zu bauen. Ob es als G\u00e4stehaus oder als Traktoren Garage genutzt werden k\u00f6nnte, bleibt nat\u00fcrlich jedem offen. Im Interior-Design des Haupthauses wird ein puristisch - mediterraner - moderner Lifestyle eingeatmet. Kamine in fast jedem Zimmer, die den majest\u00e4tischen Charakter hervorheben, dennoch mit Creme\/Natur farbigen T\u00f6nen wieder auf ein mediterranes Ambiente zur\u00fcckweisen. Der grosse Raum der K\u00fcche und dem Esszimmer ist ein Platz f\u00fcr Geselligkeit. So sch\u00f6n hell, mit Blick auf den bl\u00fchenden Garten, l\u00e4sst einen inneren Frieden aufkommen.\",\"breadcrumb\":{\"@id\":\"https:\/\/luisferdinand.com\/de\/house-de\/im-hang-liegendes-weingut-mit-optionalen-gastehaus-und-fusslaufig-ins-dorf\/#breadcrumb\"},\"inLanguage\":\"de\",\"potentialAction\":[{\"@type\":\"ReadAction\",\"target\":[\"https:\/\/luisferdinand.com\/de\/house-de\/im-hang-liegendes-weingut-mit-optionalen-gastehaus-und-fusslaufig-ins-dorf\/\"]}]},{\"@type\":\"ImageObject\",\"inLanguage\":\"de\",\"@id\":\"https:\/\/luisferdinand.com\/de\/house-de\/im-hang-liegendes-weingut-mit-optionalen-gastehaus-und-fusslaufig-ins-dorf\/#primaryimage\",\"url\":\"https:\/\/luisferdinand.com\/wp-content\/uploads\/2023\/03\/Luis-Ferdinand-RE1-5.jpg\",\"contentUrl\":\"https:\/\/luisferdinand.com\/wp-content\/uploads\/2023\/03\/Luis-Ferdinand-RE1-5.jpg\",\"width\":1764,\"height\":910},{\"@type\":\"BreadcrumbList\",\"@id\":\"https:\/\/luisferdinand.com\/de\/house-de\/im-hang-liegendes-weingut-mit-optionalen-gastehaus-und-fusslaufig-ins-dorf\/#breadcrumb\",\"itemListElement\":[{\"@type\":\"ListItem\",\"position\":1,\"name\":\"Portada\",\"item\":\"https:\/\/luisferdinand.com\/de\/\"},{\"@type\":\"ListItem\",\"position\":2,\"name\":\"House\",\"item\":\"https:\/\/luisferdinand.com\/de\/house-de\/\"},{\"@type\":\"ListItem\",\"position\":3,\"name\":\"Im Hang liegendes Weingut mit optionalen G\u00e4stehaus und fussl\u00e4ufig ins Dorf\"}]},{\"@type\":\"WebSite\",\"@id\":\"https:\/\/luisferdinand.com\/de\/#website\",\"url\":\"https:\/\/luisferdinand.com\/de\/\",\"name\":\"Luis Ferdinand\",\"description\":\"Real estate in Mallorca\",\"publisher\":{\"@id\":\"https:\/\/luisferdinand.com\/de\/#organization\"},\"potentialAction\":[{\"@type\":\"SearchAction\",\"target\":{\"@type\":\"EntryPoint\",\"urlTemplate\":\"https:\/\/luisferdinand.com\/de\/?s={search_term_string}\"},\"query-input\":{\"@type\":\"PropertyValueSpecification\",\"valueRequired\":true,\"valueName\":\"search_term_string\"}}],\"inLanguage\":\"de\"},{\"@type\":\"Organization\",\"@id\":\"https:\/\/luisferdinand.com\/de\/#organization\",\"name\":\"Luis Ferdinand\",\"url\":\"https:\/\/luisferdinand.com\/de\/\",\"logo\":{\"@type\":\"ImageObject\",\"inLanguage\":\"de\",\"@id\":\"https:\/\/luisferdinand.com\/de\/#\/schema\/logo\/image\/\",\"url\":\"https:\/\/luisferdinand.com\/wp-content\/uploads\/2023\/03\/cropped-favicon-1.png\",\"contentUrl\":\"https:\/\/luisferdinand.com\/wp-content\/uploads\/2023\/03\/cropped-favicon-1.png\",\"width\":512,\"height\":512,\"caption\":\"Luis Ferdinand\"},\"image\":{\"@id\":\"https:\/\/luisferdinand.com\/de\/#\/schema\/logo\/image\/\"},\"sameAs\":[\"https:\/\/www.youtube.com\/@luisferdinandbock9962\"]}]}<\/script>\n<!-- \/ Yoast SEO plugin. -->","yoast_head_json":{"title":"Im Hang liegendes Weingut mit optionalen G\u00e4stehaus und fussl\u00e4ufig ins Dorf | Luis Ferdinand","description":"| Diese einzigartig gelegene Finca, verschlungen im Weinanbau-Hang mit herabschauendem Blick auf das Dorf, ist eine mediterrane Oase. Nur wenige fu\u00dfl\u00e4ufige Meter von dem Marktplatz Alar\u00f3 entfernt, kann das magische Landgut erreicht werden. Gleich bei der Auffahrt der Finca kommt ein wohlf\u00fchlendes Gef\u00fchl auf. Dadurch, dass der Anfahrtsweg bis zum Haus sich zwischen Zypressen, einen angelegten Hang von Wein und \u00fcber einem B\u00e4chlein hoch schl\u00e4ngelt, kommt man sich vor wie in einem M\u00e4rchen. So viel Liebe zum Detail, ist beim angelegten Garten zu sp\u00fcren.  Kurz vor dem Imposanten Haus, mit naturstein verkleidet, kommt ein kleines T\u00f6rchen zwischen zwei hohe Kolumnen, dass zugleich das Begr\u00fc\u00dfungssignal der Weingutes bedeutet. \u201cWillkommen Zuhause\u201d. Optional, im hinteren Teil des Grundst\u00fccks besteht die M\u00f6glichkeit ein zweites Agrar-H\u00e4uschen von ca. 150 Quadratmetern zu bauen. Ob es als G\u00e4stehaus oder als Traktoren Garage genutzt werden k\u00f6nnte, bleibt nat\u00fcrlich jedem offen.  Im Interior-Design des Haupthauses wird ein puristisch - mediterraner - moderner Lifestyle eingeatmet. Kamine in fast jedem Zimmer, die den majest\u00e4tischen Charakter hervorheben, dennoch mit Creme\/Natur farbigen T\u00f6nen wieder auf ein mediterranes Ambiente zur\u00fcckweisen.  Der grosse Raum der K\u00fcche und dem Esszimmer ist ein Platz f\u00fcr Geselligkeit. So sch\u00f6n hell, mit Blick auf den bl\u00fchenden Garten, l\u00e4sst einen inneren Frieden aufkommen.","robots":{"index":"index","follow":"follow","max-snippet":"max-snippet:-1","max-image-preview":"max-image-preview:large","max-video-preview":"max-video-preview:-1"},"canonical":"https:\/\/luisferdinand.com\/de\/house-de\/im-hang-liegendes-weingut-mit-optionalen-gastehaus-und-fusslaufig-ins-dorf\/","og_locale":"de_DE","og_type":"article","og_title":"Im Hang liegendes Weingut mit optionalen G\u00e4stehaus und fussl\u00e4ufig ins Dorf | Luis Ferdinand","og_description":"| Diese einzigartig gelegene Finca, verschlungen im Weinanbau-Hang mit herabschauendem Blick auf das Dorf, ist eine mediterrane Oase. Nur wenige fu\u00dfl\u00e4ufige Meter von dem Marktplatz Alar\u00f3 entfernt, kann das magische Landgut erreicht werden. Gleich bei der Auffahrt der Finca kommt ein wohlf\u00fchlendes Gef\u00fchl auf. Dadurch, dass der Anfahrtsweg bis zum Haus sich zwischen Zypressen, einen angelegten Hang von Wein und \u00fcber einem B\u00e4chlein hoch schl\u00e4ngelt, kommt man sich vor wie in einem M\u00e4rchen. So viel Liebe zum Detail, ist beim angelegten Garten zu sp\u00fcren.  Kurz vor dem Imposanten Haus, mit naturstein verkleidet, kommt ein kleines T\u00f6rchen zwischen zwei hohe Kolumnen, dass zugleich das Begr\u00fc\u00dfungssignal der Weingutes bedeutet. \u201cWillkommen Zuhause\u201d. Optional, im hinteren Teil des Grundst\u00fccks besteht die M\u00f6glichkeit ein zweites Agrar-H\u00e4uschen von ca. 150 Quadratmetern zu bauen. Ob es als G\u00e4stehaus oder als Traktoren Garage genutzt werden k\u00f6nnte, bleibt nat\u00fcrlich jedem offen.  Im Interior-Design des Haupthauses wird ein puristisch - mediterraner - moderner Lifestyle eingeatmet. Kamine in fast jedem Zimmer, die den majest\u00e4tischen Charakter hervorheben, dennoch mit Creme\/Natur farbigen T\u00f6nen wieder auf ein mediterranes Ambiente zur\u00fcckweisen.  Der grosse Raum der K\u00fcche und dem Esszimmer ist ein Platz f\u00fcr Geselligkeit. So sch\u00f6n hell, mit Blick auf den bl\u00fchenden Garten, l\u00e4sst einen inneren Frieden aufkommen.","og_url":"https:\/\/luisferdinand.com\/de\/house-de\/im-hang-liegendes-weingut-mit-optionalen-gastehaus-und-fusslaufig-ins-dorf\/","og_site_name":"Luis Ferdinand","article_modified_time":"2023-04-25T19:33:42+00:00","og_image":[{"width":1764,"height":910,"url":"https:\/\/luisferdinand.com\/wp-content\/uploads\/2023\/03\/Luis-Ferdinand-RE1-5.jpg","type":"image\/jpeg"}],"twitter_card":"summary_large_image","schema":{"@context":"https:\/\/schema.org","@graph":[{"@type":"WebPage","@id":"https:\/\/luisferdinand.com\/de\/house-de\/im-hang-liegendes-weingut-mit-optionalen-gastehaus-und-fusslaufig-ins-dorf\/","url":"https:\/\/luisferdinand.com\/de\/house-de\/im-hang-liegendes-weingut-mit-optionalen-gastehaus-und-fusslaufig-ins-dorf\/","name":"Im Hang liegendes Weingut mit optionalen G\u00e4stehaus und fussl\u00e4ufig ins Dorf | Luis Ferdinand","isPartOf":{"@id":"https:\/\/luisferdinand.com\/de\/#website"},"primaryImageOfPage":{"@id":"https:\/\/luisferdinand.com\/de\/house-de\/im-hang-liegendes-weingut-mit-optionalen-gastehaus-und-fusslaufig-ins-dorf\/#primaryimage"},"image":{"@id":"https:\/\/luisferdinand.com\/de\/house-de\/im-hang-liegendes-weingut-mit-optionalen-gastehaus-und-fusslaufig-ins-dorf\/#primaryimage"},"thumbnailUrl":"https:\/\/luisferdinand.com\/wp-content\/uploads\/2023\/03\/Luis-Ferdinand-RE1-5.jpg","datePublished":"2023-03-22T11:16:55+00:00","dateModified":"2023-04-25T19:33:42+00:00","description":"| Diese einzigartig gelegene Finca, verschlungen im Weinanbau-Hang mit herabschauendem Blick auf das Dorf, ist eine mediterrane Oase. Nur wenige fu\u00dfl\u00e4ufige Meter von dem Marktplatz Alar\u00f3 entfernt, kann das magische Landgut erreicht werden. Gleich bei der Auffahrt der Finca kommt ein wohlf\u00fchlendes Gef\u00fchl auf. Dadurch, dass der Anfahrtsweg bis zum Haus sich zwischen Zypressen, einen angelegten Hang von Wein und \u00fcber einem B\u00e4chlein hoch schl\u00e4ngelt, kommt man sich vor wie in einem M\u00e4rchen. So viel Liebe zum Detail, ist beim angelegten Garten zu sp\u00fcren. Kurz vor dem Imposanten Haus, mit naturstein verkleidet, kommt ein kleines T\u00f6rchen zwischen zwei hohe Kolumnen, dass zugleich das Begr\u00fc\u00dfungssignal der Weingutes bedeutet. \u201cWillkommen Zuhause\u201d. Optional, im hinteren Teil des Grundst\u00fccks besteht die M\u00f6glichkeit ein zweites Agrar-H\u00e4uschen von ca. 150 Quadratmetern zu bauen. Ob es als G\u00e4stehaus oder als Traktoren Garage genutzt werden k\u00f6nnte, bleibt nat\u00fcrlich jedem offen. Im Interior-Design des Haupthauses wird ein puristisch - mediterraner - moderner Lifestyle eingeatmet. Kamine in fast jedem Zimmer, die den majest\u00e4tischen Charakter hervorheben, dennoch mit Creme\/Natur farbigen T\u00f6nen wieder auf ein mediterranes Ambiente zur\u00fcckweisen. Der grosse Raum der K\u00fcche und dem Esszimmer ist ein Platz f\u00fcr Geselligkeit. So sch\u00f6n hell, mit Blick auf den bl\u00fchenden Garten, l\u00e4sst einen inneren Frieden aufkommen.","breadcrumb":{"@id":"https:\/\/luisferdinand.com\/de\/house-de\/im-hang-liegendes-weingut-mit-optionalen-gastehaus-und-fusslaufig-ins-dorf\/#breadcrumb"},"inLanguage":"de","potentialAction":[{"@type":"ReadAction","target":["https:\/\/luisferdinand.com\/de\/house-de\/im-hang-liegendes-weingut-mit-optionalen-gastehaus-und-fusslaufig-ins-dorf\/"]}]},{"@type":"ImageObject","inLanguage":"de","@id":"https:\/\/luisferdinand.com\/de\/house-de\/im-hang-liegendes-weingut-mit-optionalen-gastehaus-und-fusslaufig-ins-dorf\/#primaryimage","url":"https:\/\/luisferdinand.com\/wp-content\/uploads\/2023\/03\/Luis-Ferdinand-RE1-5.jpg","contentUrl":"https:\/\/luisferdinand.com\/wp-content\/uploads\/2023\/03\/Luis-Ferdinand-RE1-5.jpg","width":1764,"height":910},{"@type":"BreadcrumbList","@id":"https:\/\/luisferdinand.com\/de\/house-de\/im-hang-liegendes-weingut-mit-optionalen-gastehaus-und-fusslaufig-ins-dorf\/#breadcrumb","itemListElement":[{"@type":"ListItem","position":1,"name":"Portada","item":"https:\/\/luisferdinand.com\/de\/"},{"@type":"ListItem","position":2,"name":"House","item":"https:\/\/luisferdinand.com\/de\/house-de\/"},{"@type":"ListItem","position":3,"name":"Im Hang liegendes Weingut mit optionalen G\u00e4stehaus und fussl\u00e4ufig ins Dorf"}]},{"@type":"WebSite","@id":"https:\/\/luisferdinand.com\/de\/#website","url":"https:\/\/luisferdinand.com\/de\/","name":"Luis Ferdinand","description":"Real estate in Mallorca","publisher":{"@id":"https:\/\/luisferdinand.com\/de\/#organization"},"potentialAction":[{"@type":"SearchAction","target":{"@type":"EntryPoint","urlTemplate":"https:\/\/luisferdinand.com\/de\/?s={search_term_string}"},"query-input":{"@type":"PropertyValueSpecification","valueRequired":true,"valueName":"search_term_string"}}],"inLanguage":"de"},{"@type":"Organization","@id":"https:\/\/luisferdinand.com\/de\/#organization","name":"Luis Ferdinand","url":"https:\/\/luisferdinand.com\/de\/","logo":{"@type":"ImageObject","inLanguage":"de","@id":"https:\/\/luisferdinand.com\/de\/#\/schema\/logo\/image\/","url":"https:\/\/luisferdinand.com\/wp-content\/uploads\/2023\/03\/cropped-favicon-1.png","contentUrl":"https:\/\/luisferdinand.com\/wp-content\/uploads\/2023\/03\/cropped-favicon-1.png","width":512,"height":512,"caption":"Luis Ferdinand"},"image":{"@id":"https:\/\/luisferdinand.com\/de\/#\/schema\/logo\/image\/"},"sameAs":["https:\/\/www.youtube.com\/@luisferdinandbock9962"]}]}},"_links":{"self":[{"href":"https:\/\/luisferdinand.com\/de\/wp-json\/wp\/v2\/house\/4487","targetHints":{"allow":["GET"]}}],"collection":[{"href":"https:\/\/luisferdinand.com\/de\/wp-json\/wp\/v2\/house"}],"about":[{"href":"https:\/\/luisferdinand.com\/de\/wp-json\/wp\/v2\/types\/house"}],"author":[{"embeddable":true,"href":"https:\/\/luisferdinand.com\/de\/wp-json\/wp\/v2\/users\/2"}],"version-history":[{"count":2,"href":"https:\/\/luisferdinand.com\/de\/wp-json\/wp\/v2\/house\/4487\/revisions"}],"predecessor-version":[{"id":4489,"href":"https:\/\/luisferdinand.com\/de\/wp-json\/wp\/v2\/house\/4487\/revisions\/4489"}],"wp:featuredmedia":[{"embeddable":true,"href":"https:\/\/luisferdinand.com\/de\/wp-json\/wp\/v2\/media\/3893"}],"wp:attachment":[{"href":"https:\/\/luisferdinand.com\/de\/wp-json\/wp\/v2\/media?parent=4487"}],"wp:term":[{"taxonomy":"salerent","embeddable":true,"href":"https:\/\/luisferdinand.com\/de\/wp-json\/wp\/v2\/salerent?post=4487"},{"taxonomy":"state","embeddable":true,"href":"https:\/\/luisferdinand.com\/de\/wp-json\/wp\/v2\/state?post=4487"}],"curies":[{"name":"wp","href":"https:\/\/api.w.org\/{rel}","templated":true}]}}