{"id":3978,"date":"2023-03-19T20:42:27","date_gmt":"2023-03-19T20:42:27","guid":{"rendered":"https:\/\/luisferdinand.com\/house\/preciosa-finca-mediterranea-cerca-de-las-montanas-y-el-mar-con-licencia-de-alquiler-vacacional\/"},"modified":"2023-03-26T02:34:09","modified_gmt":"2023-03-26T02:34:09","slug":"meditterane-finca-mit-ferienvermietungslizenz-nahe-der-berge-und-des-meeres","status":"publish","type":"house","link":"https:\/\/luisferdinand.com\/de\/house-de\/meditterane-finca-mit-ferienvermietungslizenz-nahe-der-berge-und-des-meeres\/","title":{"rendered":"Meditterane Finca mit FERIENVERMIETUNGSLIZENZ nahe der Berge und des Meeres,"},"content":{"rendered":"","protected":false},"excerpt":{"rendered":"<p>Die Finca wurde 2011 sorgf\u00e4ltig gebaut, wobei der Charme eines Landsitzes und der hohe Standard und das anspruchsvolle Leben einer gro\u00dfen Familie angepasst wurde. Nur einen kurzen Spaziergang von dem Dorf Buger und eine kurze Fahrradfahrt von Campanet entfernt, ist das Anwesen mit seinen Cafeterias, Marktpl\u00e4tzen, Becker, Restaurants und Str\u00e4nde von Alcudia gut mit der Gegend verbunden.<\/p>\n<p>Die Wohnfl\u00e4che des Hauses betr\u00e4gt 561m2 mit dem besten Feature im Erdgeschoss; dem gro\u00dfen und offenen Ess-\/Wohnzimmer wobei eine Lange Tafel f\u00fcr grosse Familien steht. Zudem ist zu ber\u00fccksichtigen dass auch die K\u00fcche gut mit der Outdoor-Area verbunden ist, dank diverser grossen Terrassent\u00fcren.<\/p>\n<p>Das Hauptschlafzimmer mit Ankleide und Badezimmer au suite im Erdgeschoss und vier Doppelzimmer im Obergeschoss, zwei davon au suite plus ein Raum, der als B\u00fcro genutzt werden kann.<\/p>\n<p>Der Au\u00dfenbereich bietet den perfekten Rahmen, um das mediterrane Klima zu genie\u00dfen. Es gibt mehrere Terrassen mit dem oben erw\u00e4hnten Grill, Essbereichen im Freien und einem Rasen, der durch einen markanten Pool erg\u00e4nzt wird.<\/p>\n<p>Ausgestattet mit einem modernen Heiz-\/K\u00fchlsystem ist die Immobilie ganzj\u00e4hrig nutzbar.<\/p>\n<p>Buger ist ein sch\u00f6nes mediterranes Dorf mit sehr guter Anbindung an die Autobahn. Das bedeutet, dass Sie innerhalb von 20 Autominuten verschiedene fantastische Str\u00e4nde im Norden der Insel erreichen k\u00f6nnen. Palma und der internationale Flughafen sind mit dem Auto in etwa 30 Minuten erreichbar.<\/p>\n","protected":false},"author":1,"featured_media":6179,"parent":0,"menu_order":0,"template":"","meta":{"_acf_changed":false,"footnotes":""},"salerent":[],"state":[24],"class_list":["post-3978","house","type-house","status-publish","has-post-thumbnail","hentry","state-favorites"],"acf":[],"yoast_head":"<!-- This site is optimized with the Yoast SEO plugin v24.2 - https:\/\/yoast.com\/wordpress\/plugins\/seo\/ -->\n<title>Meditterane Finca mit FERIENVERMIETUNGSLIZENZ nahe der Berge und des Meeres, | Luis Ferdinand<\/title>\n<meta name=\"description\" content=\"| Die Finca wurde 2011 sorgf\u00e4ltig gebaut, wobei der Charme eines Landsitzes und der hohe Standard und das anspruchsvolle Leben einer gro\u00dfen Familie angepasst wurde. Nur einen kurzen Spaziergang von dem Dorf Buger und eine kurze Fahrradfahrt von Campanet entfernt, ist das Anwesen mit seinen Cafeterias, Marktpl\u00e4tzen, Becker, Restaurants und Str\u00e4nde von Alcudia gut mit der Gegend verbunden. Die Wohnfl\u00e4che des Hauses betr\u00e4gt 561m2 mit dem besten Feature im Erdgeschoss; dem gro\u00dfen und offenen Ess-\/Wohnzimmer wobei eine Lange Tafel f\u00fcr grosse Familien steht. Zudem ist zu ber\u00fccksichtigen dass auch die K\u00fcche gut mit der Outdoor-Area verbunden ist, dank diverser grossen Terrassent\u00fcren. Das Hauptschlafzimmer mit Ankleide und Badezimmer au suite im Erdgeschoss und vier Doppelzimmer im Obergeschoss, zwei davon au suite plus ein Raum, der als B\u00fcro genutzt werden kann. Der Au\u00dfenbereich bietet den perfekten Rahmen, um das mediterrane Klima zu genie\u00dfen. Es gibt mehrere Terrassen mit dem oben erw\u00e4hnten Grill, Essbereichen im Freien und einem Rasen, der durch einen markanten Pool erg\u00e4nzt wird. Ausgestattet mit einem modernen Heiz-\/K\u00fchlsystem ist die Immobilie ganzj\u00e4hrig nutzbar. Buger ist ein sch\u00f6nes mediterranes Dorf mit sehr guter Anbindung an die Autobahn. Das bedeutet, dass Sie innerhalb von 20 Autominuten verschiedene fantastische Str\u00e4nde im Norden der Insel erreichen k\u00f6nnen. Palma und der internationale Flughafen sind mit dem Auto in etwa 30 Minuten erreichbar.\" \/>\n<meta name=\"robots\" content=\"index, follow, max-snippet:-1, max-image-preview:large, max-video-preview:-1\" \/>\n<link rel=\"canonical\" href=\"https:\/\/luisferdinand.com\/de\/house-de\/meditterane-finca-mit-ferienvermietungslizenz-nahe-der-berge-und-des-meeres\/\" \/>\n<meta property=\"og:locale\" content=\"de_DE\" \/>\n<meta property=\"og:type\" content=\"article\" \/>\n<meta property=\"og:title\" content=\"Meditterane Finca mit FERIENVERMIETUNGSLIZENZ nahe der Berge und des Meeres, | Luis Ferdinand\" \/>\n<meta property=\"og:description\" content=\"| Die Finca wurde 2011 sorgf\u00e4ltig gebaut, wobei der Charme eines Landsitzes und der hohe Standard und das anspruchsvolle Leben einer gro\u00dfen Familie angepasst wurde. Nur einen kurzen Spaziergang von dem Dorf Buger und eine kurze Fahrradfahrt von Campanet entfernt, ist das Anwesen mit seinen Cafeterias, Marktpl\u00e4tzen, Becker, Restaurants und Str\u00e4nde von Alcudia gut mit der Gegend verbunden. Die Wohnfl\u00e4che des Hauses betr\u00e4gt 561m2 mit dem besten Feature im Erdgeschoss; dem gro\u00dfen und offenen Ess-\/Wohnzimmer wobei eine Lange Tafel f\u00fcr grosse Familien steht. Zudem ist zu ber\u00fccksichtigen dass auch die K\u00fcche gut mit der Outdoor-Area verbunden ist, dank diverser grossen Terrassent\u00fcren. Das Hauptschlafzimmer mit Ankleide und Badezimmer au suite im Erdgeschoss und vier Doppelzimmer im Obergeschoss, zwei davon au suite plus ein Raum, der als B\u00fcro genutzt werden kann. Der Au\u00dfenbereich bietet den perfekten Rahmen, um das mediterrane Klima zu genie\u00dfen. Es gibt mehrere Terrassen mit dem oben erw\u00e4hnten Grill, Essbereichen im Freien und einem Rasen, der durch einen markanten Pool erg\u00e4nzt wird. Ausgestattet mit einem modernen Heiz-\/K\u00fchlsystem ist die Immobilie ganzj\u00e4hrig nutzbar. Buger ist ein sch\u00f6nes mediterranes Dorf mit sehr guter Anbindung an die Autobahn. Das bedeutet, dass Sie innerhalb von 20 Autominuten verschiedene fantastische Str\u00e4nde im Norden der Insel erreichen k\u00f6nnen. Palma und der internationale Flughafen sind mit dem Auto in etwa 30 Minuten erreichbar.\" \/>\n<meta property=\"og:url\" content=\"https:\/\/luisferdinand.com\/de\/house-de\/meditterane-finca-mit-ferienvermietungslizenz-nahe-der-berge-und-des-meeres\/\" \/>\n<meta property=\"og:site_name\" content=\"Luis Ferdinand\" \/>\n<meta property=\"article:modified_time\" content=\"2023-03-26T02:34:09+00:00\" \/>\n<meta property=\"og:image\" content=\"https:\/\/luisferdinand.com\/wp-content\/uploads\/2023\/03\/Luis-Ferdinand-RE1-2-1.jpg\" \/>\n\t<meta property=\"og:image:width\" content=\"1920\" \/>\n\t<meta property=\"og:image:height\" content=\"1080\" \/>\n\t<meta property=\"og:image:type\" content=\"image\/jpeg\" \/>\n<meta name=\"twitter:card\" content=\"summary_large_image\" \/>\n<script type=\"application\/ld+json\" class=\"yoast-schema-graph\">{\"@context\":\"https:\/\/schema.org\",\"@graph\":[{\"@type\":\"WebPage\",\"@id\":\"https:\/\/luisferdinand.com\/de\/house-de\/meditterane-finca-mit-ferienvermietungslizenz-nahe-der-berge-und-des-meeres\/\",\"url\":\"https:\/\/luisferdinand.com\/de\/house-de\/meditterane-finca-mit-ferienvermietungslizenz-nahe-der-berge-und-des-meeres\/\",\"name\":\"Meditterane Finca mit FERIENVERMIETUNGSLIZENZ nahe der Berge und des Meeres, | Luis Ferdinand\",\"isPartOf\":{\"@id\":\"https:\/\/luisferdinand.com\/de\/#website\"},\"primaryImageOfPage\":{\"@id\":\"https:\/\/luisferdinand.com\/de\/house-de\/meditterane-finca-mit-ferienvermietungslizenz-nahe-der-berge-und-des-meeres\/#primaryimage\"},\"image\":{\"@id\":\"https:\/\/luisferdinand.com\/de\/house-de\/meditterane-finca-mit-ferienvermietungslizenz-nahe-der-berge-und-des-meeres\/#primaryimage\"},\"thumbnailUrl\":\"https:\/\/luisferdinand.com\/wp-content\/uploads\/2023\/03\/Luis-Ferdinand-RE1-2-1.jpg\",\"datePublished\":\"2023-03-19T20:42:27+00:00\",\"dateModified\":\"2023-03-26T02:34:09+00:00\",\"description\":\"| Die Finca wurde 2011 sorgf\u00e4ltig gebaut, wobei der Charme eines Landsitzes und der hohe Standard und das anspruchsvolle Leben einer gro\u00dfen Familie angepasst wurde. Nur einen kurzen Spaziergang von dem Dorf Buger und eine kurze Fahrradfahrt von Campanet entfernt, ist das Anwesen mit seinen Cafeterias, Marktpl\u00e4tzen, Becker, Restaurants und Str\u00e4nde von Alcudia gut mit der Gegend verbunden. Die Wohnfl\u00e4che des Hauses betr\u00e4gt 561m2 mit dem besten Feature im Erdgeschoss; dem gro\u00dfen und offenen Ess-\/Wohnzimmer wobei eine Lange Tafel f\u00fcr grosse Familien steht. Zudem ist zu ber\u00fccksichtigen dass auch die K\u00fcche gut mit der Outdoor-Area verbunden ist, dank diverser grossen Terrassent\u00fcren. Das Hauptschlafzimmer mit Ankleide und Badezimmer au suite im Erdgeschoss und vier Doppelzimmer im Obergeschoss, zwei davon au suite plus ein Raum, der als B\u00fcro genutzt werden kann. Der Au\u00dfenbereich bietet den perfekten Rahmen, um das mediterrane Klima zu genie\u00dfen. Es gibt mehrere Terrassen mit dem oben erw\u00e4hnten Grill, Essbereichen im Freien und einem Rasen, der durch einen markanten Pool erg\u00e4nzt wird. Ausgestattet mit einem modernen Heiz-\/K\u00fchlsystem ist die Immobilie ganzj\u00e4hrig nutzbar. Buger ist ein sch\u00f6nes mediterranes Dorf mit sehr guter Anbindung an die Autobahn. Das bedeutet, dass Sie innerhalb von 20 Autominuten verschiedene fantastische Str\u00e4nde im Norden der Insel erreichen k\u00f6nnen. Palma und der internationale Flughafen sind mit dem Auto in etwa 30 Minuten erreichbar.\",\"breadcrumb\":{\"@id\":\"https:\/\/luisferdinand.com\/de\/house-de\/meditterane-finca-mit-ferienvermietungslizenz-nahe-der-berge-und-des-meeres\/#breadcrumb\"},\"inLanguage\":\"de\",\"potentialAction\":[{\"@type\":\"ReadAction\",\"target\":[\"https:\/\/luisferdinand.com\/de\/house-de\/meditterane-finca-mit-ferienvermietungslizenz-nahe-der-berge-und-des-meeres\/\"]}]},{\"@type\":\"ImageObject\",\"inLanguage\":\"de\",\"@id\":\"https:\/\/luisferdinand.com\/de\/house-de\/meditterane-finca-mit-ferienvermietungslizenz-nahe-der-berge-und-des-meeres\/#primaryimage\",\"url\":\"https:\/\/luisferdinand.com\/wp-content\/uploads\/2023\/03\/Luis-Ferdinand-RE1-2-1.jpg\",\"contentUrl\":\"https:\/\/luisferdinand.com\/wp-content\/uploads\/2023\/03\/Luis-Ferdinand-RE1-2-1.jpg\",\"width\":1920,\"height\":1080},{\"@type\":\"BreadcrumbList\",\"@id\":\"https:\/\/luisferdinand.com\/de\/house-de\/meditterane-finca-mit-ferienvermietungslizenz-nahe-der-berge-und-des-meeres\/#breadcrumb\",\"itemListElement\":[{\"@type\":\"ListItem\",\"position\":1,\"name\":\"Portada\",\"item\":\"https:\/\/luisferdinand.com\/de\/\"},{\"@type\":\"ListItem\",\"position\":2,\"name\":\"House\",\"item\":\"https:\/\/luisferdinand.com\/de\/house-de\/\"},{\"@type\":\"ListItem\",\"position\":3,\"name\":\"Meditterane Finca mit FERIENVERMIETUNGSLIZENZ nahe der Berge und des Meeres,\"}]},{\"@type\":\"WebSite\",\"@id\":\"https:\/\/luisferdinand.com\/de\/#website\",\"url\":\"https:\/\/luisferdinand.com\/de\/\",\"name\":\"Luis Ferdinand\",\"description\":\"Real estate in Mallorca\",\"publisher\":{\"@id\":\"https:\/\/luisferdinand.com\/de\/#organization\"},\"potentialAction\":[{\"@type\":\"SearchAction\",\"target\":{\"@type\":\"EntryPoint\",\"urlTemplate\":\"https:\/\/luisferdinand.com\/de\/?s={search_term_string}\"},\"query-input\":{\"@type\":\"PropertyValueSpecification\",\"valueRequired\":true,\"valueName\":\"search_term_string\"}}],\"inLanguage\":\"de\"},{\"@type\":\"Organization\",\"@id\":\"https:\/\/luisferdinand.com\/de\/#organization\",\"name\":\"Luis Ferdinand\",\"url\":\"https:\/\/luisferdinand.com\/de\/\",\"logo\":{\"@type\":\"ImageObject\",\"inLanguage\":\"de\",\"@id\":\"https:\/\/luisferdinand.com\/de\/#\/schema\/logo\/image\/\",\"url\":\"https:\/\/luisferdinand.com\/wp-content\/uploads\/2023\/03\/cropped-favicon-1.png\",\"contentUrl\":\"https:\/\/luisferdinand.com\/wp-content\/uploads\/2023\/03\/cropped-favicon-1.png\",\"width\":512,\"height\":512,\"caption\":\"Luis Ferdinand\"},\"image\":{\"@id\":\"https:\/\/luisferdinand.com\/de\/#\/schema\/logo\/image\/\"},\"sameAs\":[\"https:\/\/www.youtube.com\/@luisferdinandbock9962\"]}]}<\/script>\n<!-- \/ Yoast SEO plugin. -->","yoast_head_json":{"title":"Meditterane Finca mit FERIENVERMIETUNGSLIZENZ nahe der Berge und des Meeres, | Luis Ferdinand","description":"| Die Finca wurde 2011 sorgf\u00e4ltig gebaut, wobei der Charme eines Landsitzes und der hohe Standard und das anspruchsvolle Leben einer gro\u00dfen Familie angepasst wurde. Nur einen kurzen Spaziergang von dem Dorf Buger und eine kurze Fahrradfahrt von Campanet entfernt, ist das Anwesen mit seinen Cafeterias, Marktpl\u00e4tzen, Becker, Restaurants und Str\u00e4nde von Alcudia gut mit der Gegend verbunden. Die Wohnfl\u00e4che des Hauses betr\u00e4gt 561m2 mit dem besten Feature im Erdgeschoss; dem gro\u00dfen und offenen Ess-\/Wohnzimmer wobei eine Lange Tafel f\u00fcr grosse Familien steht. Zudem ist zu ber\u00fccksichtigen dass auch die K\u00fcche gut mit der Outdoor-Area verbunden ist, dank diverser grossen Terrassent\u00fcren. Das Hauptschlafzimmer mit Ankleide und Badezimmer au suite im Erdgeschoss und vier Doppelzimmer im Obergeschoss, zwei davon au suite plus ein Raum, der als B\u00fcro genutzt werden kann. Der Au\u00dfenbereich bietet den perfekten Rahmen, um das mediterrane Klima zu genie\u00dfen. Es gibt mehrere Terrassen mit dem oben erw\u00e4hnten Grill, Essbereichen im Freien und einem Rasen, der durch einen markanten Pool erg\u00e4nzt wird. Ausgestattet mit einem modernen Heiz-\/K\u00fchlsystem ist die Immobilie ganzj\u00e4hrig nutzbar. Buger ist ein sch\u00f6nes mediterranes Dorf mit sehr guter Anbindung an die Autobahn. Das bedeutet, dass Sie innerhalb von 20 Autominuten verschiedene fantastische Str\u00e4nde im Norden der Insel erreichen k\u00f6nnen. Palma und der internationale Flughafen sind mit dem Auto in etwa 30 Minuten erreichbar.","robots":{"index":"index","follow":"follow","max-snippet":"max-snippet:-1","max-image-preview":"max-image-preview:large","max-video-preview":"max-video-preview:-1"},"canonical":"https:\/\/luisferdinand.com\/de\/house-de\/meditterane-finca-mit-ferienvermietungslizenz-nahe-der-berge-und-des-meeres\/","og_locale":"de_DE","og_type":"article","og_title":"Meditterane Finca mit FERIENVERMIETUNGSLIZENZ nahe der Berge und des Meeres, | Luis Ferdinand","og_description":"| Die Finca wurde 2011 sorgf\u00e4ltig gebaut, wobei der Charme eines Landsitzes und der hohe Standard und das anspruchsvolle Leben einer gro\u00dfen Familie angepasst wurde. Nur einen kurzen Spaziergang von dem Dorf Buger und eine kurze Fahrradfahrt von Campanet entfernt, ist das Anwesen mit seinen Cafeterias, Marktpl\u00e4tzen, Becker, Restaurants und Str\u00e4nde von Alcudia gut mit der Gegend verbunden. Die Wohnfl\u00e4che des Hauses betr\u00e4gt 561m2 mit dem besten Feature im Erdgeschoss; dem gro\u00dfen und offenen Ess-\/Wohnzimmer wobei eine Lange Tafel f\u00fcr grosse Familien steht. Zudem ist zu ber\u00fccksichtigen dass auch die K\u00fcche gut mit der Outdoor-Area verbunden ist, dank diverser grossen Terrassent\u00fcren. Das Hauptschlafzimmer mit Ankleide und Badezimmer au suite im Erdgeschoss und vier Doppelzimmer im Obergeschoss, zwei davon au suite plus ein Raum, der als B\u00fcro genutzt werden kann. Der Au\u00dfenbereich bietet den perfekten Rahmen, um das mediterrane Klima zu genie\u00dfen. Es gibt mehrere Terrassen mit dem oben erw\u00e4hnten Grill, Essbereichen im Freien und einem Rasen, der durch einen markanten Pool erg\u00e4nzt wird. Ausgestattet mit einem modernen Heiz-\/K\u00fchlsystem ist die Immobilie ganzj\u00e4hrig nutzbar. Buger ist ein sch\u00f6nes mediterranes Dorf mit sehr guter Anbindung an die Autobahn. Das bedeutet, dass Sie innerhalb von 20 Autominuten verschiedene fantastische Str\u00e4nde im Norden der Insel erreichen k\u00f6nnen. Palma und der internationale Flughafen sind mit dem Auto in etwa 30 Minuten erreichbar.","og_url":"https:\/\/luisferdinand.com\/de\/house-de\/meditterane-finca-mit-ferienvermietungslizenz-nahe-der-berge-und-des-meeres\/","og_site_name":"Luis Ferdinand","article_modified_time":"2023-03-26T02:34:09+00:00","og_image":[{"width":1920,"height":1080,"url":"https:\/\/luisferdinand.com\/wp-content\/uploads\/2023\/03\/Luis-Ferdinand-RE1-2-1.jpg","type":"image\/jpeg"}],"twitter_card":"summary_large_image","schema":{"@context":"https:\/\/schema.org","@graph":[{"@type":"WebPage","@id":"https:\/\/luisferdinand.com\/de\/house-de\/meditterane-finca-mit-ferienvermietungslizenz-nahe-der-berge-und-des-meeres\/","url":"https:\/\/luisferdinand.com\/de\/house-de\/meditterane-finca-mit-ferienvermietungslizenz-nahe-der-berge-und-des-meeres\/","name":"Meditterane Finca mit FERIENVERMIETUNGSLIZENZ nahe der Berge und des Meeres, | Luis Ferdinand","isPartOf":{"@id":"https:\/\/luisferdinand.com\/de\/#website"},"primaryImageOfPage":{"@id":"https:\/\/luisferdinand.com\/de\/house-de\/meditterane-finca-mit-ferienvermietungslizenz-nahe-der-berge-und-des-meeres\/#primaryimage"},"image":{"@id":"https:\/\/luisferdinand.com\/de\/house-de\/meditterane-finca-mit-ferienvermietungslizenz-nahe-der-berge-und-des-meeres\/#primaryimage"},"thumbnailUrl":"https:\/\/luisferdinand.com\/wp-content\/uploads\/2023\/03\/Luis-Ferdinand-RE1-2-1.jpg","datePublished":"2023-03-19T20:42:27+00:00","dateModified":"2023-03-26T02:34:09+00:00","description":"| Die Finca wurde 2011 sorgf\u00e4ltig gebaut, wobei der Charme eines Landsitzes und der hohe Standard und das anspruchsvolle Leben einer gro\u00dfen Familie angepasst wurde. Nur einen kurzen Spaziergang von dem Dorf Buger und eine kurze Fahrradfahrt von Campanet entfernt, ist das Anwesen mit seinen Cafeterias, Marktpl\u00e4tzen, Becker, Restaurants und Str\u00e4nde von Alcudia gut mit der Gegend verbunden. Die Wohnfl\u00e4che des Hauses betr\u00e4gt 561m2 mit dem besten Feature im Erdgeschoss; dem gro\u00dfen und offenen Ess-\/Wohnzimmer wobei eine Lange Tafel f\u00fcr grosse Familien steht. Zudem ist zu ber\u00fccksichtigen dass auch die K\u00fcche gut mit der Outdoor-Area verbunden ist, dank diverser grossen Terrassent\u00fcren. Das Hauptschlafzimmer mit Ankleide und Badezimmer au suite im Erdgeschoss und vier Doppelzimmer im Obergeschoss, zwei davon au suite plus ein Raum, der als B\u00fcro genutzt werden kann. Der Au\u00dfenbereich bietet den perfekten Rahmen, um das mediterrane Klima zu genie\u00dfen. Es gibt mehrere Terrassen mit dem oben erw\u00e4hnten Grill, Essbereichen im Freien und einem Rasen, der durch einen markanten Pool erg\u00e4nzt wird. Ausgestattet mit einem modernen Heiz-\/K\u00fchlsystem ist die Immobilie ganzj\u00e4hrig nutzbar. Buger ist ein sch\u00f6nes mediterranes Dorf mit sehr guter Anbindung an die Autobahn. Das bedeutet, dass Sie innerhalb von 20 Autominuten verschiedene fantastische Str\u00e4nde im Norden der Insel erreichen k\u00f6nnen. Palma und der internationale Flughafen sind mit dem Auto in etwa 30 Minuten erreichbar.","breadcrumb":{"@id":"https:\/\/luisferdinand.com\/de\/house-de\/meditterane-finca-mit-ferienvermietungslizenz-nahe-der-berge-und-des-meeres\/#breadcrumb"},"inLanguage":"de","potentialAction":[{"@type":"ReadAction","target":["https:\/\/luisferdinand.com\/de\/house-de\/meditterane-finca-mit-ferienvermietungslizenz-nahe-der-berge-und-des-meeres\/"]}]},{"@type":"ImageObject","inLanguage":"de","@id":"https:\/\/luisferdinand.com\/de\/house-de\/meditterane-finca-mit-ferienvermietungslizenz-nahe-der-berge-und-des-meeres\/#primaryimage","url":"https:\/\/luisferdinand.com\/wp-content\/uploads\/2023\/03\/Luis-Ferdinand-RE1-2-1.jpg","contentUrl":"https:\/\/luisferdinand.com\/wp-content\/uploads\/2023\/03\/Luis-Ferdinand-RE1-2-1.jpg","width":1920,"height":1080},{"@type":"BreadcrumbList","@id":"https:\/\/luisferdinand.com\/de\/house-de\/meditterane-finca-mit-ferienvermietungslizenz-nahe-der-berge-und-des-meeres\/#breadcrumb","itemListElement":[{"@type":"ListItem","position":1,"name":"Portada","item":"https:\/\/luisferdinand.com\/de\/"},{"@type":"ListItem","position":2,"name":"House","item":"https:\/\/luisferdinand.com\/de\/house-de\/"},{"@type":"ListItem","position":3,"name":"Meditterane Finca mit FERIENVERMIETUNGSLIZENZ nahe der Berge und des Meeres,"}]},{"@type":"WebSite","@id":"https:\/\/luisferdinand.com\/de\/#website","url":"https:\/\/luisferdinand.com\/de\/","name":"Luis Ferdinand","description":"Real estate in Mallorca","publisher":{"@id":"https:\/\/luisferdinand.com\/de\/#organization"},"potentialAction":[{"@type":"SearchAction","target":{"@type":"EntryPoint","urlTemplate":"https:\/\/luisferdinand.com\/de\/?s={search_term_string}"},"query-input":{"@type":"PropertyValueSpecification","valueRequired":true,"valueName":"search_term_string"}}],"inLanguage":"de"},{"@type":"Organization","@id":"https:\/\/luisferdinand.com\/de\/#organization","name":"Luis Ferdinand","url":"https:\/\/luisferdinand.com\/de\/","logo":{"@type":"ImageObject","inLanguage":"de","@id":"https:\/\/luisferdinand.com\/de\/#\/schema\/logo\/image\/","url":"https:\/\/luisferdinand.com\/wp-content\/uploads\/2023\/03\/cropped-favicon-1.png","contentUrl":"https:\/\/luisferdinand.com\/wp-content\/uploads\/2023\/03\/cropped-favicon-1.png","width":512,"height":512,"caption":"Luis Ferdinand"},"image":{"@id":"https:\/\/luisferdinand.com\/de\/#\/schema\/logo\/image\/"},"sameAs":["https:\/\/www.youtube.com\/@luisferdinandbock9962"]}]}},"_links":{"self":[{"href":"https:\/\/luisferdinand.com\/de\/wp-json\/wp\/v2\/house\/3978","targetHints":{"allow":["GET"]}}],"collection":[{"href":"https:\/\/luisferdinand.com\/de\/wp-json\/wp\/v2\/house"}],"about":[{"href":"https:\/\/luisferdinand.com\/de\/wp-json\/wp\/v2\/types\/house"}],"author":[{"embeddable":true,"href":"https:\/\/luisferdinand.com\/de\/wp-json\/wp\/v2\/users\/1"}],"version-history":[{"count":3,"href":"https:\/\/luisferdinand.com\/de\/wp-json\/wp\/v2\/house\/3978\/revisions"}],"predecessor-version":[{"id":3993,"href":"https:\/\/luisferdinand.com\/de\/wp-json\/wp\/v2\/house\/3978\/revisions\/3993"}],"wp:featuredmedia":[{"embeddable":true,"href":"https:\/\/luisferdinand.com\/de\/wp-json\/wp\/v2\/media\/6179"}],"wp:attachment":[{"href":"https:\/\/luisferdinand.com\/de\/wp-json\/wp\/v2\/media?parent=3978"}],"wp:term":[{"taxonomy":"salerent","embeddable":true,"href":"https:\/\/luisferdinand.com\/de\/wp-json\/wp\/v2\/salerent?post=3978"},{"taxonomy":"state","embeddable":true,"href":"https:\/\/luisferdinand.com\/de\/wp-json\/wp\/v2\/state?post=3978"}],"curies":[{"name":"wp","href":"https:\/\/api.w.org\/{rel}","templated":true}]}}