{"id":11729,"date":"2025-08-11T09:54:53","date_gmt":"2025-08-11T09:54:53","guid":{"rendered":"https:\/\/luisferdinand.com\/house\/finca-artesanal-y-tradicion-mallorquina-finalizacion-octubre-2026-colores-naturales\/"},"modified":"2025-08-11T10:07:04","modified_gmt":"2025-08-11T10:07:04","slug":"finca-in-handwerkskunst-und-mallorquinischer-tradition-fertigstellung-oktober-2026-naturliche-farben","status":"publish","type":"house","link":"https:\/\/luisferdinand.com\/de\/house-de\/finca-in-handwerkskunst-und-mallorquinischer-tradition-fertigstellung-oktober-2026-naturliche-farben\/","title":{"rendered":"Finca in Handwerkskunst und mallorquinischer Tradition &#8211; Fertigstellung Oktober 2026 &#8211; Nat\u00fcrliche Farben"},"content":{"rendered":"","protected":false},"excerpt":{"rendered":"<p>Diese zuk\u00fcnftige Finca, deren Bau f\u00fcr die Fertigstellung im Oktober 2026 geplant ist, befindet sich in strategischer Lage im Norden der Insel, zwischen den malerischen D\u00f6rfern B\u00fager und Campanet. Ihre privilegierte Position bietet eine schnelle Anbindung an die Hauptstra\u00dfe nach Palma sowie die N\u00e4he zu den Str\u00e4nden im Norden und zur majest\u00e4tischen Serra de Tramuntana, wodurch l\u00e4ndliche Ruhe mit einer hervorragenden Anbindung und vielf\u00e4ltigen Freizeitm\u00f6glichkeiten kombiniert wird.<br \/>\nDas architektonische Design ist von einer Neuinterpretation des traditionellen mallorquinischen Stils inspiriert. Das Interieur wird sich durch eine Fusion von rustikalem und modernem Stil auszeichnen, die dank gro\u00dfer Fenster eine helle und einladende Atmosph\u00e4re schafft. Mit einer auf Komfort ausgelegten Aufteilung wird das Haus vier Schlafzimmer mit Bad en suite, einen eigenen Bereich f\u00fcr Fitnessstudio, Sauna und Spa sowie die M\u00f6glichkeit bieten, die bebaute Fl\u00e4che f\u00fcr eine gr\u00f6\u00dfere Wohnfl\u00e4che oder eine Garage zu erweitern. Hohe Materialqualit\u00e4t hat Priorit\u00e4t, mit der Verwendung traditioneller Bautechniken und Oberfl\u00e4chen in Cremet\u00f6nen und Naturfarben, in Anlehnung an die Projekte, die der Bautr\u00e4ger bereits realisiert hat (deren Beispiele den Bildern beigef\u00fcgt sind).<br \/>\nDas Au\u00dfendesign strebt eine flie\u00dfende Integration in die nat\u00fcrliche Umgebung an. Die gro\u00dfz\u00fcgigen Terrassen und \u00fcberdachten Bereiche laden dazu ein, das mediterrane Klima zu genie\u00dfen, w\u00e4hrend die Landschaftsgestaltung die Anlage eines Gartens erm\u00f6glicht, der die Verbindung zur Natur verst\u00e4rkt.<br \/>\nDieses Projekt stellt eine exzellente Gelegenheit dar, eine Immobilie zu erwerben, die die Authentizit\u00e4t eines mallorquinischen Landhauses mit dem Komfort und der Nachhaltigkeit eines modernen Baus verbindet, an einem au\u00dfergew\u00f6hnlichen und gut angebundenen Standort.<\/p>\n","protected":false},"author":2,"featured_media":11673,"parent":0,"menu_order":0,"template":"","meta":{"_acf_changed":false,"footnotes":""},"salerent":[],"state":[],"class_list":["post-11729","house","type-house","status-publish","has-post-thumbnail","hentry"],"acf":[],"yoast_head":"<!-- This site is optimized with the Yoast SEO plugin v24.2 - https:\/\/yoast.com\/wordpress\/plugins\/seo\/ -->\n<title>Finca de alta calidad con Licencia vacacional en Felanitx<\/title>\n<meta name=\"description\" content=\"| Diese zuk\u00fcnftige Finca, deren Bau f\u00fcr die Fertigstellung im Oktober 2026 geplant ist, befindet sich in strategischer Lage im Norden der Insel, zwischen den malerischen D\u00f6rfern B\u00fager und Campanet. Ihre privilegierte Position bietet eine schnelle Anbindung an die Hauptstra\u00dfe nach Palma sowie die N\u00e4he zu den Str\u00e4nden im Norden und zur majest\u00e4tischen Serra de Tramuntana, wodurch l\u00e4ndliche Ruhe mit einer hervorragenden Anbindung und vielf\u00e4ltigen Freizeitm\u00f6glichkeiten kombiniert wird. Das architektonische Design ist von einer Neuinterpretation des traditionellen mallorquinischen Stils inspiriert. Das Interieur wird sich durch eine Fusion von rustikalem und modernem Stil auszeichnen, die dank gro\u00dfer Fenster eine helle und einladende Atmosph\u00e4re schafft. Mit einer auf Komfort ausgelegten Aufteilung wird das Haus vier Schlafzimmer mit Bad en suite, einen eigenen Bereich f\u00fcr Fitnessstudio, Sauna und Spa sowie die M\u00f6glichkeit bieten, die bebaute Fl\u00e4che f\u00fcr eine gr\u00f6\u00dfere Wohnfl\u00e4che oder eine Garage zu erweitern. Hohe Materialqualit\u00e4t hat Priorit\u00e4t, mit der Verwendung traditioneller Bautechniken und Oberfl\u00e4chen in Cremet\u00f6nen und Naturfarben, in Anlehnung an die Projekte, die der Bautr\u00e4ger bereits realisiert hat (deren Beispiele den Bildern beigef\u00fcgt sind). Das Au\u00dfendesign strebt eine flie\u00dfende Integration in die nat\u00fcrliche Umgebung an. Die gro\u00dfz\u00fcgigen Terrassen und \u00fcberdachten Bereiche laden dazu ein, das mediterrane Klima zu genie\u00dfen, w\u00e4hrend die Landschaftsgestaltung die Anlage eines Gartens erm\u00f6glicht, der die Verbindung zur Natur verst\u00e4rkt. Dieses Projekt stellt eine exzellente Gelegenheit dar, eine Immobilie zu erwerben, die die Authentizit\u00e4t eines mallorquinischen Landhauses mit dem Komfort und der Nachhaltigkeit eines modernen Baus verbindet, an einem au\u00dfergew\u00f6hnlichen und gut angebundenen Standort.\" \/>\n<meta name=\"robots\" content=\"index, follow, max-snippet:-1, max-image-preview:large, max-video-preview:-1\" \/>\n<link rel=\"canonical\" href=\"https:\/\/luisferdinand.com\/de\/house-de\/finca-in-handwerkskunst-und-mallorquinischer-tradition-fertigstellung-oktober-2026-naturliche-farben\/\" \/>\n<meta property=\"og:locale\" content=\"de_DE\" \/>\n<meta property=\"og:type\" content=\"article\" \/>\n<meta property=\"og:title\" content=\"Finca de alta calidad con Licencia vacacional en Felanitx\" \/>\n<meta property=\"og:description\" content=\"| Diese zuk\u00fcnftige Finca, deren Bau f\u00fcr die Fertigstellung im Oktober 2026 geplant ist, befindet sich in strategischer Lage im Norden der Insel, zwischen den malerischen D\u00f6rfern B\u00fager und Campanet. Ihre privilegierte Position bietet eine schnelle Anbindung an die Hauptstra\u00dfe nach Palma sowie die N\u00e4he zu den Str\u00e4nden im Norden und zur majest\u00e4tischen Serra de Tramuntana, wodurch l\u00e4ndliche Ruhe mit einer hervorragenden Anbindung und vielf\u00e4ltigen Freizeitm\u00f6glichkeiten kombiniert wird. Das architektonische Design ist von einer Neuinterpretation des traditionellen mallorquinischen Stils inspiriert. Das Interieur wird sich durch eine Fusion von rustikalem und modernem Stil auszeichnen, die dank gro\u00dfer Fenster eine helle und einladende Atmosph\u00e4re schafft. Mit einer auf Komfort ausgelegten Aufteilung wird das Haus vier Schlafzimmer mit Bad en suite, einen eigenen Bereich f\u00fcr Fitnessstudio, Sauna und Spa sowie die M\u00f6glichkeit bieten, die bebaute Fl\u00e4che f\u00fcr eine gr\u00f6\u00dfere Wohnfl\u00e4che oder eine Garage zu erweitern. Hohe Materialqualit\u00e4t hat Priorit\u00e4t, mit der Verwendung traditioneller Bautechniken und Oberfl\u00e4chen in Cremet\u00f6nen und Naturfarben, in Anlehnung an die Projekte, die der Bautr\u00e4ger bereits realisiert hat (deren Beispiele den Bildern beigef\u00fcgt sind). Das Au\u00dfendesign strebt eine flie\u00dfende Integration in die nat\u00fcrliche Umgebung an. Die gro\u00dfz\u00fcgigen Terrassen und \u00fcberdachten Bereiche laden dazu ein, das mediterrane Klima zu genie\u00dfen, w\u00e4hrend die Landschaftsgestaltung die Anlage eines Gartens erm\u00f6glicht, der die Verbindung zur Natur verst\u00e4rkt. Dieses Projekt stellt eine exzellente Gelegenheit dar, eine Immobilie zu erwerben, die die Authentizit\u00e4t eines mallorquinischen Landhauses mit dem Komfort und der Nachhaltigkeit eines modernen Baus verbindet, an einem au\u00dfergew\u00f6hnlichen und gut angebundenen Standort.\" \/>\n<meta property=\"og:url\" content=\"https:\/\/luisferdinand.com\/de\/house-de\/finca-in-handwerkskunst-und-mallorquinischer-tradition-fertigstellung-oktober-2026-naturliche-farben\/\" \/>\n<meta property=\"og:site_name\" content=\"Luis Ferdinand\" \/>\n<meta property=\"article:modified_time\" content=\"2025-08-11T10:07:04+00:00\" \/>\n<meta property=\"og:image\" content=\"https:\/\/luisferdinand.com\/wp-content\/uploads\/2025\/08\/Luis-Ferdinand-RE14-9-scaled.jpg\" \/>\n\t<meta property=\"og:image:width\" content=\"2560\" \/>\n\t<meta property=\"og:image:height\" content=\"1657\" \/>\n\t<meta property=\"og:image:type\" content=\"image\/jpeg\" \/>\n<meta name=\"twitter:card\" content=\"summary_large_image\" \/>\n<meta name=\"twitter:label1\" content=\"Gesch\u00e4tzte Lesezeit\" \/>\n\t<meta name=\"twitter:data1\" content=\"1\u00a0Minute\" \/>\n<script type=\"application\/ld+json\" class=\"yoast-schema-graph\">{\"@context\":\"https:\/\/schema.org\",\"@graph\":[{\"@type\":\"WebPage\",\"@id\":\"https:\/\/luisferdinand.com\/de\/house-de\/finca-in-handwerkskunst-und-mallorquinischer-tradition-fertigstellung-oktober-2026-naturliche-farben\/\",\"url\":\"https:\/\/luisferdinand.com\/de\/house-de\/finca-in-handwerkskunst-und-mallorquinischer-tradition-fertigstellung-oktober-2026-naturliche-farben\/\",\"name\":\"Finca de alta calidad con Licencia vacacional en Felanitx\",\"isPartOf\":{\"@id\":\"https:\/\/luisferdinand.com\/de\/#website\"},\"primaryImageOfPage\":{\"@id\":\"https:\/\/luisferdinand.com\/de\/house-de\/finca-in-handwerkskunst-und-mallorquinischer-tradition-fertigstellung-oktober-2026-naturliche-farben\/#primaryimage\"},\"image\":{\"@id\":\"https:\/\/luisferdinand.com\/de\/house-de\/finca-in-handwerkskunst-und-mallorquinischer-tradition-fertigstellung-oktober-2026-naturliche-farben\/#primaryimage\"},\"thumbnailUrl\":\"https:\/\/luisferdinand.com\/wp-content\/uploads\/2025\/08\/Luis-Ferdinand-RE14-9-scaled.jpg\",\"datePublished\":\"2025-08-11T09:54:53+00:00\",\"dateModified\":\"2025-08-11T10:07:04+00:00\",\"description\":\"| Diese zuk\u00fcnftige Finca, deren Bau f\u00fcr die Fertigstellung im Oktober 2026 geplant ist, befindet sich in strategischer Lage im Norden der Insel, zwischen den malerischen D\u00f6rfern B\u00fager und Campanet. Ihre privilegierte Position bietet eine schnelle Anbindung an die Hauptstra\u00dfe nach Palma sowie die N\u00e4he zu den Str\u00e4nden im Norden und zur majest\u00e4tischen Serra de Tramuntana, wodurch l\u00e4ndliche Ruhe mit einer hervorragenden Anbindung und vielf\u00e4ltigen Freizeitm\u00f6glichkeiten kombiniert wird. Das architektonische Design ist von einer Neuinterpretation des traditionellen mallorquinischen Stils inspiriert. Das Interieur wird sich durch eine Fusion von rustikalem und modernem Stil auszeichnen, die dank gro\u00dfer Fenster eine helle und einladende Atmosph\u00e4re schafft. Mit einer auf Komfort ausgelegten Aufteilung wird das Haus vier Schlafzimmer mit Bad en suite, einen eigenen Bereich f\u00fcr Fitnessstudio, Sauna und Spa sowie die M\u00f6glichkeit bieten, die bebaute Fl\u00e4che f\u00fcr eine gr\u00f6\u00dfere Wohnfl\u00e4che oder eine Garage zu erweitern. Hohe Materialqualit\u00e4t hat Priorit\u00e4t, mit der Verwendung traditioneller Bautechniken und Oberfl\u00e4chen in Cremet\u00f6nen und Naturfarben, in Anlehnung an die Projekte, die der Bautr\u00e4ger bereits realisiert hat (deren Beispiele den Bildern beigef\u00fcgt sind). Das Au\u00dfendesign strebt eine flie\u00dfende Integration in die nat\u00fcrliche Umgebung an. Die gro\u00dfz\u00fcgigen Terrassen und \u00fcberdachten Bereiche laden dazu ein, das mediterrane Klima zu genie\u00dfen, w\u00e4hrend die Landschaftsgestaltung die Anlage eines Gartens erm\u00f6glicht, der die Verbindung zur Natur verst\u00e4rkt. Dieses Projekt stellt eine exzellente Gelegenheit dar, eine Immobilie zu erwerben, die die Authentizit\u00e4t eines mallorquinischen Landhauses mit dem Komfort und der Nachhaltigkeit eines modernen Baus verbindet, an einem au\u00dfergew\u00f6hnlichen und gut angebundenen Standort.\",\"breadcrumb\":{\"@id\":\"https:\/\/luisferdinand.com\/de\/house-de\/finca-in-handwerkskunst-und-mallorquinischer-tradition-fertigstellung-oktober-2026-naturliche-farben\/#breadcrumb\"},\"inLanguage\":\"de\",\"potentialAction\":[{\"@type\":\"ReadAction\",\"target\":[\"https:\/\/luisferdinand.com\/de\/house-de\/finca-in-handwerkskunst-und-mallorquinischer-tradition-fertigstellung-oktober-2026-naturliche-farben\/\"]}]},{\"@type\":\"ImageObject\",\"inLanguage\":\"de\",\"@id\":\"https:\/\/luisferdinand.com\/de\/house-de\/finca-in-handwerkskunst-und-mallorquinischer-tradition-fertigstellung-oktober-2026-naturliche-farben\/#primaryimage\",\"url\":\"https:\/\/luisferdinand.com\/wp-content\/uploads\/2025\/08\/Luis-Ferdinand-RE14-9-scaled.jpg\",\"contentUrl\":\"https:\/\/luisferdinand.com\/wp-content\/uploads\/2025\/08\/Luis-Ferdinand-RE14-9-scaled.jpg\",\"width\":2560,\"height\":1657},{\"@type\":\"BreadcrumbList\",\"@id\":\"https:\/\/luisferdinand.com\/de\/house-de\/finca-in-handwerkskunst-und-mallorquinischer-tradition-fertigstellung-oktober-2026-naturliche-farben\/#breadcrumb\",\"itemListElement\":[{\"@type\":\"ListItem\",\"position\":1,\"name\":\"Portada\",\"item\":\"https:\/\/luisferdinand.com\/de\/\"},{\"@type\":\"ListItem\",\"position\":2,\"name\":\"House\",\"item\":\"https:\/\/luisferdinand.com\/de\/house-de\/\"},{\"@type\":\"ListItem\",\"position\":3,\"name\":\"Finca in Handwerkskunst und mallorquinischer Tradition &#8211; Fertigstellung Oktober 2026 &#8211; Nat\u00fcrliche Farben\"}]},{\"@type\":\"WebSite\",\"@id\":\"https:\/\/luisferdinand.com\/de\/#website\",\"url\":\"https:\/\/luisferdinand.com\/de\/\",\"name\":\"Luis Ferdinand\",\"description\":\"Real estate in Mallorca\",\"publisher\":{\"@id\":\"https:\/\/luisferdinand.com\/de\/#organization\"},\"potentialAction\":[{\"@type\":\"SearchAction\",\"target\":{\"@type\":\"EntryPoint\",\"urlTemplate\":\"https:\/\/luisferdinand.com\/de\/?s={search_term_string}\"},\"query-input\":{\"@type\":\"PropertyValueSpecification\",\"valueRequired\":true,\"valueName\":\"search_term_string\"}}],\"inLanguage\":\"de\"},{\"@type\":\"Organization\",\"@id\":\"https:\/\/luisferdinand.com\/de\/#organization\",\"name\":\"Luis Ferdinand\",\"url\":\"https:\/\/luisferdinand.com\/de\/\",\"logo\":{\"@type\":\"ImageObject\",\"inLanguage\":\"de\",\"@id\":\"https:\/\/luisferdinand.com\/de\/#\/schema\/logo\/image\/\",\"url\":\"https:\/\/luisferdinand.com\/wp-content\/uploads\/2023\/03\/cropped-favicon-1.png\",\"contentUrl\":\"https:\/\/luisferdinand.com\/wp-content\/uploads\/2023\/03\/cropped-favicon-1.png\",\"width\":512,\"height\":512,\"caption\":\"Luis Ferdinand\"},\"image\":{\"@id\":\"https:\/\/luisferdinand.com\/de\/#\/schema\/logo\/image\/\"},\"sameAs\":[\"https:\/\/www.youtube.com\/@luisferdinandbock9962\"]}]}<\/script>\n<!-- \/ Yoast SEO plugin. -->","yoast_head_json":{"title":"Finca de alta calidad con Licencia vacacional en Felanitx","description":"| Diese zuk\u00fcnftige Finca, deren Bau f\u00fcr die Fertigstellung im Oktober 2026 geplant ist, befindet sich in strategischer Lage im Norden der Insel, zwischen den malerischen D\u00f6rfern B\u00fager und Campanet. Ihre privilegierte Position bietet eine schnelle Anbindung an die Hauptstra\u00dfe nach Palma sowie die N\u00e4he zu den Str\u00e4nden im Norden und zur majest\u00e4tischen Serra de Tramuntana, wodurch l\u00e4ndliche Ruhe mit einer hervorragenden Anbindung und vielf\u00e4ltigen Freizeitm\u00f6glichkeiten kombiniert wird. Das architektonische Design ist von einer Neuinterpretation des traditionellen mallorquinischen Stils inspiriert. Das Interieur wird sich durch eine Fusion von rustikalem und modernem Stil auszeichnen, die dank gro\u00dfer Fenster eine helle und einladende Atmosph\u00e4re schafft. Mit einer auf Komfort ausgelegten Aufteilung wird das Haus vier Schlafzimmer mit Bad en suite, einen eigenen Bereich f\u00fcr Fitnessstudio, Sauna und Spa sowie die M\u00f6glichkeit bieten, die bebaute Fl\u00e4che f\u00fcr eine gr\u00f6\u00dfere Wohnfl\u00e4che oder eine Garage zu erweitern. Hohe Materialqualit\u00e4t hat Priorit\u00e4t, mit der Verwendung traditioneller Bautechniken und Oberfl\u00e4chen in Cremet\u00f6nen und Naturfarben, in Anlehnung an die Projekte, die der Bautr\u00e4ger bereits realisiert hat (deren Beispiele den Bildern beigef\u00fcgt sind). Das Au\u00dfendesign strebt eine flie\u00dfende Integration in die nat\u00fcrliche Umgebung an. Die gro\u00dfz\u00fcgigen Terrassen und \u00fcberdachten Bereiche laden dazu ein, das mediterrane Klima zu genie\u00dfen, w\u00e4hrend die Landschaftsgestaltung die Anlage eines Gartens erm\u00f6glicht, der die Verbindung zur Natur verst\u00e4rkt. Dieses Projekt stellt eine exzellente Gelegenheit dar, eine Immobilie zu erwerben, die die Authentizit\u00e4t eines mallorquinischen Landhauses mit dem Komfort und der Nachhaltigkeit eines modernen Baus verbindet, an einem au\u00dfergew\u00f6hnlichen und gut angebundenen Standort.","robots":{"index":"index","follow":"follow","max-snippet":"max-snippet:-1","max-image-preview":"max-image-preview:large","max-video-preview":"max-video-preview:-1"},"canonical":"https:\/\/luisferdinand.com\/de\/house-de\/finca-in-handwerkskunst-und-mallorquinischer-tradition-fertigstellung-oktober-2026-naturliche-farben\/","og_locale":"de_DE","og_type":"article","og_title":"Finca de alta calidad con Licencia vacacional en Felanitx","og_description":"| Diese zuk\u00fcnftige Finca, deren Bau f\u00fcr die Fertigstellung im Oktober 2026 geplant ist, befindet sich in strategischer Lage im Norden der Insel, zwischen den malerischen D\u00f6rfern B\u00fager und Campanet. Ihre privilegierte Position bietet eine schnelle Anbindung an die Hauptstra\u00dfe nach Palma sowie die N\u00e4he zu den Str\u00e4nden im Norden und zur majest\u00e4tischen Serra de Tramuntana, wodurch l\u00e4ndliche Ruhe mit einer hervorragenden Anbindung und vielf\u00e4ltigen Freizeitm\u00f6glichkeiten kombiniert wird. Das architektonische Design ist von einer Neuinterpretation des traditionellen mallorquinischen Stils inspiriert. Das Interieur wird sich durch eine Fusion von rustikalem und modernem Stil auszeichnen, die dank gro\u00dfer Fenster eine helle und einladende Atmosph\u00e4re schafft. Mit einer auf Komfort ausgelegten Aufteilung wird das Haus vier Schlafzimmer mit Bad en suite, einen eigenen Bereich f\u00fcr Fitnessstudio, Sauna und Spa sowie die M\u00f6glichkeit bieten, die bebaute Fl\u00e4che f\u00fcr eine gr\u00f6\u00dfere Wohnfl\u00e4che oder eine Garage zu erweitern. Hohe Materialqualit\u00e4t hat Priorit\u00e4t, mit der Verwendung traditioneller Bautechniken und Oberfl\u00e4chen in Cremet\u00f6nen und Naturfarben, in Anlehnung an die Projekte, die der Bautr\u00e4ger bereits realisiert hat (deren Beispiele den Bildern beigef\u00fcgt sind). Das Au\u00dfendesign strebt eine flie\u00dfende Integration in die nat\u00fcrliche Umgebung an. Die gro\u00dfz\u00fcgigen Terrassen und \u00fcberdachten Bereiche laden dazu ein, das mediterrane Klima zu genie\u00dfen, w\u00e4hrend die Landschaftsgestaltung die Anlage eines Gartens erm\u00f6glicht, der die Verbindung zur Natur verst\u00e4rkt. Dieses Projekt stellt eine exzellente Gelegenheit dar, eine Immobilie zu erwerben, die die Authentizit\u00e4t eines mallorquinischen Landhauses mit dem Komfort und der Nachhaltigkeit eines modernen Baus verbindet, an einem au\u00dfergew\u00f6hnlichen und gut angebundenen Standort.","og_url":"https:\/\/luisferdinand.com\/de\/house-de\/finca-in-handwerkskunst-und-mallorquinischer-tradition-fertigstellung-oktober-2026-naturliche-farben\/","og_site_name":"Luis Ferdinand","article_modified_time":"2025-08-11T10:07:04+00:00","og_image":[{"width":2560,"height":1657,"url":"https:\/\/luisferdinand.com\/wp-content\/uploads\/2025\/08\/Luis-Ferdinand-RE14-9-scaled.jpg","type":"image\/jpeg"}],"twitter_card":"summary_large_image","twitter_misc":{"Gesch\u00e4tzte Lesezeit":"1\u00a0Minute"},"schema":{"@context":"https:\/\/schema.org","@graph":[{"@type":"WebPage","@id":"https:\/\/luisferdinand.com\/de\/house-de\/finca-in-handwerkskunst-und-mallorquinischer-tradition-fertigstellung-oktober-2026-naturliche-farben\/","url":"https:\/\/luisferdinand.com\/de\/house-de\/finca-in-handwerkskunst-und-mallorquinischer-tradition-fertigstellung-oktober-2026-naturliche-farben\/","name":"Finca de alta calidad con Licencia vacacional en Felanitx","isPartOf":{"@id":"https:\/\/luisferdinand.com\/de\/#website"},"primaryImageOfPage":{"@id":"https:\/\/luisferdinand.com\/de\/house-de\/finca-in-handwerkskunst-und-mallorquinischer-tradition-fertigstellung-oktober-2026-naturliche-farben\/#primaryimage"},"image":{"@id":"https:\/\/luisferdinand.com\/de\/house-de\/finca-in-handwerkskunst-und-mallorquinischer-tradition-fertigstellung-oktober-2026-naturliche-farben\/#primaryimage"},"thumbnailUrl":"https:\/\/luisferdinand.com\/wp-content\/uploads\/2025\/08\/Luis-Ferdinand-RE14-9-scaled.jpg","datePublished":"2025-08-11T09:54:53+00:00","dateModified":"2025-08-11T10:07:04+00:00","description":"| Diese zuk\u00fcnftige Finca, deren Bau f\u00fcr die Fertigstellung im Oktober 2026 geplant ist, befindet sich in strategischer Lage im Norden der Insel, zwischen den malerischen D\u00f6rfern B\u00fager und Campanet. Ihre privilegierte Position bietet eine schnelle Anbindung an die Hauptstra\u00dfe nach Palma sowie die N\u00e4he zu den Str\u00e4nden im Norden und zur majest\u00e4tischen Serra de Tramuntana, wodurch l\u00e4ndliche Ruhe mit einer hervorragenden Anbindung und vielf\u00e4ltigen Freizeitm\u00f6glichkeiten kombiniert wird. Das architektonische Design ist von einer Neuinterpretation des traditionellen mallorquinischen Stils inspiriert. Das Interieur wird sich durch eine Fusion von rustikalem und modernem Stil auszeichnen, die dank gro\u00dfer Fenster eine helle und einladende Atmosph\u00e4re schafft. Mit einer auf Komfort ausgelegten Aufteilung wird das Haus vier Schlafzimmer mit Bad en suite, einen eigenen Bereich f\u00fcr Fitnessstudio, Sauna und Spa sowie die M\u00f6glichkeit bieten, die bebaute Fl\u00e4che f\u00fcr eine gr\u00f6\u00dfere Wohnfl\u00e4che oder eine Garage zu erweitern. Hohe Materialqualit\u00e4t hat Priorit\u00e4t, mit der Verwendung traditioneller Bautechniken und Oberfl\u00e4chen in Cremet\u00f6nen und Naturfarben, in Anlehnung an die Projekte, die der Bautr\u00e4ger bereits realisiert hat (deren Beispiele den Bildern beigef\u00fcgt sind). Das Au\u00dfendesign strebt eine flie\u00dfende Integration in die nat\u00fcrliche Umgebung an. Die gro\u00dfz\u00fcgigen Terrassen und \u00fcberdachten Bereiche laden dazu ein, das mediterrane Klima zu genie\u00dfen, w\u00e4hrend die Landschaftsgestaltung die Anlage eines Gartens erm\u00f6glicht, der die Verbindung zur Natur verst\u00e4rkt. Dieses Projekt stellt eine exzellente Gelegenheit dar, eine Immobilie zu erwerben, die die Authentizit\u00e4t eines mallorquinischen Landhauses mit dem Komfort und der Nachhaltigkeit eines modernen Baus verbindet, an einem au\u00dfergew\u00f6hnlichen und gut angebundenen Standort.","breadcrumb":{"@id":"https:\/\/luisferdinand.com\/de\/house-de\/finca-in-handwerkskunst-und-mallorquinischer-tradition-fertigstellung-oktober-2026-naturliche-farben\/#breadcrumb"},"inLanguage":"de","potentialAction":[{"@type":"ReadAction","target":["https:\/\/luisferdinand.com\/de\/house-de\/finca-in-handwerkskunst-und-mallorquinischer-tradition-fertigstellung-oktober-2026-naturliche-farben\/"]}]},{"@type":"ImageObject","inLanguage":"de","@id":"https:\/\/luisferdinand.com\/de\/house-de\/finca-in-handwerkskunst-und-mallorquinischer-tradition-fertigstellung-oktober-2026-naturliche-farben\/#primaryimage","url":"https:\/\/luisferdinand.com\/wp-content\/uploads\/2025\/08\/Luis-Ferdinand-RE14-9-scaled.jpg","contentUrl":"https:\/\/luisferdinand.com\/wp-content\/uploads\/2025\/08\/Luis-Ferdinand-RE14-9-scaled.jpg","width":2560,"height":1657},{"@type":"BreadcrumbList","@id":"https:\/\/luisferdinand.com\/de\/house-de\/finca-in-handwerkskunst-und-mallorquinischer-tradition-fertigstellung-oktober-2026-naturliche-farben\/#breadcrumb","itemListElement":[{"@type":"ListItem","position":1,"name":"Portada","item":"https:\/\/luisferdinand.com\/de\/"},{"@type":"ListItem","position":2,"name":"House","item":"https:\/\/luisferdinand.com\/de\/house-de\/"},{"@type":"ListItem","position":3,"name":"Finca in Handwerkskunst und mallorquinischer Tradition &#8211; Fertigstellung Oktober 2026 &#8211; Nat\u00fcrliche Farben"}]},{"@type":"WebSite","@id":"https:\/\/luisferdinand.com\/de\/#website","url":"https:\/\/luisferdinand.com\/de\/","name":"Luis Ferdinand","description":"Real estate in Mallorca","publisher":{"@id":"https:\/\/luisferdinand.com\/de\/#organization"},"potentialAction":[{"@type":"SearchAction","target":{"@type":"EntryPoint","urlTemplate":"https:\/\/luisferdinand.com\/de\/?s={search_term_string}"},"query-input":{"@type":"PropertyValueSpecification","valueRequired":true,"valueName":"search_term_string"}}],"inLanguage":"de"},{"@type":"Organization","@id":"https:\/\/luisferdinand.com\/de\/#organization","name":"Luis Ferdinand","url":"https:\/\/luisferdinand.com\/de\/","logo":{"@type":"ImageObject","inLanguage":"de","@id":"https:\/\/luisferdinand.com\/de\/#\/schema\/logo\/image\/","url":"https:\/\/luisferdinand.com\/wp-content\/uploads\/2023\/03\/cropped-favicon-1.png","contentUrl":"https:\/\/luisferdinand.com\/wp-content\/uploads\/2023\/03\/cropped-favicon-1.png","width":512,"height":512,"caption":"Luis Ferdinand"},"image":{"@id":"https:\/\/luisferdinand.com\/de\/#\/schema\/logo\/image\/"},"sameAs":["https:\/\/www.youtube.com\/@luisferdinandbock9962"]}]}},"_links":{"self":[{"href":"https:\/\/luisferdinand.com\/de\/wp-json\/wp\/v2\/house\/11729","targetHints":{"allow":["GET"]}}],"collection":[{"href":"https:\/\/luisferdinand.com\/de\/wp-json\/wp\/v2\/house"}],"about":[{"href":"https:\/\/luisferdinand.com\/de\/wp-json\/wp\/v2\/types\/house"}],"author":[{"embeddable":true,"href":"https:\/\/luisferdinand.com\/de\/wp-json\/wp\/v2\/users\/2"}],"version-history":[{"count":2,"href":"https:\/\/luisferdinand.com\/de\/wp-json\/wp\/v2\/house\/11729\/revisions"}],"predecessor-version":[{"id":11734,"href":"https:\/\/luisferdinand.com\/de\/wp-json\/wp\/v2\/house\/11729\/revisions\/11734"}],"wp:featuredmedia":[{"embeddable":true,"href":"https:\/\/luisferdinand.com\/de\/wp-json\/wp\/v2\/media\/11673"}],"wp:attachment":[{"href":"https:\/\/luisferdinand.com\/de\/wp-json\/wp\/v2\/media?parent=11729"}],"wp:term":[{"taxonomy":"salerent","embeddable":true,"href":"https:\/\/luisferdinand.com\/de\/wp-json\/wp\/v2\/salerent?post=11729"},{"taxonomy":"state","embeddable":true,"href":"https:\/\/luisferdinand.com\/de\/wp-json\/wp\/v2\/state?post=11729"}],"curies":[{"name":"wp","href":"https:\/\/api.w.org\/{rel}","templated":true}]}}