{"id":10181,"date":"2024-10-04T16:47:32","date_gmt":"2024-10-04T16:47:32","guid":{"rendered":"https:\/\/luisferdinand.com\/house\/villa-estilo-formentera-en-mallorca-sensacion-de-naturaleza-y-privacidad\/"},"modified":"2024-10-04T16:51:28","modified_gmt":"2024-10-04T16:51:28","slug":"villa-im-formentera-stil-auf-mallorca-ein-gefuhl-von-natur-und-privatsphare","status":"publish","type":"house","link":"https:\/\/luisferdinand.com\/de\/house-de\/villa-im-formentera-stil-auf-mallorca-ein-gefuhl-von-natur-und-privatsphare\/","title":{"rendered":"Villa im Formentera-Stil auf Mallorca &#8211; Ein Gef\u00fchl von Natur und Privatsph\u00e4re"},"content":{"rendered":"","protected":false},"excerpt":{"rendered":"<p>Diese charmante Villa verk\u00f6rpert den entspannten, nat\u00fcrlichen Lebensstil Formenteras, eingebettet in die wundersch\u00f6ne Landschaft Mallorcas. Umgeben von einem sch\u00f6n angelegten Garten mit niedrigen mediterranen Pflanzen, bietet das Anwesen einen friedlichen und ruhigen R\u00fcckzugsort. In der Mitte des Gartens l\u00e4dt ein markanter t\u00fcrkisfarbener Pool zum Entspannen und Genie\u00dfen ein.<\/p>\n<p>Die Villa ist optimal angelegt und verf\u00fcgt \u00fcber nat\u00fcrliche Materialien wie elegante Holzt\u00fcren und mallorquinische Steinb\u00f6den. Der offene Wohnbereich mit hohen Decken und gro\u00dfen Fenstern durchflutet den Raum mit Licht und schafft eine helle und luftige Atmosph\u00e4re. Das Haupthaus verf\u00fcgt \u00fcber drei ger\u00e4umige Doppelschlafzimmer und zwei moderne B\u00e4der. Zus\u00e4tzlich bietet ein gem\u00fctlicher Loftbereich zus\u00e4tzlichen Platz.<\/p>\n<p>Ein besonderes Highlight ist das separate G\u00e4steapartment mit eigenem Schlafzimmer und Bad, ideal f\u00fcr die Familie oder G\u00e4ste, die Privatsph\u00e4re suchen.<\/p>\n<p>Die Villa wurde vor kurzem mit dem Fokus auf Nachhaltigkeit renoviert und ist mit einer Fu\u00dfbodenheizung, W\u00e4rmed\u00e4mmung und doppelt verglasten Fenstern ausgestattet. Alle Materialien wurden sorgf\u00e4ltig ausgew\u00e4hlt, um die Auswirkungen auf die Umwelt zu minimieren und gleichzeitig maximalen Komfort zu gew\u00e4hrleisten.<\/p>\n<p>Der Garten, der \u00fcber eine gro\u00dfe \u00fcberdachte Terrasse zug\u00e4nglich ist, ist mit einer Vielzahl von Pflanzen und Blumen geschm\u00fcckt und f\u00fcgt sich harmonisch in die umliegende Landschaft ein. Die Au\u00dfenbeleuchtung und das automatische Bew\u00e4sserungssystem unterstreichen das durchdachte Design.<\/p>\n<p>Diese Villa ist die perfekte Wahl f\u00fcr alle, die das Gef\u00fchl von Formentera auf Mallorca erleben m\u00f6chten &#8211; eine Mischung aus nat\u00fcrlicher Sch\u00f6nheit, moderner Eleganz und absoluter Privatsph\u00e4re, nur eine kurze Fahrt von Palma entfernt.<\/p>\n","protected":false},"author":2,"featured_media":10098,"parent":0,"menu_order":0,"template":"","meta":{"_acf_changed":false,"footnotes":""},"salerent":[],"state":[],"class_list":["post-10181","house","type-house","status-publish","has-post-thumbnail","hentry"],"acf":[],"yoast_head":"<!-- This site is optimized with the Yoast SEO plugin v24.2 - https:\/\/yoast.com\/wordpress\/plugins\/seo\/ -->\n<title>Villa im Formentera-Stil auf Mallorca - Ein Gef\u00fchl von Natur und Privatsph\u00e4re | Luis Ferdinand<\/title>\n<meta name=\"description\" content=\"| Diese charmante Villa verk\u00f6rpert den entspannten, nat\u00fcrlichen Lebensstil Formenteras, eingebettet in die wundersch\u00f6ne Landschaft Mallorcas. Umgeben von einem sch\u00f6n angelegten Garten mit niedrigen mediterranen Pflanzen, bietet das Anwesen einen friedlichen und ruhigen R\u00fcckzugsort. In der Mitte des Gartens l\u00e4dt ein markanter t\u00fcrkisfarbener Pool zum Entspannen und Genie\u00dfen ein. Die Villa ist optimal angelegt und verf\u00fcgt \u00fcber nat\u00fcrliche Materialien wie elegante Holzt\u00fcren und mallorquinische Steinb\u00f6den. Der offene Wohnbereich mit hohen Decken und gro\u00dfen Fenstern durchflutet den Raum mit Licht und schafft eine helle und luftige Atmosph\u00e4re. Das Haupthaus verf\u00fcgt \u00fcber drei ger\u00e4umige Doppelschlafzimmer und zwei moderne B\u00e4der. Zus\u00e4tzlich bietet ein gem\u00fctlicher Loftbereich zus\u00e4tzlichen Platz. Ein besonderes Highlight ist das separate G\u00e4steapartment mit eigenem Schlafzimmer und Bad, ideal f\u00fcr die Familie oder G\u00e4ste, die Privatsph\u00e4re suchen. Die Villa wurde vor kurzem mit dem Fokus auf Nachhaltigkeit renoviert und ist mit einer Fu\u00dfbodenheizung, W\u00e4rmed\u00e4mmung und doppelt verglasten Fenstern ausgestattet. Alle Materialien wurden sorgf\u00e4ltig ausgew\u00e4hlt, um die Auswirkungen auf die Umwelt zu minimieren und gleichzeitig maximalen Komfort zu gew\u00e4hrleisten. Der Garten, der \u00fcber eine gro\u00dfe \u00fcberdachte Terrasse zug\u00e4nglich ist, ist mit einer Vielzahl von Pflanzen und Blumen geschm\u00fcckt und f\u00fcgt sich harmonisch in die umliegende Landschaft ein. Die Au\u00dfenbeleuchtung und das automatische Bew\u00e4sserungssystem unterstreichen das durchdachte Design. Diese Villa ist die perfekte Wahl f\u00fcr alle, die das Gef\u00fchl von Formentera auf Mallorca erleben m\u00f6chten - eine Mischung aus nat\u00fcrlicher Sch\u00f6nheit, moderner Eleganz und absoluter Privatsph\u00e4re, nur eine kurze Fahrt von Palma entfernt.\" \/>\n<meta name=\"robots\" content=\"index, follow, max-snippet:-1, max-image-preview:large, max-video-preview:-1\" \/>\n<link rel=\"canonical\" href=\"https:\/\/luisferdinand.com\/de\/house-de\/villa-im-formentera-stil-auf-mallorca-ein-gefuhl-von-natur-und-privatsphare\/\" \/>\n<meta property=\"og:locale\" content=\"de_DE\" \/>\n<meta property=\"og:type\" content=\"article\" \/>\n<meta property=\"og:title\" content=\"Villa im Formentera-Stil auf Mallorca - Ein Gef\u00fchl von Natur und Privatsph\u00e4re | Luis Ferdinand\" \/>\n<meta property=\"og:description\" content=\"| Diese charmante Villa verk\u00f6rpert den entspannten, nat\u00fcrlichen Lebensstil Formenteras, eingebettet in die wundersch\u00f6ne Landschaft Mallorcas. Umgeben von einem sch\u00f6n angelegten Garten mit niedrigen mediterranen Pflanzen, bietet das Anwesen einen friedlichen und ruhigen R\u00fcckzugsort. In der Mitte des Gartens l\u00e4dt ein markanter t\u00fcrkisfarbener Pool zum Entspannen und Genie\u00dfen ein. Die Villa ist optimal angelegt und verf\u00fcgt \u00fcber nat\u00fcrliche Materialien wie elegante Holzt\u00fcren und mallorquinische Steinb\u00f6den. Der offene Wohnbereich mit hohen Decken und gro\u00dfen Fenstern durchflutet den Raum mit Licht und schafft eine helle und luftige Atmosph\u00e4re. Das Haupthaus verf\u00fcgt \u00fcber drei ger\u00e4umige Doppelschlafzimmer und zwei moderne B\u00e4der. Zus\u00e4tzlich bietet ein gem\u00fctlicher Loftbereich zus\u00e4tzlichen Platz. Ein besonderes Highlight ist das separate G\u00e4steapartment mit eigenem Schlafzimmer und Bad, ideal f\u00fcr die Familie oder G\u00e4ste, die Privatsph\u00e4re suchen. Die Villa wurde vor kurzem mit dem Fokus auf Nachhaltigkeit renoviert und ist mit einer Fu\u00dfbodenheizung, W\u00e4rmed\u00e4mmung und doppelt verglasten Fenstern ausgestattet. Alle Materialien wurden sorgf\u00e4ltig ausgew\u00e4hlt, um die Auswirkungen auf die Umwelt zu minimieren und gleichzeitig maximalen Komfort zu gew\u00e4hrleisten. Der Garten, der \u00fcber eine gro\u00dfe \u00fcberdachte Terrasse zug\u00e4nglich ist, ist mit einer Vielzahl von Pflanzen und Blumen geschm\u00fcckt und f\u00fcgt sich harmonisch in die umliegende Landschaft ein. Die Au\u00dfenbeleuchtung und das automatische Bew\u00e4sserungssystem unterstreichen das durchdachte Design. Diese Villa ist die perfekte Wahl f\u00fcr alle, die das Gef\u00fchl von Formentera auf Mallorca erleben m\u00f6chten - eine Mischung aus nat\u00fcrlicher Sch\u00f6nheit, moderner Eleganz und absoluter Privatsph\u00e4re, nur eine kurze Fahrt von Palma entfernt.\" \/>\n<meta property=\"og:url\" content=\"https:\/\/luisferdinand.com\/de\/house-de\/villa-im-formentera-stil-auf-mallorca-ein-gefuhl-von-natur-und-privatsphare\/\" \/>\n<meta property=\"og:site_name\" content=\"Luis Ferdinand\" \/>\n<meta property=\"article:modified_time\" content=\"2024-10-04T16:51:28+00:00\" \/>\n<meta property=\"og:image\" content=\"https:\/\/luisferdinand.com\/wp-content\/uploads\/2024\/10\/Luis-Ferdinand-RE3-16-scaled.jpg\" \/>\n\t<meta property=\"og:image:width\" content=\"2560\" \/>\n\t<meta property=\"og:image:height\" content=\"1479\" \/>\n\t<meta property=\"og:image:type\" content=\"image\/jpeg\" \/>\n<meta name=\"twitter:card\" content=\"summary_large_image\" \/>\n<script type=\"application\/ld+json\" class=\"yoast-schema-graph\">{\"@context\":\"https:\/\/schema.org\",\"@graph\":[{\"@type\":\"WebPage\",\"@id\":\"https:\/\/luisferdinand.com\/de\/house-de\/villa-im-formentera-stil-auf-mallorca-ein-gefuhl-von-natur-und-privatsphare\/\",\"url\":\"https:\/\/luisferdinand.com\/de\/house-de\/villa-im-formentera-stil-auf-mallorca-ein-gefuhl-von-natur-und-privatsphare\/\",\"name\":\"Villa im Formentera-Stil auf Mallorca - Ein Gef\u00fchl von Natur und Privatsph\u00e4re | Luis Ferdinand\",\"isPartOf\":{\"@id\":\"https:\/\/luisferdinand.com\/de\/#website\"},\"primaryImageOfPage\":{\"@id\":\"https:\/\/luisferdinand.com\/de\/house-de\/villa-im-formentera-stil-auf-mallorca-ein-gefuhl-von-natur-und-privatsphare\/#primaryimage\"},\"image\":{\"@id\":\"https:\/\/luisferdinand.com\/de\/house-de\/villa-im-formentera-stil-auf-mallorca-ein-gefuhl-von-natur-und-privatsphare\/#primaryimage\"},\"thumbnailUrl\":\"https:\/\/luisferdinand.com\/wp-content\/uploads\/2024\/10\/Luis-Ferdinand-RE3-16-scaled.jpg\",\"datePublished\":\"2024-10-04T16:47:32+00:00\",\"dateModified\":\"2024-10-04T16:51:28+00:00\",\"description\":\"| Diese charmante Villa verk\u00f6rpert den entspannten, nat\u00fcrlichen Lebensstil Formenteras, eingebettet in die wundersch\u00f6ne Landschaft Mallorcas. Umgeben von einem sch\u00f6n angelegten Garten mit niedrigen mediterranen Pflanzen, bietet das Anwesen einen friedlichen und ruhigen R\u00fcckzugsort. In der Mitte des Gartens l\u00e4dt ein markanter t\u00fcrkisfarbener Pool zum Entspannen und Genie\u00dfen ein. Die Villa ist optimal angelegt und verf\u00fcgt \u00fcber nat\u00fcrliche Materialien wie elegante Holzt\u00fcren und mallorquinische Steinb\u00f6den. Der offene Wohnbereich mit hohen Decken und gro\u00dfen Fenstern durchflutet den Raum mit Licht und schafft eine helle und luftige Atmosph\u00e4re. Das Haupthaus verf\u00fcgt \u00fcber drei ger\u00e4umige Doppelschlafzimmer und zwei moderne B\u00e4der. Zus\u00e4tzlich bietet ein gem\u00fctlicher Loftbereich zus\u00e4tzlichen Platz. Ein besonderes Highlight ist das separate G\u00e4steapartment mit eigenem Schlafzimmer und Bad, ideal f\u00fcr die Familie oder G\u00e4ste, die Privatsph\u00e4re suchen. Die Villa wurde vor kurzem mit dem Fokus auf Nachhaltigkeit renoviert und ist mit einer Fu\u00dfbodenheizung, W\u00e4rmed\u00e4mmung und doppelt verglasten Fenstern ausgestattet. Alle Materialien wurden sorgf\u00e4ltig ausgew\u00e4hlt, um die Auswirkungen auf die Umwelt zu minimieren und gleichzeitig maximalen Komfort zu gew\u00e4hrleisten. Der Garten, der \u00fcber eine gro\u00dfe \u00fcberdachte Terrasse zug\u00e4nglich ist, ist mit einer Vielzahl von Pflanzen und Blumen geschm\u00fcckt und f\u00fcgt sich harmonisch in die umliegende Landschaft ein. Die Au\u00dfenbeleuchtung und das automatische Bew\u00e4sserungssystem unterstreichen das durchdachte Design. Diese Villa ist die perfekte Wahl f\u00fcr alle, die das Gef\u00fchl von Formentera auf Mallorca erleben m\u00f6chten - eine Mischung aus nat\u00fcrlicher Sch\u00f6nheit, moderner Eleganz und absoluter Privatsph\u00e4re, nur eine kurze Fahrt von Palma entfernt.\",\"breadcrumb\":{\"@id\":\"https:\/\/luisferdinand.com\/de\/house-de\/villa-im-formentera-stil-auf-mallorca-ein-gefuhl-von-natur-und-privatsphare\/#breadcrumb\"},\"inLanguage\":\"de\",\"potentialAction\":[{\"@type\":\"ReadAction\",\"target\":[\"https:\/\/luisferdinand.com\/de\/house-de\/villa-im-formentera-stil-auf-mallorca-ein-gefuhl-von-natur-und-privatsphare\/\"]}]},{\"@type\":\"ImageObject\",\"inLanguage\":\"de\",\"@id\":\"https:\/\/luisferdinand.com\/de\/house-de\/villa-im-formentera-stil-auf-mallorca-ein-gefuhl-von-natur-und-privatsphare\/#primaryimage\",\"url\":\"https:\/\/luisferdinand.com\/wp-content\/uploads\/2024\/10\/Luis-Ferdinand-RE3-16-scaled.jpg\",\"contentUrl\":\"https:\/\/luisferdinand.com\/wp-content\/uploads\/2024\/10\/Luis-Ferdinand-RE3-16-scaled.jpg\",\"width\":2560,\"height\":1479},{\"@type\":\"BreadcrumbList\",\"@id\":\"https:\/\/luisferdinand.com\/de\/house-de\/villa-im-formentera-stil-auf-mallorca-ein-gefuhl-von-natur-und-privatsphare\/#breadcrumb\",\"itemListElement\":[{\"@type\":\"ListItem\",\"position\":1,\"name\":\"Portada\",\"item\":\"https:\/\/luisferdinand.com\/de\/\"},{\"@type\":\"ListItem\",\"position\":2,\"name\":\"House\",\"item\":\"https:\/\/luisferdinand.com\/de\/house-de\/\"},{\"@type\":\"ListItem\",\"position\":3,\"name\":\"Villa im Formentera-Stil auf Mallorca &#8211; Ein Gef\u00fchl von Natur und Privatsph\u00e4re\"}]},{\"@type\":\"WebSite\",\"@id\":\"https:\/\/luisferdinand.com\/de\/#website\",\"url\":\"https:\/\/luisferdinand.com\/de\/\",\"name\":\"Luis Ferdinand\",\"description\":\"Real estate in Mallorca\",\"publisher\":{\"@id\":\"https:\/\/luisferdinand.com\/de\/#organization\"},\"potentialAction\":[{\"@type\":\"SearchAction\",\"target\":{\"@type\":\"EntryPoint\",\"urlTemplate\":\"https:\/\/luisferdinand.com\/de\/?s={search_term_string}\"},\"query-input\":{\"@type\":\"PropertyValueSpecification\",\"valueRequired\":true,\"valueName\":\"search_term_string\"}}],\"inLanguage\":\"de\"},{\"@type\":\"Organization\",\"@id\":\"https:\/\/luisferdinand.com\/de\/#organization\",\"name\":\"Luis Ferdinand\",\"url\":\"https:\/\/luisferdinand.com\/de\/\",\"logo\":{\"@type\":\"ImageObject\",\"inLanguage\":\"de\",\"@id\":\"https:\/\/luisferdinand.com\/de\/#\/schema\/logo\/image\/\",\"url\":\"https:\/\/luisferdinand.com\/wp-content\/uploads\/2023\/03\/cropped-favicon-1.png\",\"contentUrl\":\"https:\/\/luisferdinand.com\/wp-content\/uploads\/2023\/03\/cropped-favicon-1.png\",\"width\":512,\"height\":512,\"caption\":\"Luis Ferdinand\"},\"image\":{\"@id\":\"https:\/\/luisferdinand.com\/de\/#\/schema\/logo\/image\/\"},\"sameAs\":[\"https:\/\/www.youtube.com\/@luisferdinandbock9962\"]}]}<\/script>\n<!-- \/ Yoast SEO plugin. -->","yoast_head_json":{"title":"Villa im Formentera-Stil auf Mallorca - Ein Gef\u00fchl von Natur und Privatsph\u00e4re | Luis Ferdinand","description":"| Diese charmante Villa verk\u00f6rpert den entspannten, nat\u00fcrlichen Lebensstil Formenteras, eingebettet in die wundersch\u00f6ne Landschaft Mallorcas. Umgeben von einem sch\u00f6n angelegten Garten mit niedrigen mediterranen Pflanzen, bietet das Anwesen einen friedlichen und ruhigen R\u00fcckzugsort. In der Mitte des Gartens l\u00e4dt ein markanter t\u00fcrkisfarbener Pool zum Entspannen und Genie\u00dfen ein. Die Villa ist optimal angelegt und verf\u00fcgt \u00fcber nat\u00fcrliche Materialien wie elegante Holzt\u00fcren und mallorquinische Steinb\u00f6den. Der offene Wohnbereich mit hohen Decken und gro\u00dfen Fenstern durchflutet den Raum mit Licht und schafft eine helle und luftige Atmosph\u00e4re. Das Haupthaus verf\u00fcgt \u00fcber drei ger\u00e4umige Doppelschlafzimmer und zwei moderne B\u00e4der. Zus\u00e4tzlich bietet ein gem\u00fctlicher Loftbereich zus\u00e4tzlichen Platz. Ein besonderes Highlight ist das separate G\u00e4steapartment mit eigenem Schlafzimmer und Bad, ideal f\u00fcr die Familie oder G\u00e4ste, die Privatsph\u00e4re suchen. Die Villa wurde vor kurzem mit dem Fokus auf Nachhaltigkeit renoviert und ist mit einer Fu\u00dfbodenheizung, W\u00e4rmed\u00e4mmung und doppelt verglasten Fenstern ausgestattet. Alle Materialien wurden sorgf\u00e4ltig ausgew\u00e4hlt, um die Auswirkungen auf die Umwelt zu minimieren und gleichzeitig maximalen Komfort zu gew\u00e4hrleisten. Der Garten, der \u00fcber eine gro\u00dfe \u00fcberdachte Terrasse zug\u00e4nglich ist, ist mit einer Vielzahl von Pflanzen und Blumen geschm\u00fcckt und f\u00fcgt sich harmonisch in die umliegende Landschaft ein. Die Au\u00dfenbeleuchtung und das automatische Bew\u00e4sserungssystem unterstreichen das durchdachte Design. Diese Villa ist die perfekte Wahl f\u00fcr alle, die das Gef\u00fchl von Formentera auf Mallorca erleben m\u00f6chten - eine Mischung aus nat\u00fcrlicher Sch\u00f6nheit, moderner Eleganz und absoluter Privatsph\u00e4re, nur eine kurze Fahrt von Palma entfernt.","robots":{"index":"index","follow":"follow","max-snippet":"max-snippet:-1","max-image-preview":"max-image-preview:large","max-video-preview":"max-video-preview:-1"},"canonical":"https:\/\/luisferdinand.com\/de\/house-de\/villa-im-formentera-stil-auf-mallorca-ein-gefuhl-von-natur-und-privatsphare\/","og_locale":"de_DE","og_type":"article","og_title":"Villa im Formentera-Stil auf Mallorca - Ein Gef\u00fchl von Natur und Privatsph\u00e4re | Luis Ferdinand","og_description":"| Diese charmante Villa verk\u00f6rpert den entspannten, nat\u00fcrlichen Lebensstil Formenteras, eingebettet in die wundersch\u00f6ne Landschaft Mallorcas. Umgeben von einem sch\u00f6n angelegten Garten mit niedrigen mediterranen Pflanzen, bietet das Anwesen einen friedlichen und ruhigen R\u00fcckzugsort. In der Mitte des Gartens l\u00e4dt ein markanter t\u00fcrkisfarbener Pool zum Entspannen und Genie\u00dfen ein. Die Villa ist optimal angelegt und verf\u00fcgt \u00fcber nat\u00fcrliche Materialien wie elegante Holzt\u00fcren und mallorquinische Steinb\u00f6den. Der offene Wohnbereich mit hohen Decken und gro\u00dfen Fenstern durchflutet den Raum mit Licht und schafft eine helle und luftige Atmosph\u00e4re. Das Haupthaus verf\u00fcgt \u00fcber drei ger\u00e4umige Doppelschlafzimmer und zwei moderne B\u00e4der. Zus\u00e4tzlich bietet ein gem\u00fctlicher Loftbereich zus\u00e4tzlichen Platz. Ein besonderes Highlight ist das separate G\u00e4steapartment mit eigenem Schlafzimmer und Bad, ideal f\u00fcr die Familie oder G\u00e4ste, die Privatsph\u00e4re suchen. Die Villa wurde vor kurzem mit dem Fokus auf Nachhaltigkeit renoviert und ist mit einer Fu\u00dfbodenheizung, W\u00e4rmed\u00e4mmung und doppelt verglasten Fenstern ausgestattet. Alle Materialien wurden sorgf\u00e4ltig ausgew\u00e4hlt, um die Auswirkungen auf die Umwelt zu minimieren und gleichzeitig maximalen Komfort zu gew\u00e4hrleisten. Der Garten, der \u00fcber eine gro\u00dfe \u00fcberdachte Terrasse zug\u00e4nglich ist, ist mit einer Vielzahl von Pflanzen und Blumen geschm\u00fcckt und f\u00fcgt sich harmonisch in die umliegende Landschaft ein. Die Au\u00dfenbeleuchtung und das automatische Bew\u00e4sserungssystem unterstreichen das durchdachte Design. Diese Villa ist die perfekte Wahl f\u00fcr alle, die das Gef\u00fchl von Formentera auf Mallorca erleben m\u00f6chten - eine Mischung aus nat\u00fcrlicher Sch\u00f6nheit, moderner Eleganz und absoluter Privatsph\u00e4re, nur eine kurze Fahrt von Palma entfernt.","og_url":"https:\/\/luisferdinand.com\/de\/house-de\/villa-im-formentera-stil-auf-mallorca-ein-gefuhl-von-natur-und-privatsphare\/","og_site_name":"Luis Ferdinand","article_modified_time":"2024-10-04T16:51:28+00:00","og_image":[{"width":2560,"height":1479,"url":"https:\/\/luisferdinand.com\/wp-content\/uploads\/2024\/10\/Luis-Ferdinand-RE3-16-scaled.jpg","type":"image\/jpeg"}],"twitter_card":"summary_large_image","schema":{"@context":"https:\/\/schema.org","@graph":[{"@type":"WebPage","@id":"https:\/\/luisferdinand.com\/de\/house-de\/villa-im-formentera-stil-auf-mallorca-ein-gefuhl-von-natur-und-privatsphare\/","url":"https:\/\/luisferdinand.com\/de\/house-de\/villa-im-formentera-stil-auf-mallorca-ein-gefuhl-von-natur-und-privatsphare\/","name":"Villa im Formentera-Stil auf Mallorca - Ein Gef\u00fchl von Natur und Privatsph\u00e4re | Luis Ferdinand","isPartOf":{"@id":"https:\/\/luisferdinand.com\/de\/#website"},"primaryImageOfPage":{"@id":"https:\/\/luisferdinand.com\/de\/house-de\/villa-im-formentera-stil-auf-mallorca-ein-gefuhl-von-natur-und-privatsphare\/#primaryimage"},"image":{"@id":"https:\/\/luisferdinand.com\/de\/house-de\/villa-im-formentera-stil-auf-mallorca-ein-gefuhl-von-natur-und-privatsphare\/#primaryimage"},"thumbnailUrl":"https:\/\/luisferdinand.com\/wp-content\/uploads\/2024\/10\/Luis-Ferdinand-RE3-16-scaled.jpg","datePublished":"2024-10-04T16:47:32+00:00","dateModified":"2024-10-04T16:51:28+00:00","description":"| Diese charmante Villa verk\u00f6rpert den entspannten, nat\u00fcrlichen Lebensstil Formenteras, eingebettet in die wundersch\u00f6ne Landschaft Mallorcas. Umgeben von einem sch\u00f6n angelegten Garten mit niedrigen mediterranen Pflanzen, bietet das Anwesen einen friedlichen und ruhigen R\u00fcckzugsort. In der Mitte des Gartens l\u00e4dt ein markanter t\u00fcrkisfarbener Pool zum Entspannen und Genie\u00dfen ein. Die Villa ist optimal angelegt und verf\u00fcgt \u00fcber nat\u00fcrliche Materialien wie elegante Holzt\u00fcren und mallorquinische Steinb\u00f6den. Der offene Wohnbereich mit hohen Decken und gro\u00dfen Fenstern durchflutet den Raum mit Licht und schafft eine helle und luftige Atmosph\u00e4re. Das Haupthaus verf\u00fcgt \u00fcber drei ger\u00e4umige Doppelschlafzimmer und zwei moderne B\u00e4der. Zus\u00e4tzlich bietet ein gem\u00fctlicher Loftbereich zus\u00e4tzlichen Platz. Ein besonderes Highlight ist das separate G\u00e4steapartment mit eigenem Schlafzimmer und Bad, ideal f\u00fcr die Familie oder G\u00e4ste, die Privatsph\u00e4re suchen. Die Villa wurde vor kurzem mit dem Fokus auf Nachhaltigkeit renoviert und ist mit einer Fu\u00dfbodenheizung, W\u00e4rmed\u00e4mmung und doppelt verglasten Fenstern ausgestattet. Alle Materialien wurden sorgf\u00e4ltig ausgew\u00e4hlt, um die Auswirkungen auf die Umwelt zu minimieren und gleichzeitig maximalen Komfort zu gew\u00e4hrleisten. Der Garten, der \u00fcber eine gro\u00dfe \u00fcberdachte Terrasse zug\u00e4nglich ist, ist mit einer Vielzahl von Pflanzen und Blumen geschm\u00fcckt und f\u00fcgt sich harmonisch in die umliegende Landschaft ein. Die Au\u00dfenbeleuchtung und das automatische Bew\u00e4sserungssystem unterstreichen das durchdachte Design. Diese Villa ist die perfekte Wahl f\u00fcr alle, die das Gef\u00fchl von Formentera auf Mallorca erleben m\u00f6chten - eine Mischung aus nat\u00fcrlicher Sch\u00f6nheit, moderner Eleganz und absoluter Privatsph\u00e4re, nur eine kurze Fahrt von Palma entfernt.","breadcrumb":{"@id":"https:\/\/luisferdinand.com\/de\/house-de\/villa-im-formentera-stil-auf-mallorca-ein-gefuhl-von-natur-und-privatsphare\/#breadcrumb"},"inLanguage":"de","potentialAction":[{"@type":"ReadAction","target":["https:\/\/luisferdinand.com\/de\/house-de\/villa-im-formentera-stil-auf-mallorca-ein-gefuhl-von-natur-und-privatsphare\/"]}]},{"@type":"ImageObject","inLanguage":"de","@id":"https:\/\/luisferdinand.com\/de\/house-de\/villa-im-formentera-stil-auf-mallorca-ein-gefuhl-von-natur-und-privatsphare\/#primaryimage","url":"https:\/\/luisferdinand.com\/wp-content\/uploads\/2024\/10\/Luis-Ferdinand-RE3-16-scaled.jpg","contentUrl":"https:\/\/luisferdinand.com\/wp-content\/uploads\/2024\/10\/Luis-Ferdinand-RE3-16-scaled.jpg","width":2560,"height":1479},{"@type":"BreadcrumbList","@id":"https:\/\/luisferdinand.com\/de\/house-de\/villa-im-formentera-stil-auf-mallorca-ein-gefuhl-von-natur-und-privatsphare\/#breadcrumb","itemListElement":[{"@type":"ListItem","position":1,"name":"Portada","item":"https:\/\/luisferdinand.com\/de\/"},{"@type":"ListItem","position":2,"name":"House","item":"https:\/\/luisferdinand.com\/de\/house-de\/"},{"@type":"ListItem","position":3,"name":"Villa im Formentera-Stil auf Mallorca &#8211; Ein Gef\u00fchl von Natur und Privatsph\u00e4re"}]},{"@type":"WebSite","@id":"https:\/\/luisferdinand.com\/de\/#website","url":"https:\/\/luisferdinand.com\/de\/","name":"Luis Ferdinand","description":"Real estate in Mallorca","publisher":{"@id":"https:\/\/luisferdinand.com\/de\/#organization"},"potentialAction":[{"@type":"SearchAction","target":{"@type":"EntryPoint","urlTemplate":"https:\/\/luisferdinand.com\/de\/?s={search_term_string}"},"query-input":{"@type":"PropertyValueSpecification","valueRequired":true,"valueName":"search_term_string"}}],"inLanguage":"de"},{"@type":"Organization","@id":"https:\/\/luisferdinand.com\/de\/#organization","name":"Luis Ferdinand","url":"https:\/\/luisferdinand.com\/de\/","logo":{"@type":"ImageObject","inLanguage":"de","@id":"https:\/\/luisferdinand.com\/de\/#\/schema\/logo\/image\/","url":"https:\/\/luisferdinand.com\/wp-content\/uploads\/2023\/03\/cropped-favicon-1.png","contentUrl":"https:\/\/luisferdinand.com\/wp-content\/uploads\/2023\/03\/cropped-favicon-1.png","width":512,"height":512,"caption":"Luis Ferdinand"},"image":{"@id":"https:\/\/luisferdinand.com\/de\/#\/schema\/logo\/image\/"},"sameAs":["https:\/\/www.youtube.com\/@luisferdinandbock9962"]}]}},"_links":{"self":[{"href":"https:\/\/luisferdinand.com\/de\/wp-json\/wp\/v2\/house\/10181","targetHints":{"allow":["GET"]}}],"collection":[{"href":"https:\/\/luisferdinand.com\/de\/wp-json\/wp\/v2\/house"}],"about":[{"href":"https:\/\/luisferdinand.com\/de\/wp-json\/wp\/v2\/types\/house"}],"author":[{"embeddable":true,"href":"https:\/\/luisferdinand.com\/de\/wp-json\/wp\/v2\/users\/2"}],"version-history":[{"count":2,"href":"https:\/\/luisferdinand.com\/de\/wp-json\/wp\/v2\/house\/10181\/revisions"}],"predecessor-version":[{"id":10186,"href":"https:\/\/luisferdinand.com\/de\/wp-json\/wp\/v2\/house\/10181\/revisions\/10186"}],"wp:featuredmedia":[{"embeddable":true,"href":"https:\/\/luisferdinand.com\/de\/wp-json\/wp\/v2\/media\/10098"}],"wp:attachment":[{"href":"https:\/\/luisferdinand.com\/de\/wp-json\/wp\/v2\/media?parent=10181"}],"wp:term":[{"taxonomy":"salerent","embeddable":true,"href":"https:\/\/luisferdinand.com\/de\/wp-json\/wp\/v2\/salerent?post=10181"},{"taxonomy":"state","embeddable":true,"href":"https:\/\/luisferdinand.com\/de\/wp-json\/wp\/v2\/state?post=10181"}],"curies":[{"name":"wp","href":"https:\/\/api.w.org\/{rel}","templated":true}]}}